{"id":19003,"date":"2023-06-27T17:34:27","date_gmt":"2023-06-27T15:34:27","guid":{"rendered":"https:\/\/www.martel.ch\/cms\/?page_id=19003"},"modified":"2023-09-28T10:36:55","modified_gmt":"2023-09-28T08:36:55","slug":"die-besten-martel-stories","status":"publish","type":"page","link":"https:\/\/www.martel.ch\/cms\/events\/die-besten-martel-stories\/","title":{"rendered":"Die besten Martel-Stories"},"content":{"rendered":"","protected":false},"excerpt":{"rendered":"","protected":false},"author":1,"featured_media":19004,"parent":6365,"menu_order":3,"comment_status":"closed","ping_status":"closed","template":"","meta":{"_acf_changed":false,"inline_featured_image":false,"footnotes":""},"categories":[],"coauthors":[497],"class_list":["post-19003","page","type-page","status-publish","has-post-thumbnail","hentry"],"acf":{"inhaltselemente":[{"acf_fc_layout":"header","header_titel":"Ferien-Lekt\u00fcre","header_typ":"1","header_fake":false,"header_subtitle":"","header_alignment":"left"},{"acf_fc_layout":"einspalter_text","einspalter_text_titel":"","einspalter_text_titel_typ":"2","einspalter_text_titel_fake":false,"einspalter_text_subtitle":"","einspalter_text_content":"Wir bewegen uns in der Welt des Weins und erleben dabei viel Sch\u00f6nes und Spannendes. Auch lernen wir stets Neues kennen oder machen uns Gedanken zu verschiedenen Themen rund um den Wein. Diese Geschichten teilen wir gerne mit Ihnen.\r\n\r\nJetzt im Sommer pr\u00e4sentieren wir Ihnen unsere f\u00fcnf besten Stories zusammen mit 30 coolen Sommerweinen.\r\n\r\nF\u00fcr die Ferien-Lekt\u00fcre und den Wein w\u00e4re gesorgt. Dem Sommergl\u00fcck steht nichts mehr im Wege.","einspalter_bgcolor":false,"einspalter_layout_lines_top_bottom":false,"einspalter_collapse":false},{"acf_fc_layout":"image_image_text","image_image_text_titel_left":"I don't care about colour","image_image_text_titel_typ_left":"2","image_image_text_titel_fake_left":false,"image_image_text_link_left":{"title":"","url":"https:\/\/www.martel.ch\/cms\/2022\/04\/27\/weinfarbe-i-dont-care-about-colour\/","target":""},"image_image_text_link_left_area":false,"image_image_text_bild_left":18969,"image_image_text_content_left":"Weisswein ist nicht weiss, sondern gelb. Rotwein stammt von blauen Trauben. Bei deren Pressung entsteht jedoch ein fast durchsichtiger Saft. Es scheint, als sei die Farbpalette des Weins so unendlich gross wie seine Aromenvielfalt. Farbe f\u00fchrt oft zu Fehleinsch\u00e4tzungen. Wie man sich nicht t\u00e4uschen l\u00e4sst, erfahren Sie hier.","image_image_text_video_left":"","image_image_text_teaser_left":{"image_image_text_teaser_left_titel":"","image_image_text_teaser_left_titel_typ":"2","image_image_text_teaser_left_titel_fake":false,"image_image_text_teaser_left_link":""},"image_image_text_icon_left":"","image_image_text_icon_bg_left":"martel-rot","image_image_text_titel_right":"Blaue Z\u00e4hne vom roten Wein...","image_image_text_titel_typ_right":"2","image_image_text_titel_fake_right":false,"image_image_text_link_right":{"title":"","url":"https:\/\/www.martel.ch\/cms\/2022\/04\/06\/blaue-zaehne-vom-roten-wein-muessen-nicht-sein\/","target":""},"image_image_text_link_right_area":false,"image_image_text_bild_right":10408,"image_image_text_content_right":"...m\u00fcssen nicht sein. Wir haben beim Fachmann nachgefragt. Unser Hauszahnarzt Frank weiss, wie man mit ein paar Tricks blaue Z\u00e4hne beim Weintrinken verhindert. Weinwissen at its best. Die frischen Sommer-Rotweine d\u00fcrfen also kommen.","image_image_text_video_right":"","image_image_text_teaser_right":{"image_image_text_teaser_right_titel":"","image_image_text_teaser_right_titel_typ":"2","image_image_text_teaser_right_titel_fake":false,"image_image_text_teaser_right_link":""},"image_image_text_icon_right":"","image_image_text_icon_bg_right":"martel-rot","image_image_text_offset":true,"image_image_text_bgcolor":false},{"acf_fc_layout":"image_image_text","image_image_text_titel_left":"Ferienwein - so ist er auch zuhause fein.","image_image_text_titel_typ_left":"2","image_image_text_titel_fake_left":false,"image_image_text_link_left":{"title":"","url":"https:\/\/www.martel.ch\/cms\/2022\/08\/16\/ferienwein-so-ist-er-auch-zuhause-fein\/","target":""},"image_image_text_link_left_area":false,"image_image_text_bild_left":14679,"image_image_text_content_left":"In den Ferien schmeckt der Wein fast immer toll. Und es kommt vor, dass der gleiche Wein daheim entt\u00e4uscht. Wir liefern Erkl\u00e4rungen f\u00fcr das Ph\u00e4nomen und Tipps von Martel-Weinprofis, was man daf\u00fcr tun kann, damit der Genuss des Ferienweins ungetr\u00fcbt wiederholt werden kann.","image_image_text_video_left":"","image_image_text_teaser_left":{"image_image_text_teaser_left_titel":"","image_image_text_teaser_left_titel_typ":"2","image_image_text_teaser_left_titel_fake":false,"image_image_text_teaser_left_link":""},"image_image_text_icon_left":"","image_image_text_icon_bg_left":"martel-rot","image_image_text_titel_right":"Fettn\u00e4pfchen & Tods\u00fcnden im Umgang mit Wein","image_image_text_titel_typ_right":"2","image_image_text_titel_fake_right":false,"image_image_text_link_right":{"title":"","url":"https:\/\/www.martel.ch\/cms\/2021\/04\/06\/fettnaepfchen-und-todsuenden-im-umgang-mit-wein\/","target":""},"image_image_text_link_right_area":false,"image_image_text_bild_right":2206,"image_image_text_content_right":"Wein im Mixer bel\u00fcften? Ihn jahrelang im kuschelig warmen Wohnzimmer lagern? Und da war doch noch was mit dem Glas... Grunds\u00e4tzlich kann man im Umgang mit Wein nicht viel falsch machen. Und doch gibt es ein paar Dinge, die man nach M\u00f6glichkeit vermeiden sollte.","image_image_text_video_right":"","image_image_text_teaser_right":{"image_image_text_teaser_right_titel":"","image_image_text_teaser_right_titel_typ":"2","image_image_text_teaser_right_titel_fake":false,"image_image_text_teaser_right_link":""},"image_image_text_icon_right":"","image_image_text_icon_bg_right":"martel-rot","image_image_text_offset":true,"image_image_text_bgcolor":false},{"acf_fc_layout":"image_image_text","image_image_text_titel_left":"Unsere kleinen Weinwunder","image_image_text_titel_typ_left":"2","image_image_text_titel_fake_left":false,"image_image_text_link_left":{"title":"","url":"https:\/\/www.martel.ch\/cms\/2022\/05\/17\/unsere-kleinen-weinwunder\/","target":""},"image_image_text_link_left_area":false,"image_image_text_bild_left":13203,"image_image_text_content_left":"Wer von Wundern spricht, meint ein erstaunliches Ereignis. Wir Martel-Mitarbeiterinnen und Mitarbeiter erleben manchmal schon fast magische Geschichten im Zusammenhang mit Wein. Es sind unsere kleinen Weinwunder, von denen wir hier einige erz\u00e4hlen.","image_image_text_video_left":"","image_image_text_teaser_left":{"image_image_text_teaser_left_titel":"","image_image_text_teaser_left_titel_typ":"2","image_image_text_teaser_left_titel_fake":false,"image_image_text_teaser_left_link":""},"image_image_text_icon_left":"","image_image_text_icon_bg_left":"martel-rot","image_image_text_titel_right":"Sommerweine","image_image_text_titel_typ_right":"2","image_image_text_titel_fake_right":false,"image_image_text_link_right":"","image_image_text_link_right_area":false,"image_image_text_bild_right":19068,"image_image_text_content_right":"Passend zur Wein-Lekt\u00fcre: Geniessen Sie ein Glas aus unserer Sommeraktion, mit 30 Weinen, die mit dem Sommer um die Wette strahlen. Wir bevorzugen in der warmen und heissen Jahreszeit Wein mit Frische und Frucht, so wie wir sie in dieser Aktion anbieten.\r\n\r\n<strong>Diese Aktion ist abgelaufen.<\/strong>","image_image_text_video_right":"","image_image_text_teaser_right":{"image_image_text_teaser_right_titel":"","image_image_text_teaser_right_titel_typ":"2","image_image_text_teaser_right_titel_fake":false,"image_image_text_teaser_right_link":""},"image_image_text_icon_right":"","image_image_text_icon_bg_right":"martel-rot","image_image_text_offset":true,"image_image_text_bgcolor":false},{"acf_fc_layout":"image_image_text","image_image_text_titel_left":"","image_image_text_titel_typ_left":"2","image_image_text_titel_fake_left":false,"image_image_text_link_left":"","image_image_text_link_left_area":false,"image_image_text_bild_left":"","image_image_text_content_left":"<a class=\"btn btn-primary\" href=\"https:\/\/www.martel.ch\/cms\/news-events\/stories\/\">Alle Martel-Stories<\/a>","image_image_text_video_left":"","image_image_text_teaser_left":{"image_image_text_teaser_left_titel":"","image_image_text_teaser_left_titel_typ":"2","image_image_text_teaser_left_titel_fake":false,"image_image_text_teaser_left_link":""},"image_image_text_icon_left":"","image_image_text_icon_bg_left":"martel-rot","image_image_text_titel_right":"","image_image_text_titel_typ_right":"2","image_image_text_titel_fake_right":false,"image_image_text_link_right":"","image_image_text_link_right_area":false,"image_image_text_bild_right":"","image_image_text_content_right":"","image_image_text_video_right":"","image_image_text_teaser_right":{"image_image_text_teaser_right_titel":"","image_image_text_teaser_right_titel_typ":"2","image_image_text_teaser_right_titel_fake":false,"image_image_text_teaser_right_link":""},"image_image_text_icon_right":"","image_image_text_icon_bg_right":"martel-rot","image_image_text_offset":false,"image_image_text_bgcolor":false}]},"yoast_head":"<!-- This site is optimized with the Yoast SEO plugin v27.4 - https:\/\/yoast.com\/product\/yoast-seo-wordpress\/ -->\n<title>Die besten Martel-Stories | Martel Weine St.Gallen und Z\u00fcrich<\/title>\n<meta name=\"description\" content=\"Jetzt im Sommer pr\u00e4sentieren wir Ihnen unsere f\u00fcnf besten Stories zusammen mit coolen Sommerweinen. Ferien-Lekt\u00fcre f\u00fcr Wein-Freunde.\" \/>\n<meta name=\"robots\" content=\"index, follow, max-snippet:-1, max-image-preview:large, max-video-preview:-1\" \/>\n<link rel=\"canonical\" href=\"https:\/\/www.martel.ch\/cms\/events\/die-besten-martel-stories\/\" \/>\n<meta property=\"og:locale\" content=\"de_DE\" \/>\n<meta property=\"og:type\" content=\"article\" \/>\n<meta property=\"og:title\" content=\"Die besten Martel-Stories | Martel Weine St.Gallen und Z\u00fcrich\" \/>\n<meta property=\"og:description\" content=\"Jetzt im Sommer pr\u00e4sentieren wir Ihnen unsere f\u00fcnf besten Stories zusammen mit coolen Sommerweinen. Ferien-Lekt\u00fcre f\u00fcr Wein-Freunde.\" \/>\n<meta property=\"og:url\" content=\"https:\/\/www.martel.ch\/cms\/events\/die-besten-martel-stories\/\" \/>\n<meta property=\"og:site_name\" content=\"Martel\" \/>\n<meta property=\"article:publisher\" content=\"https:\/\/www.facebook.com\/pages\/Martel-AG-St-Gallen\/233396026691876\" \/>\n<meta property=\"article:modified_time\" content=\"2023-09-28T08:36:55+00:00\" \/>\n<meta property=\"og:image\" content=\"https:\/\/www.martel.ch\/cms\/wp-content\/uploads\/2023\/06\/2023_06_Beste_Stories.jpg\" \/>\n\t<meta property=\"og:image:width\" content=\"2000\" \/>\n\t<meta property=\"og:image:height\" content=\"1333\" \/>\n\t<meta property=\"og:image:type\" content=\"image\/jpeg\" \/>\n<meta name=\"twitter:card\" content=\"summary_large_image\" \/>\n<meta name=\"twitter:site\" content=\"@martel_weinwelt\" \/>\n<meta name=\"twitter:label1\" content=\"Written by\" \/>\n\t<meta name=\"twitter:data1\" content=\"Martel Weinwelt\" \/>\n<script type=\"application\/ld+json\" class=\"yoast-schema-graph\">{\"@context\":\"https:\\\/\\\/schema.org\",\"@graph\":[{\"@type\":\"WebPage\",\"@id\":\"https:\\\/\\\/www.martel.ch\\\/cms\\\/events\\\/die-besten-martel-stories\\\/\",\"url\":\"https:\\\/\\\/www.martel.ch\\\/cms\\\/events\\\/die-besten-martel-stories\\\/\",\"name\":\"Die besten Martel-Stories | Martel Weine St.Gallen und Z\u00fcrich\",\"isPartOf\":{\"@id\":\"https:\\\/\\\/www.martel.ch\\\/cms\\\/#website\"},\"primaryImageOfPage\":{\"@id\":\"https:\\\/\\\/www.martel.ch\\\/cms\\\/events\\\/die-besten-martel-stories\\\/#primaryimage\"},\"image\":{\"@id\":\"https:\\\/\\\/www.martel.ch\\\/cms\\\/events\\\/die-besten-martel-stories\\\/#primaryimage\"},\"thumbnailUrl\":\"https:\\\/\\\/www.martel.ch\\\/cms\\\/wp-content\\\/uploads\\\/2023\\\/06\\\/2023_06_Beste_Stories.jpg\",\"datePublished\":\"2023-06-27T15:34:27+00:00\",\"dateModified\":\"2023-09-28T08:36:55+00:00\",\"description\":\"Jetzt im Sommer pr\u00e4sentieren wir Ihnen unsere f\u00fcnf besten Stories zusammen mit coolen Sommerweinen. Ferien-Lekt\u00fcre f\u00fcr Wein-Freunde.\",\"breadcrumb\":{\"@id\":\"https:\\\/\\\/www.martel.ch\\\/cms\\\/events\\\/die-besten-martel-stories\\\/#breadcrumb\"},\"inLanguage\":\"de-CH\",\"potentialAction\":[{\"@type\":\"ReadAction\",\"target\":[\"https:\\\/\\\/www.martel.ch\\\/cms\\\/events\\\/die-besten-martel-stories\\\/\"]}]},{\"@type\":\"ImageObject\",\"inLanguage\":\"de-CH\",\"@id\":\"https:\\\/\\\/www.martel.ch\\\/cms\\\/events\\\/die-besten-martel-stories\\\/#primaryimage\",\"url\":\"https:\\\/\\\/www.martel.ch\\\/cms\\\/wp-content\\\/uploads\\\/2023\\\/06\\\/2023_06_Beste_Stories.jpg\",\"contentUrl\":\"https:\\\/\\\/www.martel.ch\\\/cms\\\/wp-content\\\/uploads\\\/2023\\\/06\\\/2023_06_Beste_Stories.jpg\",\"width\":2000,\"height\":1333,\"caption\":\"Beste Stories\"},{\"@type\":\"BreadcrumbList\",\"@id\":\"https:\\\/\\\/www.martel.ch\\\/cms\\\/events\\\/die-besten-martel-stories\\\/#breadcrumb\",\"itemListElement\":[{\"@type\":\"ListItem\",\"position\":1,\"name\":\"Startseite\",\"item\":\"https:\\\/\\\/www.martel.ch\\\/cms\\\/\"},{\"@type\":\"ListItem\",\"position\":2,\"name\":\"Events\",\"item\":\"https:\\\/\\\/www.martel.ch\\\/cms\\\/events\\\/\"},{\"@type\":\"ListItem\",\"position\":3,\"name\":\"Die besten Martel-Stories\"}]},{\"@type\":\"WebSite\",\"@id\":\"https:\\\/\\\/www.martel.ch\\\/cms\\\/#website\",\"url\":\"https:\\\/\\\/www.martel.ch\\\/cms\\\/\",\"name\":\"Martel\",\"description\":\"F\u00fcr Weinbegeisterte und die, die es werden m\u00f6chten.\",\"publisher\":{\"@id\":\"https:\\\/\\\/www.martel.ch\\\/cms\\\/#organization\"},\"potentialAction\":[{\"@type\":\"SearchAction\",\"target\":{\"@type\":\"EntryPoint\",\"urlTemplate\":\"https:\\\/\\\/www.martel.ch\\\/cms\\\/?s={search_term_string}\"},\"query-input\":{\"@type\":\"PropertyValueSpecification\",\"valueRequired\":true,\"valueName\":\"search_term_string\"}}],\"inLanguage\":\"de-CH\"},{\"@type\":\"Organization\",\"@id\":\"https:\\\/\\\/www.martel.ch\\\/cms\\\/#organization\",\"name\":\"Martel AG St.Gallen\",\"url\":\"https:\\\/\\\/www.martel.ch\\\/cms\\\/\",\"logo\":{\"@type\":\"ImageObject\",\"inLanguage\":\"de-CH\",\"@id\":\"https:\\\/\\\/www.martel.ch\\\/cms\\\/#\\\/schema\\\/logo\\\/image\\\/\",\"url\":\"https:\\\/\\\/www.martel.ch\\\/cms\\\/wp-content\\\/uploads\\\/2019\\\/02\\\/martel-logo.png\",\"contentUrl\":\"https:\\\/\\\/www.martel.ch\\\/cms\\\/wp-content\\\/uploads\\\/2019\\\/02\\\/martel-logo.png\",\"width\":600,\"height\":600,\"caption\":\"Martel AG St.Gallen\"},\"image\":{\"@id\":\"https:\\\/\\\/www.martel.ch\\\/cms\\\/#\\\/schema\\\/logo\\\/image\\\/\"},\"sameAs\":[\"https:\\\/\\\/www.facebook.com\\\/pages\\\/Martel-AG-St-Gallen\\\/233396026691876\",\"https:\\\/\\\/x.com\\\/martel_weinwelt\",\"https:\\\/\\\/www.instagram.com\\\/martel_weinwelt\\\/\",\"https:\\\/\\\/www.linkedin.com\\\/company\\\/martel-ag-st-gallen\",\"https:\\\/\\\/www.pinterest.ch\\\/martel_weinwelt\"]}]}<\/script>\n<!-- \/ Yoast SEO plugin. -->","yoast_head_json":{"title":"Die besten Martel-Stories | Martel Weine St.Gallen und Z\u00fcrich","description":"Jetzt im Sommer pr\u00e4sentieren wir Ihnen unsere f\u00fcnf besten Stories zusammen mit coolen Sommerweinen. Ferien-Lekt\u00fcre f\u00fcr Wein-Freunde.","robots":{"index":"index","follow":"follow","max-snippet":"max-snippet:-1","max-image-preview":"max-image-preview:large","max-video-preview":"max-video-preview:-1"},"canonical":"https:\/\/www.martel.ch\/cms\/events\/die-besten-martel-stories\/","og_locale":"de_DE","og_type":"article","og_title":"Die besten Martel-Stories | Martel Weine St.Gallen und Z\u00fcrich","og_description":"Jetzt im Sommer pr\u00e4sentieren wir Ihnen unsere f\u00fcnf besten Stories zusammen mit coolen Sommerweinen. Ferien-Lekt\u00fcre f\u00fcr Wein-Freunde.","og_url":"https:\/\/www.martel.ch\/cms\/events\/die-besten-martel-stories\/","og_site_name":"Martel","article_publisher":"https:\/\/www.facebook.com\/pages\/Martel-AG-St-Gallen\/233396026691876","article_modified_time":"2023-09-28T08:36:55+00:00","og_image":[{"width":2000,"height":1333,"url":"https:\/\/www.martel.ch\/cms\/wp-content\/uploads\/2023\/06\/2023_06_Beste_Stories.jpg","type":"image\/jpeg"}],"twitter_card":"summary_large_image","twitter_site":"@martel_weinwelt","twitter_misc":{"Written by":"Martel Weinwelt"},"schema":{"@context":"https:\/\/schema.org","@graph":[{"@type":"WebPage","@id":"https:\/\/www.martel.ch\/cms\/events\/die-besten-martel-stories\/","url":"https:\/\/www.martel.ch\/cms\/events\/die-besten-martel-stories\/","name":"Die besten Martel-Stories | Martel Weine St.Gallen und Z\u00fcrich","isPartOf":{"@id":"https:\/\/www.martel.ch\/cms\/#website"},"primaryImageOfPage":{"@id":"https:\/\/www.martel.ch\/cms\/events\/die-besten-martel-stories\/#primaryimage"},"image":{"@id":"https:\/\/www.martel.ch\/cms\/events\/die-besten-martel-stories\/#primaryimage"},"thumbnailUrl":"https:\/\/www.martel.ch\/cms\/wp-content\/uploads\/2023\/06\/2023_06_Beste_Stories.jpg","datePublished":"2023-06-27T15:34:27+00:00","dateModified":"2023-09-28T08:36:55+00:00","description":"Jetzt im Sommer pr\u00e4sentieren wir Ihnen unsere f\u00fcnf besten Stories zusammen mit coolen Sommerweinen. Ferien-Lekt\u00fcre f\u00fcr Wein-Freunde.","breadcrumb":{"@id":"https:\/\/www.martel.ch\/cms\/events\/die-besten-martel-stories\/#breadcrumb"},"inLanguage":"de-CH","potentialAction":[{"@type":"ReadAction","target":["https:\/\/www.martel.ch\/cms\/events\/die-besten-martel-stories\/"]}]},{"@type":"ImageObject","inLanguage":"de-CH","@id":"https:\/\/www.martel.ch\/cms\/events\/die-besten-martel-stories\/#primaryimage","url":"https:\/\/www.martel.ch\/cms\/wp-content\/uploads\/2023\/06\/2023_06_Beste_Stories.jpg","contentUrl":"https:\/\/www.martel.ch\/cms\/wp-content\/uploads\/2023\/06\/2023_06_Beste_Stories.jpg","width":2000,"height":1333,"caption":"Beste Stories"},{"@type":"BreadcrumbList","@id":"https:\/\/www.martel.ch\/cms\/events\/die-besten-martel-stories\/#breadcrumb","itemListElement":[{"@type":"ListItem","position":1,"name":"Startseite","item":"https:\/\/www.martel.ch\/cms\/"},{"@type":"ListItem","position":2,"name":"Events","item":"https:\/\/www.martel.ch\/cms\/events\/"},{"@type":"ListItem","position":3,"name":"Die besten Martel-Stories"}]},{"@type":"WebSite","@id":"https:\/\/www.martel.ch\/cms\/#website","url":"https:\/\/www.martel.ch\/cms\/","name":"Martel","description":"F\u00fcr Weinbegeisterte und die, die es werden m\u00f6chten.","publisher":{"@id":"https:\/\/www.martel.ch\/cms\/#organization"},"potentialAction":[{"@type":"SearchAction","target":{"@type":"EntryPoint","urlTemplate":"https:\/\/www.martel.ch\/cms\/?s={search_term_string}"},"query-input":{"@type":"PropertyValueSpecification","valueRequired":true,"valueName":"search_term_string"}}],"inLanguage":"de-CH"},{"@type":"Organization","@id":"https:\/\/www.martel.ch\/cms\/#organization","name":"Martel AG St.Gallen","url":"https:\/\/www.martel.ch\/cms\/","logo":{"@type":"ImageObject","inLanguage":"de-CH","@id":"https:\/\/www.martel.ch\/cms\/#\/schema\/logo\/image\/","url":"https:\/\/www.martel.ch\/cms\/wp-content\/uploads\/2019\/02\/martel-logo.png","contentUrl":"https:\/\/www.martel.ch\/cms\/wp-content\/uploads\/2019\/02\/martel-logo.png","width":600,"height":600,"caption":"Martel AG St.Gallen"},"image":{"@id":"https:\/\/www.martel.ch\/cms\/#\/schema\/logo\/image\/"},"sameAs":["https:\/\/www.facebook.com\/pages\/Martel-AG-St-Gallen\/233396026691876","https:\/\/x.com\/martel_weinwelt","https:\/\/www.instagram.com\/martel_weinwelt\/","https:\/\/www.linkedin.com\/company\/martel-ag-st-gallen","https:\/\/www.pinterest.ch\/martel_weinwelt"]}]}},"_links":{"self":[{"href":"https:\/\/www.martel.ch\/cms\/wp-json\/wp\/v2\/pages\/19003","targetHints":{"allow":["GET"]}}],"collection":[{"href":"https:\/\/www.martel.ch\/cms\/wp-json\/wp\/v2\/pages"}],"about":[{"href":"https:\/\/www.martel.ch\/cms\/wp-json\/wp\/v2\/types\/page"}],"author":[{"embeddable":true,"href":"https:\/\/www.martel.ch\/cms\/wp-json\/wp\/v2\/users\/1"}],"replies":[{"embeddable":true,"href":"https:\/\/www.martel.ch\/cms\/wp-json\/wp\/v2\/comments?post=19003"}],"version-history":[{"count":22,"href":"https:\/\/www.martel.ch\/cms\/wp-json\/wp\/v2\/pages\/19003\/revisions"}],"predecessor-version":[{"id":20288,"href":"https:\/\/www.martel.ch\/cms\/wp-json\/wp\/v2\/pages\/19003\/revisions\/20288"}],"up":[{"embeddable":true,"href":"https:\/\/www.martel.ch\/cms\/wp-json\/wp\/v2\/pages\/6365"}],"wp:featuredmedia":[{"embeddable":true,"href":"https:\/\/www.martel.ch\/cms\/wp-json\/wp\/v2\/media\/19004"}],"wp:attachment":[{"href":"https:\/\/www.martel.ch\/cms\/wp-json\/wp\/v2\/media?parent=19003"}],"wp:term":[{"taxonomy":"category","embeddable":true,"href":"https:\/\/www.martel.ch\/cms\/wp-json\/wp\/v2\/categories?post=19003"},{"taxonomy":"author","embeddable":true,"href":"https:\/\/www.martel.ch\/cms\/wp-json\/wp\/v2\/coauthors?post=19003"}],"curies":[{"name":"wp","href":"https:\/\/api.w.org\/{rel}","templated":true}]}}