{"id":21193,"date":"2023-11-21T10:29:36","date_gmt":"2023-11-21T09:29:36","guid":{"rendered":"https:\/\/www.martel.ch\/cms\/?page_id=21193"},"modified":"2026-04-20T10:30:00","modified_gmt":"2026-04-20T08:30:00","slug":"medien","status":"publish","type":"page","link":"https:\/\/www.martel.ch\/cms\/martel\/medien\/","title":{"rendered":"Medien"},"content":{"rendered":"","protected":false},"excerpt":{"rendered":"","protected":false},"author":1,"featured_media":7460,"parent":6363,"menu_order":0,"comment_status":"closed","ping_status":"closed","template":"","meta":{"_acf_changed":false,"inline_featured_image":false,"footnotes":""},"categories":[],"coauthors":[497],"class_list":["post-21193","page","type-page","status-publish","has-post-thumbnail","hentry"],"acf":{"inhaltselemente":[{"acf_fc_layout":"einspalter_text","einspalter_text_titel":"Medien","einspalter_text_titel_typ":"1","einspalter_text_titel_fake":false,"einspalter_text_subtitle":"","einspalter_text_content":"Martel ist im Gespr\u00e4ch. Regelm\u00e4ssig berichten die Medien \u00fcber unser Unternehmen, unsere Weine und Weing\u00fcter. Das ist erfreulich. Den aktuellsten Stand gibt es jeweils hier. Lesen Sie unsere Medienmitteilungen und entdecken Sie, was sonst noch \u00fcber Martel in den Medien berichtet wurde. St\u00f6bern lohnt sich.","einspalter_bgcolor":false,"einspalter_layout_lines_top_bottom":false,"einspalter_collapse":false},{"acf_fc_layout":"header","header_titel":"Medienmitteilungen","header_typ":"2","header_fake":false,"header_subtitle":"","header_alignment":"left"},{"acf_fc_layout":"image_text_three_column","image_text_three_column_titel_left":"Schweizer Weinhandel 2026<br>Ausblick & Trends","image_text_three_column_titel_typ_left":"3","image_text_three_column_titel_fake_left":false,"image_text_three_column_link_left":{"title":"","url":"https:\/\/www.martel.ch\/cms\/2026\/01\/28\/schweizer-weinhandel-2025-26-aktuelles-trends\/","target":""},"image_text_three_column_link_left_area":false,"image_text_three_column_bild_left":32280,"image_text_three_column_content_left":"Januar 2026","image_text_three_column_video_left":"","image_text_three_column_titel_center":"Ch\u00e2teau Lafleur<br>Appellation ad\u00e9","image_text_three_column_titel_typ_center":"3","image_text_three_column_titel_fake_center":false,"image_text_three_column_link_center":{"title":"","url":"https:\/\/www.martel.ch\/cms\/weinwissen\/im-fokus-bordeaux\/chateau-lafleur\/","target":""},"image_text_three_column_link_center_area":false,"image_text_three_column_bild_center":31206,"image_text_three_column_content_center":"Oktober 2025","image_text_three_column_video_center":"","image_text_three_column_titel_right":"Champagner-\u00dcberflieger Ulysse Collin neu im Martel-Sortiment","image_text_three_column_titel_typ_right":"2","image_text_three_column_titel_fake_right":false,"image_text_three_column_link_right":{"title":"","url":"https:\/\/www.martel.ch\/cms\/news-events\/ulysse-collin-neu-im-martel-sortiment\/","target":""},"image_text_three_column_link_right_area":false,"image_text_three_column_bild_right":23059,"image_text_three_column_content_right":"M\u00e4rz 2024","image_text_three_column_video_right":"","image_text_three_column_bgcolor":false},{"acf_fc_layout":"einspalter_text","einspalter_text_titel":"","einspalter_text_titel_typ":"2","einspalter_text_titel_fake":false,"einspalter_text_subtitle":"","einspalter_text_content":"<a class=\"btn btn-primary\" href=\"https:\/\/www.martel.ch\/cms\/news-events\/pr-media\/archiv-pr-media\/\">Archiv Medienmitteilungen<\/a>","einspalter_bgcolor":false,"einspalter_layout_lines_top_bottom":false,"einspalter_collapse":false},{"acf_fc_layout":"einspalter_text","einspalter_text_titel":"Martel-Ansprechpartner","einspalter_text_titel_typ":"2","einspalter_text_titel_fake":false,"einspalter_text_subtitle":"","einspalter_text_content":"<div>\r\n<div class=\"elementToProof\"><b>J\u00fcrg Aegerter<\/b><\/div>\r\n<\/div>\r\n<div>\r\n<div class=\"elementToProof\">Weinredaktion<\/div>\r\n<\/div>\r\n<div>\r\n<div class=\"elementToProof\">076 585 17 33<\/div>\r\n<\/div>\r\n<div>\r\n<div class=\"elementToProof\"><a title=\"mailto:aegerter@martel.ch\" contenteditable=\"false\" href=\"mailto:aegerter@martel.ch\">aegerter@martel.ch<\/a><\/div>\r\n<\/div>","einspalter_bgcolor":false,"einspalter_layout_lines_top_bottom":false,"einspalter_collapse":false}]},"yoast_head":"<!-- This site is optimized with the Yoast SEO plugin v27.5 - https:\/\/yoast.com\/product\/yoast-seo-wordpress\/ -->\n<title>Medien | Martel Weine St.Gallen und Z\u00fcrich<\/title>\n<meta name=\"description\" content=\"Weingeschichten. Lesen Sie unsere Medienmitteilungen und entdecken Sie, was sonst noch \u00fcber Martel in den Medien berichtet wurde.\" \/>\n<meta name=\"robots\" content=\"index, follow, max-snippet:-1, max-image-preview:large, max-video-preview:-1\" \/>\n<link rel=\"canonical\" href=\"https:\/\/www.martel.ch\/cms\/martel\/medien\/\" \/>\n<meta property=\"og:locale\" content=\"de_DE\" \/>\n<meta property=\"og:type\" content=\"article\" \/>\n<meta property=\"og:title\" content=\"Medien | Martel Weine St.Gallen und Z\u00fcrich\" \/>\n<meta property=\"og:description\" content=\"Weingeschichten. Lesen Sie unsere Medienmitteilungen und entdecken Sie, was sonst noch \u00fcber Martel in den Medien berichtet wurde.\" \/>\n<meta property=\"og:url\" content=\"https:\/\/www.martel.ch\/cms\/martel\/medien\/\" \/>\n<meta property=\"og:site_name\" content=\"Martel\" \/>\n<meta property=\"article:publisher\" content=\"https:\/\/www.facebook.com\/pages\/Martel-AG-St-Gallen\/233396026691876\" \/>\n<meta property=\"article:modified_time\" content=\"2026-04-20T08:30:00+00:00\" \/>\n<meta property=\"og:image\" content=\"https:\/\/www.martel.ch\/cms\/wp-content\/uploads\/2022\/04\/jan-martel-01.jpg\" \/>\n\t<meta property=\"og:image:width\" content=\"2000\" \/>\n\t<meta property=\"og:image:height\" content=\"1333\" \/>\n\t<meta property=\"og:image:type\" content=\"image\/jpeg\" \/>\n<meta name=\"twitter:card\" content=\"summary_large_image\" \/>\n<meta name=\"twitter:site\" content=\"@martel_weinwelt\" \/>\n<meta name=\"twitter:label1\" content=\"Written by\" \/>\n\t<meta name=\"twitter:data1\" content=\"Martel Weinwelt\" \/>\n<script type=\"application\/ld+json\" class=\"yoast-schema-graph\">{\"@context\":\"https:\\\/\\\/schema.org\",\"@graph\":[{\"@type\":\"WebPage\",\"@id\":\"https:\\\/\\\/www.martel.ch\\\/cms\\\/martel\\\/medien\\\/\",\"url\":\"https:\\\/\\\/www.martel.ch\\\/cms\\\/martel\\\/medien\\\/\",\"name\":\"Medien | Martel Weine St.Gallen und Z\u00fcrich\",\"isPartOf\":{\"@id\":\"https:\\\/\\\/www.martel.ch\\\/cms\\\/#website\"},\"primaryImageOfPage\":{\"@id\":\"https:\\\/\\\/www.martel.ch\\\/cms\\\/martel\\\/medien\\\/#primaryimage\"},\"image\":{\"@id\":\"https:\\\/\\\/www.martel.ch\\\/cms\\\/martel\\\/medien\\\/#primaryimage\"},\"thumbnailUrl\":\"https:\\\/\\\/www.martel.ch\\\/cms\\\/wp-content\\\/uploads\\\/2022\\\/04\\\/jan-martel-01.jpg\",\"datePublished\":\"2023-11-21T09:29:36+00:00\",\"dateModified\":\"2026-04-20T08:30:00+00:00\",\"description\":\"Weingeschichten. Lesen Sie unsere Medienmitteilungen und entdecken Sie, was sonst noch \u00fcber Martel in den Medien berichtet wurde.\",\"breadcrumb\":{\"@id\":\"https:\\\/\\\/www.martel.ch\\\/cms\\\/martel\\\/medien\\\/#breadcrumb\"},\"inLanguage\":\"de-CH\",\"potentialAction\":[{\"@type\":\"ReadAction\",\"target\":[\"https:\\\/\\\/www.martel.ch\\\/cms\\\/martel\\\/medien\\\/\"]}]},{\"@type\":\"ImageObject\",\"inLanguage\":\"de-CH\",\"@id\":\"https:\\\/\\\/www.martel.ch\\\/cms\\\/martel\\\/medien\\\/#primaryimage\",\"url\":\"https:\\\/\\\/www.martel.ch\\\/cms\\\/wp-content\\\/uploads\\\/2022\\\/04\\\/jan-martel-01.jpg\",\"contentUrl\":\"https:\\\/\\\/www.martel.ch\\\/cms\\\/wp-content\\\/uploads\\\/2022\\\/04\\\/jan-martel-01.jpg\",\"width\":2000,\"height\":1333,\"caption\":\"Genusspunkte St.Gallen & Z\u00fcrich\"},{\"@type\":\"BreadcrumbList\",\"@id\":\"https:\\\/\\\/www.martel.ch\\\/cms\\\/martel\\\/medien\\\/#breadcrumb\",\"itemListElement\":[{\"@type\":\"ListItem\",\"position\":1,\"name\":\"Startseite\",\"item\":\"https:\\\/\\\/www.martel.ch\\\/cms\\\/\"},{\"@type\":\"ListItem\",\"position\":2,\"name\":\"Martel\",\"item\":\"https:\\\/\\\/www.martel.ch\\\/cms\\\/martel\\\/\"},{\"@type\":\"ListItem\",\"position\":3,\"name\":\"Medien\"}]},{\"@type\":\"WebSite\",\"@id\":\"https:\\\/\\\/www.martel.ch\\\/cms\\\/#website\",\"url\":\"https:\\\/\\\/www.martel.ch\\\/cms\\\/\",\"name\":\"Martel\",\"description\":\"F\u00fcr Weinbegeisterte und die, die es werden m\u00f6chten.\",\"publisher\":{\"@id\":\"https:\\\/\\\/www.martel.ch\\\/cms\\\/#organization\"},\"potentialAction\":[{\"@type\":\"SearchAction\",\"target\":{\"@type\":\"EntryPoint\",\"urlTemplate\":\"https:\\\/\\\/www.martel.ch\\\/cms\\\/?s={search_term_string}\"},\"query-input\":{\"@type\":\"PropertyValueSpecification\",\"valueRequired\":true,\"valueName\":\"search_term_string\"}}],\"inLanguage\":\"de-CH\"},{\"@type\":\"Organization\",\"@id\":\"https:\\\/\\\/www.martel.ch\\\/cms\\\/#organization\",\"name\":\"Martel AG St.Gallen\",\"url\":\"https:\\\/\\\/www.martel.ch\\\/cms\\\/\",\"logo\":{\"@type\":\"ImageObject\",\"inLanguage\":\"de-CH\",\"@id\":\"https:\\\/\\\/www.martel.ch\\\/cms\\\/#\\\/schema\\\/logo\\\/image\\\/\",\"url\":\"https:\\\/\\\/www.martel.ch\\\/cms\\\/wp-content\\\/uploads\\\/2019\\\/02\\\/martel-logo.png\",\"contentUrl\":\"https:\\\/\\\/www.martel.ch\\\/cms\\\/wp-content\\\/uploads\\\/2019\\\/02\\\/martel-logo.png\",\"width\":600,\"height\":600,\"caption\":\"Martel AG St.Gallen\"},\"image\":{\"@id\":\"https:\\\/\\\/www.martel.ch\\\/cms\\\/#\\\/schema\\\/logo\\\/image\\\/\"},\"sameAs\":[\"https:\\\/\\\/www.facebook.com\\\/pages\\\/Martel-AG-St-Gallen\\\/233396026691876\",\"https:\\\/\\\/x.com\\\/martel_weinwelt\",\"https:\\\/\\\/www.instagram.com\\\/martel_weinwelt\\\/\",\"https:\\\/\\\/www.linkedin.com\\\/company\\\/martel-ag-st-gallen\",\"https:\\\/\\\/www.pinterest.ch\\\/martel_weinwelt\"]}]}<\/script>\n<!-- \/ Yoast SEO plugin. -->","yoast_head_json":{"title":"Medien | Martel Weine St.Gallen und Z\u00fcrich","description":"Weingeschichten. Lesen Sie unsere Medienmitteilungen und entdecken Sie, was sonst noch \u00fcber Martel in den Medien berichtet wurde.","robots":{"index":"index","follow":"follow","max-snippet":"max-snippet:-1","max-image-preview":"max-image-preview:large","max-video-preview":"max-video-preview:-1"},"canonical":"https:\/\/www.martel.ch\/cms\/martel\/medien\/","og_locale":"de_DE","og_type":"article","og_title":"Medien | Martel Weine St.Gallen und Z\u00fcrich","og_description":"Weingeschichten. Lesen Sie unsere Medienmitteilungen und entdecken Sie, was sonst noch \u00fcber Martel in den Medien berichtet wurde.","og_url":"https:\/\/www.martel.ch\/cms\/martel\/medien\/","og_site_name":"Martel","article_publisher":"https:\/\/www.facebook.com\/pages\/Martel-AG-St-Gallen\/233396026691876","article_modified_time":"2026-04-20T08:30:00+00:00","og_image":[{"width":2000,"height":1333,"url":"https:\/\/www.martel.ch\/cms\/wp-content\/uploads\/2022\/04\/jan-martel-01.jpg","type":"image\/jpeg"}],"twitter_card":"summary_large_image","twitter_site":"@martel_weinwelt","twitter_misc":{"Written by":"Martel Weinwelt"},"schema":{"@context":"https:\/\/schema.org","@graph":[{"@type":"WebPage","@id":"https:\/\/www.martel.ch\/cms\/martel\/medien\/","url":"https:\/\/www.martel.ch\/cms\/martel\/medien\/","name":"Medien | Martel Weine St.Gallen und Z\u00fcrich","isPartOf":{"@id":"https:\/\/www.martel.ch\/cms\/#website"},"primaryImageOfPage":{"@id":"https:\/\/www.martel.ch\/cms\/martel\/medien\/#primaryimage"},"image":{"@id":"https:\/\/www.martel.ch\/cms\/martel\/medien\/#primaryimage"},"thumbnailUrl":"https:\/\/www.martel.ch\/cms\/wp-content\/uploads\/2022\/04\/jan-martel-01.jpg","datePublished":"2023-11-21T09:29:36+00:00","dateModified":"2026-04-20T08:30:00+00:00","description":"Weingeschichten. Lesen Sie unsere Medienmitteilungen und entdecken Sie, was sonst noch \u00fcber Martel in den Medien berichtet wurde.","breadcrumb":{"@id":"https:\/\/www.martel.ch\/cms\/martel\/medien\/#breadcrumb"},"inLanguage":"de-CH","potentialAction":[{"@type":"ReadAction","target":["https:\/\/www.martel.ch\/cms\/martel\/medien\/"]}]},{"@type":"ImageObject","inLanguage":"de-CH","@id":"https:\/\/www.martel.ch\/cms\/martel\/medien\/#primaryimage","url":"https:\/\/www.martel.ch\/cms\/wp-content\/uploads\/2022\/04\/jan-martel-01.jpg","contentUrl":"https:\/\/www.martel.ch\/cms\/wp-content\/uploads\/2022\/04\/jan-martel-01.jpg","width":2000,"height":1333,"caption":"Genusspunkte St.Gallen & Z\u00fcrich"},{"@type":"BreadcrumbList","@id":"https:\/\/www.martel.ch\/cms\/martel\/medien\/#breadcrumb","itemListElement":[{"@type":"ListItem","position":1,"name":"Startseite","item":"https:\/\/www.martel.ch\/cms\/"},{"@type":"ListItem","position":2,"name":"Martel","item":"https:\/\/www.martel.ch\/cms\/martel\/"},{"@type":"ListItem","position":3,"name":"Medien"}]},{"@type":"WebSite","@id":"https:\/\/www.martel.ch\/cms\/#website","url":"https:\/\/www.martel.ch\/cms\/","name":"Martel","description":"F\u00fcr Weinbegeisterte und die, die es werden m\u00f6chten.","publisher":{"@id":"https:\/\/www.martel.ch\/cms\/#organization"},"potentialAction":[{"@type":"SearchAction","target":{"@type":"EntryPoint","urlTemplate":"https:\/\/www.martel.ch\/cms\/?s={search_term_string}"},"query-input":{"@type":"PropertyValueSpecification","valueRequired":true,"valueName":"search_term_string"}}],"inLanguage":"de-CH"},{"@type":"Organization","@id":"https:\/\/www.martel.ch\/cms\/#organization","name":"Martel AG St.Gallen","url":"https:\/\/www.martel.ch\/cms\/","logo":{"@type":"ImageObject","inLanguage":"de-CH","@id":"https:\/\/www.martel.ch\/cms\/#\/schema\/logo\/image\/","url":"https:\/\/www.martel.ch\/cms\/wp-content\/uploads\/2019\/02\/martel-logo.png","contentUrl":"https:\/\/www.martel.ch\/cms\/wp-content\/uploads\/2019\/02\/martel-logo.png","width":600,"height":600,"caption":"Martel AG St.Gallen"},"image":{"@id":"https:\/\/www.martel.ch\/cms\/#\/schema\/logo\/image\/"},"sameAs":["https:\/\/www.facebook.com\/pages\/Martel-AG-St-Gallen\/233396026691876","https:\/\/x.com\/martel_weinwelt","https:\/\/www.instagram.com\/martel_weinwelt\/","https:\/\/www.linkedin.com\/company\/martel-ag-st-gallen","https:\/\/www.pinterest.ch\/martel_weinwelt"]}]}},"_links":{"self":[{"href":"https:\/\/www.martel.ch\/cms\/wp-json\/wp\/v2\/pages\/21193","targetHints":{"allow":["GET"]}}],"collection":[{"href":"https:\/\/www.martel.ch\/cms\/wp-json\/wp\/v2\/pages"}],"about":[{"href":"https:\/\/www.martel.ch\/cms\/wp-json\/wp\/v2\/types\/page"}],"author":[{"embeddable":true,"href":"https:\/\/www.martel.ch\/cms\/wp-json\/wp\/v2\/users\/1"}],"replies":[{"embeddable":true,"href":"https:\/\/www.martel.ch\/cms\/wp-json\/wp\/v2\/comments?post=21193"}],"version-history":[{"count":10,"href":"https:\/\/www.martel.ch\/cms\/wp-json\/wp\/v2\/pages\/21193\/revisions"}],"predecessor-version":[{"id":32836,"href":"https:\/\/www.martel.ch\/cms\/wp-json\/wp\/v2\/pages\/21193\/revisions\/32836"}],"up":[{"embeddable":true,"href":"https:\/\/www.martel.ch\/cms\/wp-json\/wp\/v2\/pages\/6363"}],"wp:featuredmedia":[{"embeddable":true,"href":"https:\/\/www.martel.ch\/cms\/wp-json\/wp\/v2\/media\/7460"}],"wp:attachment":[{"href":"https:\/\/www.martel.ch\/cms\/wp-json\/wp\/v2\/media?parent=21193"}],"wp:term":[{"taxonomy":"category","embeddable":true,"href":"https:\/\/www.martel.ch\/cms\/wp-json\/wp\/v2\/categories?post=21193"},{"taxonomy":"author","embeddable":true,"href":"https:\/\/www.martel.ch\/cms\/wp-json\/wp\/v2\/coauthors?post=21193"}],"curies":[{"name":"wp","href":"https:\/\/api.w.org\/{rel}","templated":true}]}}