{"id":21571,"date":"2023-12-05T12:08:01","date_gmt":"2023-12-05T11:08:01","guid":{"rendered":"https:\/\/www.martel.ch\/cms\/?page_id=21571"},"modified":"2025-11-06T11:53:55","modified_gmt":"2025-11-06T10:53:55","slug":"weindegustationen","status":"publish","type":"page","link":"https:\/\/www.martel.ch\/cms\/events\/weindegustationen\/","title":{"rendered":"Weindegustationen"},"content":{"rendered":"","protected":false},"excerpt":{"rendered":"","protected":false},"author":1,"featured_media":21597,"parent":6365,"menu_order":0,"comment_status":"closed","ping_status":"closed","template":"","meta":{"_acf_changed":false,"inline_featured_image":false,"footnotes":""},"categories":[],"coauthors":[497],"class_list":["post-21571","page","type-page","status-publish","has-post-thumbnail","hentry"],"acf":{"inhaltselemente":[{"acf_fc_layout":"einspalter_text","einspalter_text_titel":"Weindegustationen","einspalter_text_titel_typ":"1","einspalter_text_titel_fake":false,"einspalter_text_subtitle":"","einspalter_text_content":"Martel vermittelt Weinkultur, am liebsten so direkt wie m\u00f6glich. Im Austausch mit uns oder bei Degustationen mit Winzerinnen und Winzern. Beim Probieren entstehen spannende und magische Weinerlebnisse. Genau wie an unseren Genusspunkten in unseren Weinshops in St.Gallen und in Z\u00fcrich. Hier wird Wein gelebt. Unsere Weinprofis beraten pers\u00f6nlich und weisen auf ausgesuchte Weinspezialit\u00e4ten hin, die man nicht \u00fcberall findet. So wird aus dem allt\u00e4glichen Ap\u00e9ro ein aussergew\u00f6hnlicher Weinmoment.\r\n\r\nWeinwissen vertiefen heisst bei Martel vor allem: Weine degustieren, Eindr\u00fccke austauschen, Lieblingsweine erkennen und lernen, Wein mit System zu degustieren. Daf\u00fcr bieten wir drei Degustationsformate, Weinkurse, Wein-Abos und private Weinevents an und schaffen so mit Freude Weinerlebnisse der besonderen Art.","einspalter_bgcolor":false,"einspalter_layout_lines_top_bottom":false,"einspalter_collapse":false},{"acf_fc_layout":"image_text_three_column","image_text_three_column_titel_left":"Tour des Vins\u00a9-Degustation","image_text_three_column_titel_typ_left":"2","image_text_three_column_titel_fake_left":false,"image_text_three_column_link_left":{"title":"","url":"https:\/\/www.martel.ch\/cms\/news-events\/tour-des-vins\/","target":""},"image_text_three_column_link_left_area":false,"image_text_three_column_bild_left":28337,"image_text_three_column_content_left":"Mit unserer Martel Tour des Vins<sup>\u00a9<\/sup> reisen wir im Fr\u00fchling durch die Schweiz und geben Einblick in unser breites Sortiment, stellen Neuheiten vor, bieten Klassiker an und holen auch die eine oder andere Rarit\u00e4t aus dem Keller.","image_text_three_column_video_left":"","image_text_three_column_titel_center":"Fokus-Degustation","image_text_three_column_titel_typ_center":"2","image_text_three_column_titel_fake_center":false,"image_text_three_column_link_center":{"title":"","url":"https:\/\/www.martel.ch\/cms\/events\/weindegustationen\/fokus-degustation\/","target":""},"image_text_three_column_link_center_area":false,"image_text_three_column_bild_center":28345,"image_text_three_column_content_center":"Bei unseren Martel Fokus-Degustationen erleben Sie mit uns die Weinwelten Spaniens, des Rieslings, der Schaumweine oder ein anderes spezielles Weinthema, inkl. kleinem Vortrag unserer Weinexperten sowie H\u00e4ppli vom Spitzenkoch.","image_text_three_column_video_center":"","image_text_three_column_titel_right":"Exklusiv-Degustation","image_text_three_column_titel_typ_right":"2","image_text_three_column_titel_fake_right":false,"image_text_three_column_link_right":{"title":"","url":"https:\/\/www.martel.ch\/cms\/events\/weindegustationen\/exklusiv-degustation\/","target":""},"image_text_three_column_link_right_area":false,"image_text_three_column_bild_right":28378,"image_text_three_column_content_right":"Durch die Martel Exklusiv-Degustationen bieten wir Ihnen Zugang zu den Weinsch\u00e4tzen dieser Welt, zu Premiumweinen und Rarit\u00e4ten. Eine St\u00e4rke von Martel. Zum Beispiel bei exklusiven Burgund- und Bordeaux-Verkostungen.","image_text_three_column_video_right":"","image_text_three_column_bgcolor":false},{"acf_fc_layout":"einspalter_text","einspalter_text_titel":"Noch mehr Weingenuss","einspalter_text_titel_typ":"2","einspalter_text_titel_fake":false,"einspalter_text_subtitle":"","einspalter_text_content":"Keine klassischen Degustationen, aber auch folgende Martel-Angebote fokussieren sich voll auf Weingenuss.","einspalter_bgcolor":false,"einspalter_layout_lines_top_bottom":false,"einspalter_collapse":false},{"acf_fc_layout":"image_text_three_column","image_text_three_column_titel_left":"Weinkurse","image_text_three_column_titel_typ_left":"2","image_text_three_column_titel_fake_left":false,"image_text_three_column_link_left":{"title":"","url":"https:\/\/www.martel.ch\/cms\/news-events\/weinkurse\/","target":"_blank"},"image_text_three_column_link_left_area":false,"image_text_three_column_bild_left":26304,"image_text_three_column_content_left":"Unsere Weinkurse sind charmant verpacktes Know-how. An den Martel-Kursabenden vermitteln wir genussvoll kompaktes Basiswissen. Es geht um Traubensorten, Weinbereitung, Stilistik, Degustationstechnik und den richtigen Umgang mit Wein. Und vor allem um die Freude daran.","image_text_three_column_video_left":"","image_text_three_column_titel_center":"Wein-Abos","image_text_three_column_titel_typ_center":"2","image_text_three_column_titel_fake_center":false,"image_text_three_column_link_center":{"title":"","url":"https:\/\/www.martel.ch\/cms\/weinwissen\/wein-abos\/","target":"_blank"},"image_text_three_column_link_center_area":false,"image_text_three_column_bild_center":20636,"image_text_three_column_content_center":"Wir liefern Wein-Inputs. Sind Sie eine Entdeckerin? Oder ein Geniesser? Martel bietet f\u00fcr jeden Stand des Weinwissens und jeden Geschmack das passende Weinpaket - viermal im Jahr direkt nach Hause gebracht.","image_text_three_column_video_center":"","image_text_three_column_titel_right":"Private Weinanl\u00e4sse","image_text_three_column_titel_typ_right":"2","image_text_three_column_titel_fake_right":false,"image_text_three_column_link_right":{"title":"","url":"https:\/\/www.martel.ch\/cms\/news-events\/weinanlaesse\/","target":"_blank"},"image_text_three_column_link_right_area":false,"image_text_three_column_bild_right":10465,"image_text_three_column_content_right":"Martel Weinkompetenz ganz f\u00fcr sich. Ein unterhaltsamer Vortrag, eine kleine oder grosse Degustation von Spitzenweinen oder ein unvergessliches Weinseminar mit Kunden. Daf\u00fcr sind wir da. Bei Ihnen oder exklusiv in unseren R\u00e4umlichkeiten in Z\u00fcrich oder St.Gallen.","image_text_three_column_video_right":"","image_text_three_column_bgcolor":false}]},"yoast_head":"<!-- This site is optimized with the Yoast SEO plugin v27.5 - https:\/\/yoast.com\/product\/yoast-seo-wordpress\/ -->\n<title>Weindegustationen | Martel Weine St.Gallen und Z\u00fcrich<\/title>\n<meta name=\"description\" content=\"Alle Wein-Degustationen auf einen Blick: Weine aus aller Welt live entdecken, Burgunder degustieren, Weinkultur erleben.\" \/>\n<meta name=\"robots\" content=\"index, follow, max-snippet:-1, max-image-preview:large, max-video-preview:-1\" \/>\n<link rel=\"canonical\" href=\"https:\/\/www.martel.ch\/cms\/events\/weindegustationen\/\" \/>\n<meta property=\"og:locale\" content=\"de_DE\" \/>\n<meta property=\"og:type\" content=\"article\" \/>\n<meta property=\"og:title\" content=\"Weindegustationen | Martel Weine St.Gallen und Z\u00fcrich\" \/>\n<meta property=\"og:description\" content=\"Alle Wein-Degustationen auf einen Blick: Weine aus aller Welt live entdecken, Burgunder degustieren, Weinkultur erleben.\" \/>\n<meta property=\"og:url\" content=\"https:\/\/www.martel.ch\/cms\/events\/weindegustationen\/\" \/>\n<meta property=\"og:site_name\" content=\"Martel\" \/>\n<meta property=\"article:publisher\" content=\"https:\/\/www.facebook.com\/pages\/Martel-AG-St-Gallen\/233396026691876\" \/>\n<meta property=\"article:modified_time\" content=\"2025-11-06T10:53:55+00:00\" \/>\n<meta property=\"og:image\" content=\"https:\/\/www.martel.ch\/cms\/wp-content\/uploads\/2023\/12\/header-degustationen.jpg\" \/>\n\t<meta property=\"og:image:width\" content=\"2000\" \/>\n\t<meta property=\"og:image:height\" content=\"1333\" \/>\n\t<meta property=\"og:image:type\" content=\"image\/jpeg\" \/>\n<meta name=\"twitter:card\" content=\"summary_large_image\" \/>\n<meta name=\"twitter:site\" content=\"@martel_weinwelt\" \/>\n<meta name=\"twitter:label1\" content=\"Written by\" \/>\n\t<meta name=\"twitter:data1\" content=\"Martel Weinwelt\" \/>\n<script type=\"application\/ld+json\" class=\"yoast-schema-graph\">{\"@context\":\"https:\\\/\\\/schema.org\",\"@graph\":[{\"@type\":\"WebPage\",\"@id\":\"https:\\\/\\\/www.martel.ch\\\/cms\\\/events\\\/weindegustationen\\\/\",\"url\":\"https:\\\/\\\/www.martel.ch\\\/cms\\\/events\\\/weindegustationen\\\/\",\"name\":\"Weindegustationen | Martel Weine St.Gallen und Z\u00fcrich\",\"isPartOf\":{\"@id\":\"https:\\\/\\\/www.martel.ch\\\/cms\\\/#website\"},\"primaryImageOfPage\":{\"@id\":\"https:\\\/\\\/www.martel.ch\\\/cms\\\/events\\\/weindegustationen\\\/#primaryimage\"},\"image\":{\"@id\":\"https:\\\/\\\/www.martel.ch\\\/cms\\\/events\\\/weindegustationen\\\/#primaryimage\"},\"thumbnailUrl\":\"https:\\\/\\\/www.martel.ch\\\/cms\\\/wp-content\\\/uploads\\\/2023\\\/12\\\/header-degustationen.jpg\",\"datePublished\":\"2023-12-05T11:08:01+00:00\",\"dateModified\":\"2025-11-06T10:53:55+00:00\",\"description\":\"Alle Wein-Degustationen auf einen Blick: Weine aus aller Welt live entdecken, Burgunder degustieren, Weinkultur erleben.\",\"breadcrumb\":{\"@id\":\"https:\\\/\\\/www.martel.ch\\\/cms\\\/events\\\/weindegustationen\\\/#breadcrumb\"},\"inLanguage\":\"de-CH\",\"potentialAction\":[{\"@type\":\"ReadAction\",\"target\":[\"https:\\\/\\\/www.martel.ch\\\/cms\\\/events\\\/weindegustationen\\\/\"]}]},{\"@type\":\"ImageObject\",\"inLanguage\":\"de-CH\",\"@id\":\"https:\\\/\\\/www.martel.ch\\\/cms\\\/events\\\/weindegustationen\\\/#primaryimage\",\"url\":\"https:\\\/\\\/www.martel.ch\\\/cms\\\/wp-content\\\/uploads\\\/2023\\\/12\\\/header-degustationen.jpg\",\"contentUrl\":\"https:\\\/\\\/www.martel.ch\\\/cms\\\/wp-content\\\/uploads\\\/2023\\\/12\\\/header-degustationen.jpg\",\"width\":2000,\"height\":1333,\"caption\":\"Degustationen und Weinproben\"},{\"@type\":\"BreadcrumbList\",\"@id\":\"https:\\\/\\\/www.martel.ch\\\/cms\\\/events\\\/weindegustationen\\\/#breadcrumb\",\"itemListElement\":[{\"@type\":\"ListItem\",\"position\":1,\"name\":\"Startseite\",\"item\":\"https:\\\/\\\/www.martel.ch\\\/cms\\\/\"},{\"@type\":\"ListItem\",\"position\":2,\"name\":\"Events\",\"item\":\"https:\\\/\\\/www.martel.ch\\\/cms\\\/events\\\/\"},{\"@type\":\"ListItem\",\"position\":3,\"name\":\"Weindegustationen\"}]},{\"@type\":\"WebSite\",\"@id\":\"https:\\\/\\\/www.martel.ch\\\/cms\\\/#website\",\"url\":\"https:\\\/\\\/www.martel.ch\\\/cms\\\/\",\"name\":\"Martel\",\"description\":\"F\u00fcr Weinbegeisterte und die, die es werden m\u00f6chten.\",\"publisher\":{\"@id\":\"https:\\\/\\\/www.martel.ch\\\/cms\\\/#organization\"},\"potentialAction\":[{\"@type\":\"SearchAction\",\"target\":{\"@type\":\"EntryPoint\",\"urlTemplate\":\"https:\\\/\\\/www.martel.ch\\\/cms\\\/?s={search_term_string}\"},\"query-input\":{\"@type\":\"PropertyValueSpecification\",\"valueRequired\":true,\"valueName\":\"search_term_string\"}}],\"inLanguage\":\"de-CH\"},{\"@type\":\"Organization\",\"@id\":\"https:\\\/\\\/www.martel.ch\\\/cms\\\/#organization\",\"name\":\"Martel AG St.Gallen\",\"url\":\"https:\\\/\\\/www.martel.ch\\\/cms\\\/\",\"logo\":{\"@type\":\"ImageObject\",\"inLanguage\":\"de-CH\",\"@id\":\"https:\\\/\\\/www.martel.ch\\\/cms\\\/#\\\/schema\\\/logo\\\/image\\\/\",\"url\":\"https:\\\/\\\/www.martel.ch\\\/cms\\\/wp-content\\\/uploads\\\/2019\\\/02\\\/martel-logo.png\",\"contentUrl\":\"https:\\\/\\\/www.martel.ch\\\/cms\\\/wp-content\\\/uploads\\\/2019\\\/02\\\/martel-logo.png\",\"width\":600,\"height\":600,\"caption\":\"Martel AG St.Gallen\"},\"image\":{\"@id\":\"https:\\\/\\\/www.martel.ch\\\/cms\\\/#\\\/schema\\\/logo\\\/image\\\/\"},\"sameAs\":[\"https:\\\/\\\/www.facebook.com\\\/pages\\\/Martel-AG-St-Gallen\\\/233396026691876\",\"https:\\\/\\\/x.com\\\/martel_weinwelt\",\"https:\\\/\\\/www.instagram.com\\\/martel_weinwelt\\\/\",\"https:\\\/\\\/www.linkedin.com\\\/company\\\/martel-ag-st-gallen\",\"https:\\\/\\\/www.pinterest.ch\\\/martel_weinwelt\"]}]}<\/script>\n<!-- \/ Yoast SEO plugin. -->","yoast_head_json":{"title":"Weindegustationen | Martel Weine St.Gallen und Z\u00fcrich","description":"Alle Wein-Degustationen auf einen Blick: Weine aus aller Welt live entdecken, Burgunder degustieren, Weinkultur erleben.","robots":{"index":"index","follow":"follow","max-snippet":"max-snippet:-1","max-image-preview":"max-image-preview:large","max-video-preview":"max-video-preview:-1"},"canonical":"https:\/\/www.martel.ch\/cms\/events\/weindegustationen\/","og_locale":"de_DE","og_type":"article","og_title":"Weindegustationen | Martel Weine St.Gallen und Z\u00fcrich","og_description":"Alle Wein-Degustationen auf einen Blick: Weine aus aller Welt live entdecken, Burgunder degustieren, Weinkultur erleben.","og_url":"https:\/\/www.martel.ch\/cms\/events\/weindegustationen\/","og_site_name":"Martel","article_publisher":"https:\/\/www.facebook.com\/pages\/Martel-AG-St-Gallen\/233396026691876","article_modified_time":"2025-11-06T10:53:55+00:00","og_image":[{"width":2000,"height":1333,"url":"https:\/\/www.martel.ch\/cms\/wp-content\/uploads\/2023\/12\/header-degustationen.jpg","type":"image\/jpeg"}],"twitter_card":"summary_large_image","twitter_site":"@martel_weinwelt","twitter_misc":{"Written by":"Martel Weinwelt"},"schema":{"@context":"https:\/\/schema.org","@graph":[{"@type":"WebPage","@id":"https:\/\/www.martel.ch\/cms\/events\/weindegustationen\/","url":"https:\/\/www.martel.ch\/cms\/events\/weindegustationen\/","name":"Weindegustationen | Martel Weine St.Gallen und Z\u00fcrich","isPartOf":{"@id":"https:\/\/www.martel.ch\/cms\/#website"},"primaryImageOfPage":{"@id":"https:\/\/www.martel.ch\/cms\/events\/weindegustationen\/#primaryimage"},"image":{"@id":"https:\/\/www.martel.ch\/cms\/events\/weindegustationen\/#primaryimage"},"thumbnailUrl":"https:\/\/www.martel.ch\/cms\/wp-content\/uploads\/2023\/12\/header-degustationen.jpg","datePublished":"2023-12-05T11:08:01+00:00","dateModified":"2025-11-06T10:53:55+00:00","description":"Alle Wein-Degustationen auf einen Blick: Weine aus aller Welt live entdecken, Burgunder degustieren, Weinkultur erleben.","breadcrumb":{"@id":"https:\/\/www.martel.ch\/cms\/events\/weindegustationen\/#breadcrumb"},"inLanguage":"de-CH","potentialAction":[{"@type":"ReadAction","target":["https:\/\/www.martel.ch\/cms\/events\/weindegustationen\/"]}]},{"@type":"ImageObject","inLanguage":"de-CH","@id":"https:\/\/www.martel.ch\/cms\/events\/weindegustationen\/#primaryimage","url":"https:\/\/www.martel.ch\/cms\/wp-content\/uploads\/2023\/12\/header-degustationen.jpg","contentUrl":"https:\/\/www.martel.ch\/cms\/wp-content\/uploads\/2023\/12\/header-degustationen.jpg","width":2000,"height":1333,"caption":"Degustationen und Weinproben"},{"@type":"BreadcrumbList","@id":"https:\/\/www.martel.ch\/cms\/events\/weindegustationen\/#breadcrumb","itemListElement":[{"@type":"ListItem","position":1,"name":"Startseite","item":"https:\/\/www.martel.ch\/cms\/"},{"@type":"ListItem","position":2,"name":"Events","item":"https:\/\/www.martel.ch\/cms\/events\/"},{"@type":"ListItem","position":3,"name":"Weindegustationen"}]},{"@type":"WebSite","@id":"https:\/\/www.martel.ch\/cms\/#website","url":"https:\/\/www.martel.ch\/cms\/","name":"Martel","description":"F\u00fcr Weinbegeisterte und die, die es werden m\u00f6chten.","publisher":{"@id":"https:\/\/www.martel.ch\/cms\/#organization"},"potentialAction":[{"@type":"SearchAction","target":{"@type":"EntryPoint","urlTemplate":"https:\/\/www.martel.ch\/cms\/?s={search_term_string}"},"query-input":{"@type":"PropertyValueSpecification","valueRequired":true,"valueName":"search_term_string"}}],"inLanguage":"de-CH"},{"@type":"Organization","@id":"https:\/\/www.martel.ch\/cms\/#organization","name":"Martel AG St.Gallen","url":"https:\/\/www.martel.ch\/cms\/","logo":{"@type":"ImageObject","inLanguage":"de-CH","@id":"https:\/\/www.martel.ch\/cms\/#\/schema\/logo\/image\/","url":"https:\/\/www.martel.ch\/cms\/wp-content\/uploads\/2019\/02\/martel-logo.png","contentUrl":"https:\/\/www.martel.ch\/cms\/wp-content\/uploads\/2019\/02\/martel-logo.png","width":600,"height":600,"caption":"Martel AG St.Gallen"},"image":{"@id":"https:\/\/www.martel.ch\/cms\/#\/schema\/logo\/image\/"},"sameAs":["https:\/\/www.facebook.com\/pages\/Martel-AG-St-Gallen\/233396026691876","https:\/\/x.com\/martel_weinwelt","https:\/\/www.instagram.com\/martel_weinwelt\/","https:\/\/www.linkedin.com\/company\/martel-ag-st-gallen","https:\/\/www.pinterest.ch\/martel_weinwelt"]}]}},"_links":{"self":[{"href":"https:\/\/www.martel.ch\/cms\/wp-json\/wp\/v2\/pages\/21571","targetHints":{"allow":["GET"]}}],"collection":[{"href":"https:\/\/www.martel.ch\/cms\/wp-json\/wp\/v2\/pages"}],"about":[{"href":"https:\/\/www.martel.ch\/cms\/wp-json\/wp\/v2\/types\/page"}],"author":[{"embeddable":true,"href":"https:\/\/www.martel.ch\/cms\/wp-json\/wp\/v2\/users\/1"}],"replies":[{"embeddable":true,"href":"https:\/\/www.martel.ch\/cms\/wp-json\/wp\/v2\/comments?post=21571"}],"version-history":[{"count":9,"href":"https:\/\/www.martel.ch\/cms\/wp-json\/wp\/v2\/pages\/21571\/revisions"}],"predecessor-version":[{"id":31429,"href":"https:\/\/www.martel.ch\/cms\/wp-json\/wp\/v2\/pages\/21571\/revisions\/31429"}],"up":[{"embeddable":true,"href":"https:\/\/www.martel.ch\/cms\/wp-json\/wp\/v2\/pages\/6365"}],"wp:featuredmedia":[{"embeddable":true,"href":"https:\/\/www.martel.ch\/cms\/wp-json\/wp\/v2\/media\/21597"}],"wp:attachment":[{"href":"https:\/\/www.martel.ch\/cms\/wp-json\/wp\/v2\/media?parent=21571"}],"wp:term":[{"taxonomy":"category","embeddable":true,"href":"https:\/\/www.martel.ch\/cms\/wp-json\/wp\/v2\/categories?post=21571"},{"taxonomy":"author","embeddable":true,"href":"https:\/\/www.martel.ch\/cms\/wp-json\/wp\/v2\/coauthors?post=21571"}],"curies":[{"name":"wp","href":"https:\/\/api.w.org\/{rel}","templated":true}]}}