{"id":22120,"date":"2024-01-11T10:31:13","date_gmt":"2024-01-11T09:31:13","guid":{"rendered":"https:\/\/www.martel.ch\/cms\/?page_id=22120"},"modified":"2025-02-20T08:49:22","modified_gmt":"2025-02-20T07:49:22","slug":"zwei-neuheiten-und-trinkreife-klassiker","status":"publish","type":"page","link":"https:\/\/www.martel.ch\/cms\/weinwissen\/lets-celebrate-40-jahre-martel-ridge\/zwei-neuheiten-und-trinkreife-klassiker\/","title":{"rendered":"Zwei Neuheiten und trinkreife Klassiker"},"content":{"rendered":"","protected":false},"excerpt":{"rendered":"","protected":false},"author":52,"featured_media":21981,"parent":22104,"menu_order":0,"comment_status":"closed","ping_status":"closed","template":"","meta":{"_acf_changed":false,"inline_featured_image":false,"footnotes":""},"categories":[],"coauthors":[539],"class_list":["post-22120","page","type-page","status-publish","has-post-thumbnail","hentry"],"acf":{"inhaltselemente":[{"acf_fc_layout":"einspalter_text","einspalter_text_titel":"So schmecken die Weine der Ridge-Aktion","einspalter_text_titel_typ":"1","einspalter_text_titel_fake":false,"einspalter_text_subtitle":"","einspalter_text_content":"<strong>Ridge ist weit mehr als Monte Bello, auch wenn die Geschichte von Ridge auf dem gleichnamigen H\u00fcgel startet, der eine knappe Autostunde s\u00fcdlich von San Francisco liegt. Zur Winery geh\u00f6ren daneben auch Reblagen rund 200 Kilometer n\u00f6rdlich von Monte Bello, in Geyserville und in Lytton Springs im Dry Creek Valley des Weinbaugebiets Sonoma. Von dort kommen unsere zwei neuen Ridge-Weine in unserem Sortiment, die erstmals in Europa erh\u00e4ltlich sind. <\/strong>","einspalter_bgcolor":false,"einspalter_layout_lines_top_bottom":false,"einspalter_collapse":false},{"acf_fc_layout":"einspalter_text","einspalter_text_titel":"Die Neuen","einspalter_text_titel_typ":"2","einspalter_text_titel_fake":false,"einspalter_text_subtitle":"","einspalter_text_content":"<strong>Three Valleys 2021, Sonoma County\r\n<\/strong>(65% Zinfandel, 26% Petite Sirah, 5% Syrah)\r\n\r\nDieser Blend stammt von rund zehn verschiedenen Lagen aus drei T\u00e4lern im Sonoma Valley. Der Zinfandel wird erg\u00e4nzt durch dunklen, w\u00fcrzigen Petite Sirah und Syrah. Jung. Frisch. Sch\u00f6ne Aromen von Kirschen und Brombeeren. Wunderbar strukturiert. Eing\u00e4ngliche Gerbstoffstruktur. Reife Fruchtaromen. Garrigue-W\u00fcrze und leichte R\u00f6staromen.\r\n\r\n<strong>Pagani Ranch 2021, Sonoma Valley\r\n<\/strong>(90% Zinfandel, 5% Petite Sirah, 5% Alicante Bouschet)\r\n\r\nFast reiner Zinfandel von der Pagani Ranch im westlichen Teil des Sonoma Valley. Ein Grossteil der Trauben w\u00e4chst an 100 Jahre alten Rebst\u00f6cken. Der Wein zeigt eine leicht mentholartige Frische. K\u00fchle Frucht. Ausgewogenheit zwischen Struktur und F\u00fclle. Sch\u00f6ne S\u00e4ure. Gleichzeitig volle Reife und Frische. Weiche, gut integrierte Tannine. Noten von dunkler Schokolade. Ausgesprochen elegant.","einspalter_bgcolor":false,"einspalter_layout_lines_top_bottom":false,"einspalter_collapse":false},{"acf_fc_layout":"produkteslider","produkteslider_titel":"Die Neuen von Ridge","produkteslider_link":"","produkteslider_producer_id":"","produkteslider_product_ids":"ris6722,ris5722"},{"acf_fc_layout":"einspalter_text","einspalter_text_titel":"Weinlegenden neu entdecken","einspalter_text_titel_typ":"2","einspalter_text_titel_fake":false,"einspalter_text_subtitle":"","einspalter_text_content":"Bei Weinfans in der Schweiz stehen die Ridge-Klassiker Lytton Springs und Geyserville seit langem f\u00fcr grosses kalifornisches Trinkvergn\u00fcgen. Diese Weine sind bekannt f\u00fcr ihre Eleganz, Kraft, Fruchttiefe und Intensit\u00e4t. Qualit\u00e4ten, die sich mit den Jahren akzentuieren. Die beiden Ridge-Rebberge in Lytton Springs und in Geyserville liegen nur wenige Kilometer voneinander entfernt im Sonoma Valley.\r\n\r\n<strong>Lytton Springs 2019, Dry Creek Valley\r\n<\/strong>(73% Zinfandel, 16% Petite Sirah, 9% Carignan, 2% Mataro)\r\n\r\nSpannende Assemblage aus Zinfandel, Petite Sirah, Carignan und wenig Mourv\u00e8dre (Mataro). Vielschichtige Aromen. Noten von Brombeeren, schwarzen Kirschen und Pflaumenkompott. Mit W\u00fcrze und dezenten Pfefferaromen. Am Gaumen sehr dicht mit toller F\u00fclle. Die Tannine sind gut eingebunden. Das Ganze ist rund und bek\u00f6mmlich, sch\u00f6n ausbalanciert. Reife Frucht, aber nicht \u00fcberreif. Gewinnt in den n\u00e4chsten 10 bis 15 Jahren.\r\n\r\n<strong>Geyserville 2019, Alexander Valley\r\n<\/strong>(71% Zinfandel, 19% Carignan, 7% Petit Sirah, 3% Alicante Bouschet)\r\n\r\nRidge produziert Geyserville seit bald 60 Jahren. Ein tiefgr\u00fcndiger, komplexer Wein und ein Versprechen f\u00fcr die n\u00e4chsten 15 Jahre. Zur\u00fcckhaltende Aromen von schwarzen Beeren und Kirschen. Subtile Holzaromen, Noten von Kaffee und Bitterschokolade. W\u00fcrzig. Pr\u00e4sente Tannine von hoher Qualit\u00e4t. Sp\u00fcrbare Mineralit\u00e4t. Der Anteil an Carignan gibt dem Wein zus\u00e4tzliche Struktur. Langer Abgang. Grosses Kino aus Kalifornien.","einspalter_bgcolor":false,"einspalter_layout_lines_top_bottom":false,"einspalter_collapse":false},{"acf_fc_layout":"produkteslider","produkteslider_titel":"Ridge Weinlegenden ","produkteslider_link":"","produkteslider_producer_id":"","produkteslider_product_ids":"ris1720,ris2319,ris2719,ris2m19,ris2320,ris2720"},{"acf_fc_layout":"einspalter_text","einspalter_text_titel":"Traumberg und Mythos Monte Bello","einspalter_text_titel_typ":"2","einspalter_text_titel_fake":false,"einspalter_text_subtitle":"","einspalter_text_content":"Zur\u00fcck auf den Monte Bello. W\u00e4hrend f\u00fcr den Kultwein Monte Bello nur die qualitativ herausragendsten Trauben alter Reben selektioniert werden, keltert Ridge auch einen Wein aus Trauben j\u00fcngerer Reben aus diesem Gebiet.\r\n\r\n<strong>Estate Cabernet Sauvignon 2019, Santa Cruz Mountains\r\n<\/strong>(88% Cabernet Sauvignon, 11% Merlot, 1% Petit Verdot)\r\n\r\nDieser Wein reift 16 Monate in Barriques. Aromen von Cassis sowie von schwarzem Tee und Minze. Frische. Feink\u00f6rniges, wahrnehmbares Gerbstoffger\u00fcst. Lebendig, mit Spannung und Tiefgang. Langes Finale. Ein gewichtiger Cabernet Sauvignon mit Frische aus einer einzigartigen, weltbekannten Lage.\r\n\r\n<strong>Monte Bello, Santa Cruz Mountains<\/strong>\r\n\r\nMonte Bello \u2013 \u00abSch\u00f6ner Berg\u00bb. Der Name verr\u00e4t es bereits: Der Weinberg Monte Bello liegt nicht nur bevorzugt, sondern ist auch speziell gut. Der karge Boden schafft die Grundlage f\u00fcr einen erstklassigen Wein. Dazu kommt die frische Meeresbrise vom nahen Pazifik, die k\u00fchlend wirkt. Je nach H\u00f6henlage reifen die Trauben auf dem Monte Bello unterschiedlich. Deshalb ist der Weinberg in einige Dutzend Einzelparzellen aufgeteilt, die sorgf\u00e4ltig und mit m\u00f6glichst wenig Eingriffen gepflegt werden. Handlese? Hier eine Selbstverst\u00e4ndlichkeit. Nach der Spontang\u00e4rung erfolgt der Ausbau der einzelnen Partien getrennt in Barriques aus amerikanischer Eiche. Kein Aufwand wird gescheut, um einen der besten Weine der Welt zu erzeugen. \u00abTop of the World\u00bb nennen sie dies auf dem Monte Bello und liefern verl\u00e4ssliche H\u00f6chstqualit\u00e4t. Ridges Monte Bello ist international begehrt und entsprechend rar. Gerne k\u00f6nnen Sie unten Ihr Interesse anmelden. Einmal im Jahr geh\u00f6ren Sie somit zum exklusiven Empf\u00e4ngerkreis eines Monte Bello-Angebots.","einspalter_bgcolor":false,"einspalter_layout_lines_top_bottom":false,"einspalter_collapse":false},{"acf_fc_layout":"produkteslider","produkteslider_titel":"Weine vom Traumberg","produkteslider_link":"","produkteslider_producer_id":"","produkteslider_product_ids":"rid3719,rid47xx"},{"acf_fc_layout":"image_image_text","image_image_text_titel_left":"","image_image_text_titel_typ_left":"2","image_image_text_titel_fake_left":false,"image_image_text_link_left":"","image_image_text_link_left_area":false,"image_image_text_bild_left":"","image_image_text_content_left":"<a class=\"btn btn-arrow\" href=\"https:\/\/www.martel.ch\/cms\/weinwissen\/lets-celebrate-40-jahre-martel-ridge\/\">Let's celebrate<\/a>","image_image_text_video_left":"","image_image_text_teaser_left":{"image_image_text_teaser_left_titel":"","image_image_text_teaser_left_titel_typ":"2","image_image_text_teaser_left_titel_fake":false,"image_image_text_teaser_left_link":""},"image_image_text_icon_left":"","image_image_text_icon_bg_left":"martel-rot","image_image_text_titel_right":"","image_image_text_titel_typ_right":"2","image_image_text_titel_fake_right":false,"image_image_text_link_right":"","image_image_text_link_right_area":false,"image_image_text_bild_right":"","image_image_text_content_right":"","image_image_text_video_right":"","image_image_text_teaser_right":{"image_image_text_teaser_right_titel":"","image_image_text_teaser_right_titel_typ":"2","image_image_text_teaser_right_titel_fake":false,"image_image_text_teaser_right_link":""},"image_image_text_icon_right":"","image_image_text_icon_bg_right":"martel-rot","image_image_text_offset":false,"image_image_text_bgcolor":false}]},"yoast_head":"<!-- This site is optimized with the Yoast SEO plugin v27.5 - https:\/\/yoast.com\/product\/yoast-seo-wordpress\/ -->\n<title>Zwei Neuheiten und trinkreife Klassiker<\/title>\n<meta name=\"description\" content=\"So schmecken die Weine der Ridge-Aktion. Zwei Weine sind erstmals in Europa erh\u00e4ltlich und Weinlegenden sind neu zu entdecken.\" \/>\n<meta name=\"robots\" content=\"index, follow, max-snippet:-1, max-image-preview:large, max-video-preview:-1\" \/>\n<link rel=\"canonical\" href=\"https:\/\/www.martel.ch\/cms\/weinwissen\/lets-celebrate-40-jahre-martel-ridge\/zwei-neuheiten-und-trinkreife-klassiker\/\" \/>\n<meta property=\"og:locale\" content=\"de_DE\" \/>\n<meta property=\"og:type\" content=\"article\" \/>\n<meta property=\"og:title\" content=\"Zwei Neuheiten und trinkreife Klassiker\" \/>\n<meta property=\"og:description\" content=\"So schmecken die Weine der Ridge-Aktion. Zwei Weine sind erstmals in Europa erh\u00e4ltlich und Weinlegenden sind neu zu entdecken.\" \/>\n<meta property=\"og:url\" content=\"https:\/\/www.martel.ch\/cms\/weinwissen\/lets-celebrate-40-jahre-martel-ridge\/zwei-neuheiten-und-trinkreife-klassiker\/\" \/>\n<meta property=\"og:site_name\" content=\"Martel\" \/>\n<meta property=\"article:publisher\" content=\"https:\/\/www.facebook.com\/pages\/Martel-AG-St-Gallen\/233396026691876\" \/>\n<meta property=\"article:modified_time\" content=\"2025-02-20T07:49:22+00:00\" \/>\n<meta property=\"og:image\" content=\"https:\/\/www.martel.ch\/cms\/wp-content\/uploads\/2024\/01\/2024_01_Ridge_Keller-854x569.jpg\" \/>\n\t<meta property=\"og:image:width\" content=\"854\" \/>\n\t<meta property=\"og:image:height\" content=\"569\" \/>\n\t<meta property=\"og:image:type\" content=\"image\/jpeg\" \/>\n<meta name=\"twitter:card\" content=\"summary_large_image\" \/>\n<meta name=\"twitter:site\" content=\"@martel_weinwelt\" \/>\n<meta name=\"twitter:label1\" content=\"Written by\" \/>\n\t<meta name=\"twitter:data1\" content=\"Martel Marketing\" \/>\n<script type=\"application\/ld+json\" class=\"yoast-schema-graph\">{\"@context\":\"https:\\\/\\\/schema.org\",\"@graph\":[{\"@type\":\"WebPage\",\"@id\":\"https:\\\/\\\/www.martel.ch\\\/cms\\\/weinwissen\\\/lets-celebrate-40-jahre-martel-ridge\\\/zwei-neuheiten-und-trinkreife-klassiker\\\/\",\"url\":\"https:\\\/\\\/www.martel.ch\\\/cms\\\/weinwissen\\\/lets-celebrate-40-jahre-martel-ridge\\\/zwei-neuheiten-und-trinkreife-klassiker\\\/\",\"name\":\"Zwei Neuheiten und trinkreife Klassiker\",\"isPartOf\":{\"@id\":\"https:\\\/\\\/www.martel.ch\\\/cms\\\/#website\"},\"primaryImageOfPage\":{\"@id\":\"https:\\\/\\\/www.martel.ch\\\/cms\\\/weinwissen\\\/lets-celebrate-40-jahre-martel-ridge\\\/zwei-neuheiten-und-trinkreife-klassiker\\\/#primaryimage\"},\"image\":{\"@id\":\"https:\\\/\\\/www.martel.ch\\\/cms\\\/weinwissen\\\/lets-celebrate-40-jahre-martel-ridge\\\/zwei-neuheiten-und-trinkreife-klassiker\\\/#primaryimage\"},\"thumbnailUrl\":\"https:\\\/\\\/www.martel.ch\\\/cms\\\/wp-content\\\/uploads\\\/2024\\\/01\\\/2024_01_Ridge_Keller.jpg\",\"datePublished\":\"2024-01-11T09:31:13+00:00\",\"dateModified\":\"2025-02-20T07:49:22+00:00\",\"description\":\"So schmecken die Weine der Ridge-Aktion. Zwei Weine sind erstmals in Europa erh\u00e4ltlich und Weinlegenden sind neu zu entdecken.\",\"breadcrumb\":{\"@id\":\"https:\\\/\\\/www.martel.ch\\\/cms\\\/weinwissen\\\/lets-celebrate-40-jahre-martel-ridge\\\/zwei-neuheiten-und-trinkreife-klassiker\\\/#breadcrumb\"},\"inLanguage\":\"de-CH\",\"potentialAction\":[{\"@type\":\"ReadAction\",\"target\":[\"https:\\\/\\\/www.martel.ch\\\/cms\\\/weinwissen\\\/lets-celebrate-40-jahre-martel-ridge\\\/zwei-neuheiten-und-trinkreife-klassiker\\\/\"]}]},{\"@type\":\"ImageObject\",\"inLanguage\":\"de-CH\",\"@id\":\"https:\\\/\\\/www.martel.ch\\\/cms\\\/weinwissen\\\/lets-celebrate-40-jahre-martel-ridge\\\/zwei-neuheiten-und-trinkreife-klassiker\\\/#primaryimage\",\"url\":\"https:\\\/\\\/www.martel.ch\\\/cms\\\/wp-content\\\/uploads\\\/2024\\\/01\\\/2024_01_Ridge_Keller.jpg\",\"contentUrl\":\"https:\\\/\\\/www.martel.ch\\\/cms\\\/wp-content\\\/uploads\\\/2024\\\/01\\\/2024_01_Ridge_Keller.jpg\",\"width\":2000,\"height\":1333,\"caption\":\"Ridge Keller\"},{\"@type\":\"BreadcrumbList\",\"@id\":\"https:\\\/\\\/www.martel.ch\\\/cms\\\/weinwissen\\\/lets-celebrate-40-jahre-martel-ridge\\\/zwei-neuheiten-und-trinkreife-klassiker\\\/#breadcrumb\",\"itemListElement\":[{\"@type\":\"ListItem\",\"position\":1,\"name\":\"Startseite\",\"item\":\"https:\\\/\\\/www.martel.ch\\\/cms\\\/\"},{\"@type\":\"ListItem\",\"position\":2,\"name\":\"Weinwissen\",\"item\":\"https:\\\/\\\/www.martel.ch\\\/cms\\\/weinwissen\\\/\"},{\"@type\":\"ListItem\",\"position\":3,\"name\":\"Let\u2019s celebrate! 40 Jahre Martel &amp; Ridge \u00a0\",\"item\":\"https:\\\/\\\/www.martel.ch\\\/cms\\\/weinwissen\\\/lets-celebrate-40-jahre-martel-ridge\\\/\"},{\"@type\":\"ListItem\",\"position\":4,\"name\":\"Zwei Neuheiten und trinkreife Klassiker\"}]},{\"@type\":\"WebSite\",\"@id\":\"https:\\\/\\\/www.martel.ch\\\/cms\\\/#website\",\"url\":\"https:\\\/\\\/www.martel.ch\\\/cms\\\/\",\"name\":\"Martel\",\"description\":\"F\u00fcr Weinbegeisterte und die, die es werden m\u00f6chten.\",\"publisher\":{\"@id\":\"https:\\\/\\\/www.martel.ch\\\/cms\\\/#organization\"},\"potentialAction\":[{\"@type\":\"SearchAction\",\"target\":{\"@type\":\"EntryPoint\",\"urlTemplate\":\"https:\\\/\\\/www.martel.ch\\\/cms\\\/?s={search_term_string}\"},\"query-input\":{\"@type\":\"PropertyValueSpecification\",\"valueRequired\":true,\"valueName\":\"search_term_string\"}}],\"inLanguage\":\"de-CH\"},{\"@type\":\"Organization\",\"@id\":\"https:\\\/\\\/www.martel.ch\\\/cms\\\/#organization\",\"name\":\"Martel AG St.Gallen\",\"url\":\"https:\\\/\\\/www.martel.ch\\\/cms\\\/\",\"logo\":{\"@type\":\"ImageObject\",\"inLanguage\":\"de-CH\",\"@id\":\"https:\\\/\\\/www.martel.ch\\\/cms\\\/#\\\/schema\\\/logo\\\/image\\\/\",\"url\":\"https:\\\/\\\/www.martel.ch\\\/cms\\\/wp-content\\\/uploads\\\/2019\\\/02\\\/martel-logo.png\",\"contentUrl\":\"https:\\\/\\\/www.martel.ch\\\/cms\\\/wp-content\\\/uploads\\\/2019\\\/02\\\/martel-logo.png\",\"width\":600,\"height\":600,\"caption\":\"Martel AG St.Gallen\"},\"image\":{\"@id\":\"https:\\\/\\\/www.martel.ch\\\/cms\\\/#\\\/schema\\\/logo\\\/image\\\/\"},\"sameAs\":[\"https:\\\/\\\/www.facebook.com\\\/pages\\\/Martel-AG-St-Gallen\\\/233396026691876\",\"https:\\\/\\\/x.com\\\/martel_weinwelt\",\"https:\\\/\\\/www.instagram.com\\\/martel_weinwelt\\\/\",\"https:\\\/\\\/www.linkedin.com\\\/company\\\/martel-ag-st-gallen\",\"https:\\\/\\\/www.pinterest.ch\\\/martel_weinwelt\"]}]}<\/script>\n<!-- \/ Yoast SEO plugin. -->","yoast_head_json":{"title":"Zwei Neuheiten und trinkreife Klassiker","description":"So schmecken die Weine der Ridge-Aktion. Zwei Weine sind erstmals in Europa erh\u00e4ltlich und Weinlegenden sind neu zu entdecken.","robots":{"index":"index","follow":"follow","max-snippet":"max-snippet:-1","max-image-preview":"max-image-preview:large","max-video-preview":"max-video-preview:-1"},"canonical":"https:\/\/www.martel.ch\/cms\/weinwissen\/lets-celebrate-40-jahre-martel-ridge\/zwei-neuheiten-und-trinkreife-klassiker\/","og_locale":"de_DE","og_type":"article","og_title":"Zwei Neuheiten und trinkreife Klassiker","og_description":"So schmecken die Weine der Ridge-Aktion. Zwei Weine sind erstmals in Europa erh\u00e4ltlich und Weinlegenden sind neu zu entdecken.","og_url":"https:\/\/www.martel.ch\/cms\/weinwissen\/lets-celebrate-40-jahre-martel-ridge\/zwei-neuheiten-und-trinkreife-klassiker\/","og_site_name":"Martel","article_publisher":"https:\/\/www.facebook.com\/pages\/Martel-AG-St-Gallen\/233396026691876","article_modified_time":"2025-02-20T07:49:22+00:00","og_image":[{"width":854,"height":569,"url":"https:\/\/www.martel.ch\/cms\/wp-content\/uploads\/2024\/01\/2024_01_Ridge_Keller-854x569.jpg","type":"image\/jpeg"}],"twitter_card":"summary_large_image","twitter_site":"@martel_weinwelt","twitter_misc":{"Written by":"Martel Marketing"},"schema":{"@context":"https:\/\/schema.org","@graph":[{"@type":"WebPage","@id":"https:\/\/www.martel.ch\/cms\/weinwissen\/lets-celebrate-40-jahre-martel-ridge\/zwei-neuheiten-und-trinkreife-klassiker\/","url":"https:\/\/www.martel.ch\/cms\/weinwissen\/lets-celebrate-40-jahre-martel-ridge\/zwei-neuheiten-und-trinkreife-klassiker\/","name":"Zwei Neuheiten und trinkreife Klassiker","isPartOf":{"@id":"https:\/\/www.martel.ch\/cms\/#website"},"primaryImageOfPage":{"@id":"https:\/\/www.martel.ch\/cms\/weinwissen\/lets-celebrate-40-jahre-martel-ridge\/zwei-neuheiten-und-trinkreife-klassiker\/#primaryimage"},"image":{"@id":"https:\/\/www.martel.ch\/cms\/weinwissen\/lets-celebrate-40-jahre-martel-ridge\/zwei-neuheiten-und-trinkreife-klassiker\/#primaryimage"},"thumbnailUrl":"https:\/\/www.martel.ch\/cms\/wp-content\/uploads\/2024\/01\/2024_01_Ridge_Keller.jpg","datePublished":"2024-01-11T09:31:13+00:00","dateModified":"2025-02-20T07:49:22+00:00","description":"So schmecken die Weine der Ridge-Aktion. Zwei Weine sind erstmals in Europa erh\u00e4ltlich und Weinlegenden sind neu zu entdecken.","breadcrumb":{"@id":"https:\/\/www.martel.ch\/cms\/weinwissen\/lets-celebrate-40-jahre-martel-ridge\/zwei-neuheiten-und-trinkreife-klassiker\/#breadcrumb"},"inLanguage":"de-CH","potentialAction":[{"@type":"ReadAction","target":["https:\/\/www.martel.ch\/cms\/weinwissen\/lets-celebrate-40-jahre-martel-ridge\/zwei-neuheiten-und-trinkreife-klassiker\/"]}]},{"@type":"ImageObject","inLanguage":"de-CH","@id":"https:\/\/www.martel.ch\/cms\/weinwissen\/lets-celebrate-40-jahre-martel-ridge\/zwei-neuheiten-und-trinkreife-klassiker\/#primaryimage","url":"https:\/\/www.martel.ch\/cms\/wp-content\/uploads\/2024\/01\/2024_01_Ridge_Keller.jpg","contentUrl":"https:\/\/www.martel.ch\/cms\/wp-content\/uploads\/2024\/01\/2024_01_Ridge_Keller.jpg","width":2000,"height":1333,"caption":"Ridge Keller"},{"@type":"BreadcrumbList","@id":"https:\/\/www.martel.ch\/cms\/weinwissen\/lets-celebrate-40-jahre-martel-ridge\/zwei-neuheiten-und-trinkreife-klassiker\/#breadcrumb","itemListElement":[{"@type":"ListItem","position":1,"name":"Startseite","item":"https:\/\/www.martel.ch\/cms\/"},{"@type":"ListItem","position":2,"name":"Weinwissen","item":"https:\/\/www.martel.ch\/cms\/weinwissen\/"},{"@type":"ListItem","position":3,"name":"Let\u2019s celebrate! 40 Jahre Martel &amp; Ridge \u00a0","item":"https:\/\/www.martel.ch\/cms\/weinwissen\/lets-celebrate-40-jahre-martel-ridge\/"},{"@type":"ListItem","position":4,"name":"Zwei Neuheiten und trinkreife Klassiker"}]},{"@type":"WebSite","@id":"https:\/\/www.martel.ch\/cms\/#website","url":"https:\/\/www.martel.ch\/cms\/","name":"Martel","description":"F\u00fcr Weinbegeisterte und die, die es werden m\u00f6chten.","publisher":{"@id":"https:\/\/www.martel.ch\/cms\/#organization"},"potentialAction":[{"@type":"SearchAction","target":{"@type":"EntryPoint","urlTemplate":"https:\/\/www.martel.ch\/cms\/?s={search_term_string}"},"query-input":{"@type":"PropertyValueSpecification","valueRequired":true,"valueName":"search_term_string"}}],"inLanguage":"de-CH"},{"@type":"Organization","@id":"https:\/\/www.martel.ch\/cms\/#organization","name":"Martel AG St.Gallen","url":"https:\/\/www.martel.ch\/cms\/","logo":{"@type":"ImageObject","inLanguage":"de-CH","@id":"https:\/\/www.martel.ch\/cms\/#\/schema\/logo\/image\/","url":"https:\/\/www.martel.ch\/cms\/wp-content\/uploads\/2019\/02\/martel-logo.png","contentUrl":"https:\/\/www.martel.ch\/cms\/wp-content\/uploads\/2019\/02\/martel-logo.png","width":600,"height":600,"caption":"Martel AG St.Gallen"},"image":{"@id":"https:\/\/www.martel.ch\/cms\/#\/schema\/logo\/image\/"},"sameAs":["https:\/\/www.facebook.com\/pages\/Martel-AG-St-Gallen\/233396026691876","https:\/\/x.com\/martel_weinwelt","https:\/\/www.instagram.com\/martel_weinwelt\/","https:\/\/www.linkedin.com\/company\/martel-ag-st-gallen","https:\/\/www.pinterest.ch\/martel_weinwelt"]}]}},"_links":{"self":[{"href":"https:\/\/www.martel.ch\/cms\/wp-json\/wp\/v2\/pages\/22120","targetHints":{"allow":["GET"]}}],"collection":[{"href":"https:\/\/www.martel.ch\/cms\/wp-json\/wp\/v2\/pages"}],"about":[{"href":"https:\/\/www.martel.ch\/cms\/wp-json\/wp\/v2\/types\/page"}],"author":[{"embeddable":true,"href":"https:\/\/www.martel.ch\/cms\/wp-json\/wp\/v2\/users\/52"}],"replies":[{"embeddable":true,"href":"https:\/\/www.martel.ch\/cms\/wp-json\/wp\/v2\/comments?post=22120"}],"version-history":[{"count":10,"href":"https:\/\/www.martel.ch\/cms\/wp-json\/wp\/v2\/pages\/22120\/revisions"}],"predecessor-version":[{"id":28275,"href":"https:\/\/www.martel.ch\/cms\/wp-json\/wp\/v2\/pages\/22120\/revisions\/28275"}],"up":[{"embeddable":true,"href":"https:\/\/www.martel.ch\/cms\/wp-json\/wp\/v2\/pages\/22104"}],"wp:featuredmedia":[{"embeddable":true,"href":"https:\/\/www.martel.ch\/cms\/wp-json\/wp\/v2\/media\/21981"}],"wp:attachment":[{"href":"https:\/\/www.martel.ch\/cms\/wp-json\/wp\/v2\/media?parent=22120"}],"wp:term":[{"taxonomy":"category","embeddable":true,"href":"https:\/\/www.martel.ch\/cms\/wp-json\/wp\/v2\/categories?post=22120"},{"taxonomy":"author","embeddable":true,"href":"https:\/\/www.martel.ch\/cms\/wp-json\/wp\/v2\/coauthors?post=22120"}],"curies":[{"name":"wp","href":"https:\/\/api.w.org\/{rel}","templated":true}]}}