{"id":26520,"date":"2024-09-25T10:35:58","date_gmt":"2024-09-25T08:35:58","guid":{"rendered":"https:\/\/www.martel.ch\/cms\/?page_id=26520"},"modified":"2025-03-21T15:12:12","modified_gmt":"2025-03-21T14:12:12","slug":"unser-piemont","status":"publish","type":"page","link":"https:\/\/www.martel.ch\/cms\/weinwissen\/unser-piemont\/","title":{"rendered":"Die Martel Piemont-Welt"},"content":{"rendered":"","protected":false},"excerpt":{"rendered":"","protected":false},"author":52,"featured_media":26442,"parent":6709,"menu_order":1,"comment_status":"closed","ping_status":"closed","template":"","meta":{"_acf_changed":false,"inline_featured_image":false,"footnotes":""},"categories":[525],"coauthors":[539],"class_list":["post-26520","page","type-page","status-publish","has-post-thumbnail","hentry","category-im-fokus"],"acf":{"inhaltselemente":[{"acf_fc_layout":"einspalter_text","einspalter_text_titel":"Das Piemont im Herzen","einspalter_text_titel_typ":"1","einspalter_text_titel_fake":false,"einspalter_text_subtitle":"","einspalter_text_content":"Reben, soweit das Auge reicht an sanften H\u00fcgeln am s\u00fcdlichen Fusse der Alpen. Das Piemont liegt uns nahe und ber\u00fchrt uns speziell. Piemontesische Weine geh\u00f6ren zu den grossen der Welt. Es sind Pfeiler der gehobenen Weinkultur. Die herzhafte K\u00fcche ist einzigartig und die Landschaft fasziniert zu jeder Jahreszeit. Besonders gef\u00e4llt uns das Piemont jetzt im Sp\u00e4therbst mit seinen magischen Nebeln.\r\n\r\nOft und gern reisen wir ins Piemont. Die Herzlichkeit der Menschen ber\u00fchrt uns. Inzwischen geh\u00f6ren viele Winzerinnen und Winzer am s\u00fcdlichen Rand der Alpen zu unserem Freundeskreis.\r\n\r\nBei aller Verl\u00e4sslichkeit und Tradition: Das Piemont \u00fcberrascht uns immer wieder neu.\r\n\r\nMartel bietet Orientierung in der Weinwelt, auch im Piemont. Vertiefen Sie sich in unser sorgf\u00e4ltig kuratiertes Sortiment piemontesischer Weine und profitieren Sie von den Sonderangeboten.\r\n\r\nWillkommen in der Martel Piemont-Welt.\r\n\r\n<strong>Diese Aktion ist abgelaufen.<\/strong>","einspalter_bgcolor":false,"einspalter_layout_lines_top_bottom":false,"einspalter_collapse":false},{"acf_fc_layout":"image_text","image_text_titel":"Barolo: Jahr f\u00fcr Jahr top \u2013 und immer anders ","image_text_titel_typ":"2","image_text_titel_fake":false,"image_text_link":{"title":"Zur Jahrgangstabelle","url":"https:\/\/www.martel.ch\/shop\/jahrgangstabelle","target":"_blank"},"image_text_link_area":false,"image_text_content":"Wie war der Barolo-Jahrgang? Und wann ist der Wein trinkbereit? Unsere interaktive Weinjahrgangstabelle ist in dieser Form einzigartig und findet Anerkennung in der Weinwelt.\r\n\r\nDie Martel Jahrgangstabelle zeigt punktgenau an, wie wir die einzelnen Jahre einsch\u00e4tzen und welche Weine wann am besten zu trinken sind.","image_text_bild":26445,"image_text_video":"","image_text_position_bild":"left","image_text_bgcolor":true},{"acf_fc_layout":"image_image_text","image_image_text_titel_left":"\u00abMein Herz ans Piemont verloren\u00bb","image_image_text_titel_typ_left":"2","image_image_text_titel_fake_left":false,"image_image_text_link_left":{"title":"Zum Interview","url":"https:\/\/www.martel.ch\/cms\/2024\/10\/29\/ich-habe-mein-herz-ans-piemont-verloren\/","target":""},"image_image_text_link_left_area":false,"image_image_text_bild_left":26436,"image_image_text_content_left":"Im Interview mit unserer Lernenden Geraldine Sch\u00fcrch erz\u00e4hlt Martel-Weinberater Johannes Wagenleiter, was ihn am Piemont fasziniert und weshalb es ihn immer wieder in diese Gegend zieht.","image_image_text_video_left":"","image_image_text_teaser_left":{"image_image_text_teaser_left_titel":"","image_image_text_teaser_left_titel_typ":"2","image_image_text_teaser_left_titel_fake":false,"image_image_text_teaser_left_link":""},"image_image_text_icon_left":"","image_image_text_icon_bg_left":"martel-rot","image_image_text_titel_right":"Zu Besuch bei Winzerinnen und -Winzern ","image_image_text_titel_typ_right":"2","image_image_text_titel_fake_right":false,"image_image_text_link_right":{"title":"Zur Story","url":"https:\/\/www.martel.ch\/cms\/2024\/10\/29\/willkommen-im-piemont\/","target":""},"image_image_text_link_right_area":false,"image_image_text_bild_right":26484,"image_image_text_content_right":"Das Martel-Team ist im Piemont von Weingut zu Weingut unterwegs und erlebt viel. Event-Organisatorin Christine Schmidhauser nimmt uns mit auf die Reise.","image_image_text_video_right":"","image_image_text_teaser_right":{"image_image_text_teaser_right_titel":"","image_image_text_teaser_right_titel_typ":"2","image_image_text_teaser_right_titel_fake":false,"image_image_text_teaser_right_link":""},"image_image_text_icon_right":"","image_image_text_icon_bg_right":"martel-rot","image_image_text_offset":false,"image_image_text_bgcolor":false},{"acf_fc_layout":"image_image_text","image_image_text_titel_left":"Piemont-Rezept \u2013 Pasta e Fagioli ","image_image_text_titel_typ_left":"2","image_image_text_titel_fake_left":false,"image_image_text_link_left":{"title":"Zum Rezept","url":"https:\/\/www.martel.ch\/cms\/weinwissen\/unser-piemont\/pasta-e-fagioli\/","target":""},"image_image_text_link_left_area":false,"image_image_text_bild_left":26528,"image_image_text_content_left":"Einfach und schmackhaft. Dieses Gericht ist f\u00fcr uns typisch Piemont.","image_image_text_video_left":"","image_image_text_teaser_left":{"image_image_text_teaser_left_titel":"","image_image_text_teaser_left_titel_typ":"2","image_image_text_teaser_left_titel_fake":false,"image_image_text_teaser_left_link":""},"image_image_text_icon_left":"","image_image_text_icon_bg_left":"martel-rot","image_image_text_titel_right":"Martel Piemont-Tipps","image_image_text_titel_typ_right":"2","image_image_text_titel_fake_right":false,"image_image_text_link_right":{"title":"Zu den Tipps","url":"https:\/\/www.martel.ch\/cms\/weinwissen\/unser-piemont\/martel-piemont-tipps\/","target":"_blank"},"image_image_text_link_right_area":false,"image_image_text_bild_right":26635,"image_image_text_content_right":"Essen und Trinken mit Herz. Eine Osteria, eine Weinbar und ein urtypisches Restaurant, die einen Besuch wert sind.","image_image_text_video_right":"","image_image_text_teaser_right":{"image_image_text_teaser_right_titel":"","image_image_text_teaser_right_titel_typ":"2","image_image_text_teaser_right_titel_fake":false,"image_image_text_teaser_right_link":""},"image_image_text_icon_right":"","image_image_text_icon_bg_right":"martel-rot","image_image_text_offset":false,"image_image_text_bgcolor":false},{"acf_fc_layout":"einspalter_text","einspalter_text_titel":"","einspalter_text_titel_typ":"2","einspalter_text_titel_fake":false,"einspalter_text_subtitle":"","einspalter_text_content":"<strong>Diese Aktion ist abgelaufen.<\/strong>","einspalter_bgcolor":false,"einspalter_layout_lines_top_bottom":false,"einspalter_collapse":false}]},"yoast_head":"<!-- This site is optimized with the Yoast SEO plugin v27.5 - https:\/\/yoast.com\/product\/yoast-seo-wordpress\/ -->\n<title>Die Martel Piemont-Welt<\/title>\n<meta name=\"description\" content=\"Willkommen in der Martel Piemont-Welt. Oft und gerne reisen wir ins Piemont. Bei aller Tradition: es \u00fcberrascht uns immer wieder.\" \/>\n<meta name=\"robots\" content=\"index, follow, max-snippet:-1, max-image-preview:large, max-video-preview:-1\" \/>\n<link rel=\"canonical\" href=\"https:\/\/www.martel.ch\/cms\/weinwissen\/unser-piemont\/\" \/>\n<meta property=\"og:locale\" content=\"de_DE\" \/>\n<meta property=\"og:type\" content=\"article\" \/>\n<meta property=\"og:title\" content=\"Die Martel Piemont-Welt\" \/>\n<meta property=\"og:description\" content=\"Willkommen in der Martel Piemont-Welt. Oft und gerne reisen wir ins Piemont. Bei aller Tradition: es \u00fcberrascht uns immer wieder.\" \/>\n<meta property=\"og:url\" content=\"https:\/\/www.martel.ch\/cms\/weinwissen\/unser-piemont\/\" \/>\n<meta property=\"og:site_name\" content=\"Martel\" \/>\n<meta property=\"article:publisher\" content=\"https:\/\/www.facebook.com\/pages\/Martel-AG-St-Gallen\/233396026691876\" \/>\n<meta property=\"article:modified_time\" content=\"2025-03-21T14:12:12+00:00\" \/>\n<meta property=\"og:image\" content=\"https:\/\/www.martel.ch\/cms\/wp-content\/uploads\/2024\/09\/martel-piemont-im-fokus-854x569.jpg\" \/>\n\t<meta property=\"og:image:width\" content=\"854\" \/>\n\t<meta property=\"og:image:height\" content=\"569\" \/>\n\t<meta property=\"og:image:type\" content=\"image\/jpeg\" \/>\n<meta name=\"twitter:card\" content=\"summary_large_image\" \/>\n<meta name=\"twitter:site\" content=\"@martel_weinwelt\" \/>\n<meta name=\"twitter:label1\" content=\"Written by\" \/>\n\t<meta name=\"twitter:data1\" content=\"Martel Marketing\" \/>\n<script type=\"application\/ld+json\" class=\"yoast-schema-graph\">{\"@context\":\"https:\\\/\\\/schema.org\",\"@graph\":[{\"@type\":\"WebPage\",\"@id\":\"https:\\\/\\\/www.martel.ch\\\/cms\\\/weinwissen\\\/unser-piemont\\\/\",\"url\":\"https:\\\/\\\/www.martel.ch\\\/cms\\\/weinwissen\\\/unser-piemont\\\/\",\"name\":\"Die Martel Piemont-Welt\",\"isPartOf\":{\"@id\":\"https:\\\/\\\/www.martel.ch\\\/cms\\\/#website\"},\"primaryImageOfPage\":{\"@id\":\"https:\\\/\\\/www.martel.ch\\\/cms\\\/weinwissen\\\/unser-piemont\\\/#primaryimage\"},\"image\":{\"@id\":\"https:\\\/\\\/www.martel.ch\\\/cms\\\/weinwissen\\\/unser-piemont\\\/#primaryimage\"},\"thumbnailUrl\":\"https:\\\/\\\/www.martel.ch\\\/cms\\\/wp-content\\\/uploads\\\/2024\\\/09\\\/martel-piemont-im-fokus.jpg\",\"datePublished\":\"2024-09-25T08:35:58+00:00\",\"dateModified\":\"2025-03-21T14:12:12+00:00\",\"description\":\"Willkommen in der Martel Piemont-Welt. Oft und gerne reisen wir ins Piemont. Bei aller Tradition: es \u00fcberrascht uns immer wieder.\",\"breadcrumb\":{\"@id\":\"https:\\\/\\\/www.martel.ch\\\/cms\\\/weinwissen\\\/unser-piemont\\\/#breadcrumb\"},\"inLanguage\":\"de-CH\",\"potentialAction\":[{\"@type\":\"ReadAction\",\"target\":[\"https:\\\/\\\/www.martel.ch\\\/cms\\\/weinwissen\\\/unser-piemont\\\/\"]}]},{\"@type\":\"ImageObject\",\"inLanguage\":\"de-CH\",\"@id\":\"https:\\\/\\\/www.martel.ch\\\/cms\\\/weinwissen\\\/unser-piemont\\\/#primaryimage\",\"url\":\"https:\\\/\\\/www.martel.ch\\\/cms\\\/wp-content\\\/uploads\\\/2024\\\/09\\\/martel-piemont-im-fokus.jpg\",\"contentUrl\":\"https:\\\/\\\/www.martel.ch\\\/cms\\\/wp-content\\\/uploads\\\/2024\\\/09\\\/martel-piemont-im-fokus.jpg\",\"width\":2000,\"height\":1333,\"caption\":\"Das Piemont im Herzen\"},{\"@type\":\"BreadcrumbList\",\"@id\":\"https:\\\/\\\/www.martel.ch\\\/cms\\\/weinwissen\\\/unser-piemont\\\/#breadcrumb\",\"itemListElement\":[{\"@type\":\"ListItem\",\"position\":1,\"name\":\"Startseite\",\"item\":\"https:\\\/\\\/www.martel.ch\\\/cms\\\/\"},{\"@type\":\"ListItem\",\"position\":2,\"name\":\"Weinwissen\",\"item\":\"https:\\\/\\\/www.martel.ch\\\/cms\\\/weinwissen\\\/\"},{\"@type\":\"ListItem\",\"position\":3,\"name\":\"Die Martel Piemont-Welt\"}]},{\"@type\":\"WebSite\",\"@id\":\"https:\\\/\\\/www.martel.ch\\\/cms\\\/#website\",\"url\":\"https:\\\/\\\/www.martel.ch\\\/cms\\\/\",\"name\":\"Martel\",\"description\":\"F\u00fcr Weinbegeisterte und die, die es werden m\u00f6chten.\",\"publisher\":{\"@id\":\"https:\\\/\\\/www.martel.ch\\\/cms\\\/#organization\"},\"potentialAction\":[{\"@type\":\"SearchAction\",\"target\":{\"@type\":\"EntryPoint\",\"urlTemplate\":\"https:\\\/\\\/www.martel.ch\\\/cms\\\/?s={search_term_string}\"},\"query-input\":{\"@type\":\"PropertyValueSpecification\",\"valueRequired\":true,\"valueName\":\"search_term_string\"}}],\"inLanguage\":\"de-CH\"},{\"@type\":\"Organization\",\"@id\":\"https:\\\/\\\/www.martel.ch\\\/cms\\\/#organization\",\"name\":\"Martel AG St.Gallen\",\"url\":\"https:\\\/\\\/www.martel.ch\\\/cms\\\/\",\"logo\":{\"@type\":\"ImageObject\",\"inLanguage\":\"de-CH\",\"@id\":\"https:\\\/\\\/www.martel.ch\\\/cms\\\/#\\\/schema\\\/logo\\\/image\\\/\",\"url\":\"https:\\\/\\\/www.martel.ch\\\/cms\\\/wp-content\\\/uploads\\\/2019\\\/02\\\/martel-logo.png\",\"contentUrl\":\"https:\\\/\\\/www.martel.ch\\\/cms\\\/wp-content\\\/uploads\\\/2019\\\/02\\\/martel-logo.png\",\"width\":600,\"height\":600,\"caption\":\"Martel AG St.Gallen\"},\"image\":{\"@id\":\"https:\\\/\\\/www.martel.ch\\\/cms\\\/#\\\/schema\\\/logo\\\/image\\\/\"},\"sameAs\":[\"https:\\\/\\\/www.facebook.com\\\/pages\\\/Martel-AG-St-Gallen\\\/233396026691876\",\"https:\\\/\\\/x.com\\\/martel_weinwelt\",\"https:\\\/\\\/www.instagram.com\\\/martel_weinwelt\\\/\",\"https:\\\/\\\/www.linkedin.com\\\/company\\\/martel-ag-st-gallen\",\"https:\\\/\\\/www.pinterest.ch\\\/martel_weinwelt\"]}]}<\/script>\n<!-- \/ Yoast SEO plugin. -->","yoast_head_json":{"title":"Die Martel Piemont-Welt","description":"Willkommen in der Martel Piemont-Welt. Oft und gerne reisen wir ins Piemont. Bei aller Tradition: es \u00fcberrascht uns immer wieder.","robots":{"index":"index","follow":"follow","max-snippet":"max-snippet:-1","max-image-preview":"max-image-preview:large","max-video-preview":"max-video-preview:-1"},"canonical":"https:\/\/www.martel.ch\/cms\/weinwissen\/unser-piemont\/","og_locale":"de_DE","og_type":"article","og_title":"Die Martel Piemont-Welt","og_description":"Willkommen in der Martel Piemont-Welt. Oft und gerne reisen wir ins Piemont. Bei aller Tradition: es \u00fcberrascht uns immer wieder.","og_url":"https:\/\/www.martel.ch\/cms\/weinwissen\/unser-piemont\/","og_site_name":"Martel","article_publisher":"https:\/\/www.facebook.com\/pages\/Martel-AG-St-Gallen\/233396026691876","article_modified_time":"2025-03-21T14:12:12+00:00","og_image":[{"width":854,"height":569,"url":"https:\/\/www.martel.ch\/cms\/wp-content\/uploads\/2024\/09\/martel-piemont-im-fokus-854x569.jpg","type":"image\/jpeg"}],"twitter_card":"summary_large_image","twitter_site":"@martel_weinwelt","twitter_misc":{"Written by":"Martel Marketing"},"schema":{"@context":"https:\/\/schema.org","@graph":[{"@type":"WebPage","@id":"https:\/\/www.martel.ch\/cms\/weinwissen\/unser-piemont\/","url":"https:\/\/www.martel.ch\/cms\/weinwissen\/unser-piemont\/","name":"Die Martel Piemont-Welt","isPartOf":{"@id":"https:\/\/www.martel.ch\/cms\/#website"},"primaryImageOfPage":{"@id":"https:\/\/www.martel.ch\/cms\/weinwissen\/unser-piemont\/#primaryimage"},"image":{"@id":"https:\/\/www.martel.ch\/cms\/weinwissen\/unser-piemont\/#primaryimage"},"thumbnailUrl":"https:\/\/www.martel.ch\/cms\/wp-content\/uploads\/2024\/09\/martel-piemont-im-fokus.jpg","datePublished":"2024-09-25T08:35:58+00:00","dateModified":"2025-03-21T14:12:12+00:00","description":"Willkommen in der Martel Piemont-Welt. Oft und gerne reisen wir ins Piemont. Bei aller Tradition: es \u00fcberrascht uns immer wieder.","breadcrumb":{"@id":"https:\/\/www.martel.ch\/cms\/weinwissen\/unser-piemont\/#breadcrumb"},"inLanguage":"de-CH","potentialAction":[{"@type":"ReadAction","target":["https:\/\/www.martel.ch\/cms\/weinwissen\/unser-piemont\/"]}]},{"@type":"ImageObject","inLanguage":"de-CH","@id":"https:\/\/www.martel.ch\/cms\/weinwissen\/unser-piemont\/#primaryimage","url":"https:\/\/www.martel.ch\/cms\/wp-content\/uploads\/2024\/09\/martel-piemont-im-fokus.jpg","contentUrl":"https:\/\/www.martel.ch\/cms\/wp-content\/uploads\/2024\/09\/martel-piemont-im-fokus.jpg","width":2000,"height":1333,"caption":"Das Piemont im Herzen"},{"@type":"BreadcrumbList","@id":"https:\/\/www.martel.ch\/cms\/weinwissen\/unser-piemont\/#breadcrumb","itemListElement":[{"@type":"ListItem","position":1,"name":"Startseite","item":"https:\/\/www.martel.ch\/cms\/"},{"@type":"ListItem","position":2,"name":"Weinwissen","item":"https:\/\/www.martel.ch\/cms\/weinwissen\/"},{"@type":"ListItem","position":3,"name":"Die Martel Piemont-Welt"}]},{"@type":"WebSite","@id":"https:\/\/www.martel.ch\/cms\/#website","url":"https:\/\/www.martel.ch\/cms\/","name":"Martel","description":"F\u00fcr Weinbegeisterte und die, die es werden m\u00f6chten.","publisher":{"@id":"https:\/\/www.martel.ch\/cms\/#organization"},"potentialAction":[{"@type":"SearchAction","target":{"@type":"EntryPoint","urlTemplate":"https:\/\/www.martel.ch\/cms\/?s={search_term_string}"},"query-input":{"@type":"PropertyValueSpecification","valueRequired":true,"valueName":"search_term_string"}}],"inLanguage":"de-CH"},{"@type":"Organization","@id":"https:\/\/www.martel.ch\/cms\/#organization","name":"Martel AG St.Gallen","url":"https:\/\/www.martel.ch\/cms\/","logo":{"@type":"ImageObject","inLanguage":"de-CH","@id":"https:\/\/www.martel.ch\/cms\/#\/schema\/logo\/image\/","url":"https:\/\/www.martel.ch\/cms\/wp-content\/uploads\/2019\/02\/martel-logo.png","contentUrl":"https:\/\/www.martel.ch\/cms\/wp-content\/uploads\/2019\/02\/martel-logo.png","width":600,"height":600,"caption":"Martel AG St.Gallen"},"image":{"@id":"https:\/\/www.martel.ch\/cms\/#\/schema\/logo\/image\/"},"sameAs":["https:\/\/www.facebook.com\/pages\/Martel-AG-St-Gallen\/233396026691876","https:\/\/x.com\/martel_weinwelt","https:\/\/www.instagram.com\/martel_weinwelt\/","https:\/\/www.linkedin.com\/company\/martel-ag-st-gallen","https:\/\/www.pinterest.ch\/martel_weinwelt"]}]}},"_links":{"self":[{"href":"https:\/\/www.martel.ch\/cms\/wp-json\/wp\/v2\/pages\/26520","targetHints":{"allow":["GET"]}}],"collection":[{"href":"https:\/\/www.martel.ch\/cms\/wp-json\/wp\/v2\/pages"}],"about":[{"href":"https:\/\/www.martel.ch\/cms\/wp-json\/wp\/v2\/types\/page"}],"author":[{"embeddable":true,"href":"https:\/\/www.martel.ch\/cms\/wp-json\/wp\/v2\/users\/52"}],"replies":[{"embeddable":true,"href":"https:\/\/www.martel.ch\/cms\/wp-json\/wp\/v2\/comments?post=26520"}],"version-history":[{"count":10,"href":"https:\/\/www.martel.ch\/cms\/wp-json\/wp\/v2\/pages\/26520\/revisions"}],"predecessor-version":[{"id":28905,"href":"https:\/\/www.martel.ch\/cms\/wp-json\/wp\/v2\/pages\/26520\/revisions\/28905"}],"up":[{"embeddable":true,"href":"https:\/\/www.martel.ch\/cms\/wp-json\/wp\/v2\/pages\/6709"}],"wp:featuredmedia":[{"embeddable":true,"href":"https:\/\/www.martel.ch\/cms\/wp-json\/wp\/v2\/media\/26442"}],"wp:attachment":[{"href":"https:\/\/www.martel.ch\/cms\/wp-json\/wp\/v2\/media?parent=26520"}],"wp:term":[{"taxonomy":"category","embeddable":true,"href":"https:\/\/www.martel.ch\/cms\/wp-json\/wp\/v2\/categories?post=26520"},{"taxonomy":"author","embeddable":true,"href":"https:\/\/www.martel.ch\/cms\/wp-json\/wp\/v2\/coauthors?post=26520"}],"curies":[{"name":"wp","href":"https:\/\/api.w.org\/{rel}","templated":true}]}}