{"id":27348,"date":"2025-03-24T12:30:00","date_gmt":"2025-03-24T11:30:00","guid":{"rendered":"https:\/\/www.martel.ch\/cms\/?page_id=27348"},"modified":"2026-04-29T13:36:17","modified_gmt":"2026-04-29T11:36:17","slug":"die-martel-burgund-welt","status":"publish","type":"page","link":"https:\/\/www.martel.ch\/cms\/weinwissen\/die-martel-burgund-welt\/","title":{"rendered":"Die Martel Burgund-Welt"},"content":{"rendered":"","protected":false},"excerpt":{"rendered":"","protected":false},"author":52,"featured_media":18392,"parent":6709,"menu_order":1,"comment_status":"closed","ping_status":"closed","template":"","meta":{"_acf_changed":false,"inline_featured_image":false,"footnotes":""},"categories":[525],"coauthors":[539],"class_list":["post-27348","page","type-page","status-publish","has-post-thumbnail","hentry","category-im-fokus"],"acf":{"inhaltselemente":[{"acf_fc_layout":"einspalter_text","einspalter_text_titel":"Im Burgund zuhause","einspalter_text_titel_typ":"1","einspalter_text_titel_fake":false,"einspalter_text_subtitle":"","einspalter_text_content":"Seit Generationen sind wir mit dem Burgund verbunden. Wenige Weinhandlungen in der Welt bieten ein so breites und tiefes Sortiment an Burgunderweinen wie wir. Gewachsene Kompetenz und vor allem eine grosse Liebe zu Wein, Land und Leuten verbinden uns mit dieser einzigartigen Weinregion. Mit den burgundischen Winzerfamilien sind wir zum Teil seit Jahrzehnten befreundet. Sie sind unsere Partner \u2013 in guten wie in schwierigen Zeiten. Seit 2000 Jahren wird burgundische Weinkultur gelebt. Ein lebendiger Beweis daf\u00fcr sind die \u00abClimats de Bourgogne\u00bb, einzigartige, ummauerte Weinbergsparzellen. Wir tragen aktiv zu ihrer Erhaltung bei.\r\n\r\nMartel ist seit 150 Jahren dem Wein verpflichtet und \u00fcber Generationen eng mit dem Burgund verkn\u00fcpft. Mit der \u00dcbernahme der Weinhandlung Hans M\u00fcller AG in Wattwil, die sich auf Spitzenweine aus dem Burgund spezialisiert hat, haben wir 2014 unsere Bedeutung als Burgund-Spezialist ausgebaut. Wir f\u00fchren Dutzende von Weing\u00fctern, die zu den Besten geh\u00f6ren. Darunter die Ultra-Premiumweine der Domaine de la Roman\u00e9e-Conti oder die begehrten Pinots und Chardonnays der Domaine Roumier oder Rousseau. Unser Team besucht unsere bisherigen Winzerinnen und Winzer und st\u00f6sst unterwegs auf neue Entdeckungen. Wir als langj\u00e4hrige Burgund-Insider verstehen uns als Zugang zu burgundischer Weinkultur. In dieser aufregenden und manchmal etwas un\u00fcbersichtlichen Weinregion schaffen wir Orientierung.","einspalter_bgcolor":false,"einspalter_layout_lines_top_bottom":false,"einspalter_collapse":false},{"acf_fc_layout":"image_text","image_text_titel":"Burgund-Jahrgangsbericht 2023","image_text_titel_typ":"2","image_text_titel_fake":false,"image_text_link":{"title":"Zum Jahrgangsbericht","url":"https:\/\/www.martel.ch\/cms\/events\/burgund-2023\/","target":""},"image_text_link_area":false,"image_text_content":"Der Jahrgang 2023 war im Burgund der bisher w\u00e4rmste \u2013 im Durchschnitt. Dabei gab es weniger Temperaturspitzen als im Sommer 2022. Allerdings fand die Ernte 2023 mehrheitlich w\u00e4hrend einer Hitzewelle statt. Besonders erfreulich sind beim aktuellen Jahrgang die Mengen: Es wurde mehr Wein produziert als \u00fcblich. W\u00e4hrend es den besten Betrieben gelang, hervorragende Weine zu keltern, l\u00e4sst die Qualit\u00e4t im einfacheren Bereich zum Teil nach. Mehr dazu im Interview mit unserem Burgund-Experten Benjamin Wolf.","image_text_bild":27482,"image_text_video":"","image_text_position_bild":"left","image_text_bgcolor":true},{"acf_fc_layout":"image_text_three_column","image_text_three_column_titel_left":"\u00abBurgund ist wie ein Virus.\u00bb","image_text_three_column_titel_typ_left":"2","image_text_three_column_titel_fake_left":false,"image_text_three_column_link_left":{"title":"Zum Interview","url":"https:\/\/www.martel.ch\/cms\/weinwissen\/weinmagazin\/martel-schenkt-ein\/burgund-ist-wie-ein-virus-einmal-infiziert-gibt-es-kein-zurueck-mehr\/","target":"_blank"},"image_text_three_column_link_left_area":false,"image_text_three_column_bild_left":27495,"image_text_three_column_content_left":"Martel und Burgund \u2013 das ist eine lange und sch\u00f6ne Geschichte. Im Gespr\u00e4ch mit Jan Martel und Benjamin Wolf.","image_text_three_column_video_left":"","image_text_three_column_titel_center":"Save the Date","image_text_three_column_titel_typ_center":"2","image_text_three_column_titel_fake_center":false,"image_text_three_column_link_center":"","image_text_three_column_link_center_area":false,"image_text_three_column_bild_center":29335,"image_text_three_column_content_center":"Vom 16. bis 18. November 2026 bieten wir eine breite Auswahl exklusiver Rarit\u00e4ten des Jahrgangs 2024 zur Degustation an.\r\n\r\nDetails folgen","image_text_three_column_video_center":"","image_text_three_column_titel_right":"Burgund-Insidertipps","image_text_three_column_titel_typ_right":"2","image_text_three_column_titel_fake_right":false,"image_text_three_column_link_right":{"title":"Burgund-Tipps","url":"https:\/\/www.martel.ch\/cms\/weinwissen\/die-martel-burgund-welt\/martel-burgund-tipps\/","target":"_blank"},"image_text_three_column_link_right_area":false,"image_text_three_column_bild_right":27456,"image_text_three_column_content_right":"Leben wie Gott im Burgund! Hier unsere Insidertipps f\u00fcr perfekte Tage im Burgund. Psst, nicht weitersagen!","image_text_three_column_video_right":"","image_text_three_column_bgcolor":false},{"acf_fc_layout":"image_text_three_column","image_text_three_column_titel_left":"Burgund-Jahrg\u00e4nge","image_text_three_column_titel_typ_left":"2","image_text_three_column_titel_fake_left":false,"image_text_three_column_link_left":{"title":"Jahrg\u00e4nge","url":"https:\/\/www.martel.ch\/cms\/weinwissen\/die-martel-burgund-welt\/burgund-jahrgaenge\/","target":"_blank"},"image_text_three_column_link_left_area":false,"image_text_three_column_bild_left":27474,"image_text_three_column_content_left":"Die detailreiche Martel-Jahrgangstabelle gibt verl\u00e4sslich Auskunft \u00fcber die Besonderheiten eines jeden Jahrgangs.","image_text_three_column_video_left":"","image_text_three_column_titel_center":"Climats de Bourgogne","image_text_three_column_titel_typ_center":"2","image_text_three_column_titel_fake_center":false,"image_text_three_column_link_center":{"title":"","url":"https:\/\/www.martel.ch\/cms\/weinwissen\/die-martel-burgund-welt\/climats-de-bourgogne\/","target":""},"image_text_three_column_link_center_area":false,"image_text_three_column_bild_center":27435,"image_text_three_column_content_center":"Seit 2015 geh\u00f6ren die ummauerten Weinparzellen zum Weltkulturerbe der UNESCO. Martel hilft mit, sie zu erhalten.","image_text_three_column_video_center":"","image_text_three_column_titel_right":"Weinbaugebiet Burgund","image_text_three_column_titel_typ_right":"2","image_text_three_column_titel_fake_right":false,"image_text_three_column_link_right":{"title":"Zu den Karten","url":"https:\/\/www.martel.ch\/cms\/weinwissen\/weinbaugebiete\/","target":"_blank"},"image_text_three_column_link_right_area":false,"image_text_three_column_bild_right":27447,"image_text_three_column_content_right":"Die Martel-Weingebietskarten zeigen in einzigartiger Genauigkeit, woher die Weine unseres Burgund-Angebots stammen.","image_text_three_column_video_right":"","image_text_three_column_bgcolor":false},{"acf_fc_layout":"produkteslider","produkteslider_titel":"Burgunder im Online-Shop","produkteslider_link":"","produkteslider_producer_id":"","produkteslider_product_ids":"les4723,fev1723,tch3723,bai2723,tch4723,cou2720,les4722,pcat721,crl1722,pss7322,grd6721,chn2720,arl4722"}]},"yoast_head":"<!-- This site is optimized with the Yoast SEO plugin v27.5 - https:\/\/yoast.com\/product\/yoast-seo-wordpress\/ -->\n<title>Die Martel Burgund-Welt<\/title>\n<meta name=\"description\" content=\"Im Burgund zuhause. In dieser aufregenden und manchmal etwas un\u00fcbersichtlichen Weinregion schaffen wir Orientierung.\" \/>\n<meta name=\"robots\" content=\"index, follow, max-snippet:-1, max-image-preview:large, max-video-preview:-1\" \/>\n<link rel=\"canonical\" href=\"https:\/\/www.martel.ch\/cms\/weinwissen\/die-martel-burgund-welt\/\" \/>\n<meta property=\"og:locale\" content=\"de_DE\" \/>\n<meta property=\"og:type\" content=\"article\" \/>\n<meta property=\"og:title\" content=\"Die Martel Burgund-Welt\" \/>\n<meta property=\"og:description\" content=\"Im Burgund zuhause. In dieser aufregenden und manchmal etwas un\u00fcbersichtlichen Weinregion schaffen wir Orientierung.\" \/>\n<meta property=\"og:url\" content=\"https:\/\/www.martel.ch\/cms\/weinwissen\/die-martel-burgund-welt\/\" \/>\n<meta property=\"og:site_name\" content=\"Martel\" \/>\n<meta property=\"article:publisher\" content=\"https:\/\/www.facebook.com\/pages\/Martel-AG-St-Gallen\/233396026691876\" \/>\n<meta property=\"article:modified_time\" content=\"2026-04-29T11:36:17+00:00\" \/>\n<meta property=\"og:image\" content=\"https:\/\/www.martel.ch\/cms\/wp-content\/uploads\/2023\/05\/2022_chalonnaise_region_1-854x569.jpg\" \/>\n\t<meta property=\"og:image:width\" content=\"854\" \/>\n\t<meta property=\"og:image:height\" content=\"569\" \/>\n\t<meta property=\"og:image:type\" content=\"image\/jpeg\" \/>\n<meta name=\"twitter:card\" content=\"summary_large_image\" \/>\n<meta name=\"twitter:site\" content=\"@martel_weinwelt\" \/>\n<meta name=\"twitter:label1\" content=\"Written by\" \/>\n\t<meta name=\"twitter:data1\" content=\"Martel Marketing\" \/>\n<script type=\"application\/ld+json\" class=\"yoast-schema-graph\">{\"@context\":\"https:\\\/\\\/schema.org\",\"@graph\":[{\"@type\":\"WebPage\",\"@id\":\"https:\\\/\\\/www.martel.ch\\\/cms\\\/weinwissen\\\/die-martel-burgund-welt\\\/\",\"url\":\"https:\\\/\\\/www.martel.ch\\\/cms\\\/weinwissen\\\/die-martel-burgund-welt\\\/\",\"name\":\"Die Martel Burgund-Welt\",\"isPartOf\":{\"@id\":\"https:\\\/\\\/www.martel.ch\\\/cms\\\/#website\"},\"primaryImageOfPage\":{\"@id\":\"https:\\\/\\\/www.martel.ch\\\/cms\\\/weinwissen\\\/die-martel-burgund-welt\\\/#primaryimage\"},\"image\":{\"@id\":\"https:\\\/\\\/www.martel.ch\\\/cms\\\/weinwissen\\\/die-martel-burgund-welt\\\/#primaryimage\"},\"thumbnailUrl\":\"https:\\\/\\\/www.martel.ch\\\/cms\\\/wp-content\\\/uploads\\\/2023\\\/05\\\/2022_chalonnaise_region_1.jpg\",\"datePublished\":\"2025-03-24T11:30:00+00:00\",\"dateModified\":\"2026-04-29T11:36:17+00:00\",\"description\":\"Im Burgund zuhause. In dieser aufregenden und manchmal etwas un\u00fcbersichtlichen Weinregion schaffen wir Orientierung.\",\"breadcrumb\":{\"@id\":\"https:\\\/\\\/www.martel.ch\\\/cms\\\/weinwissen\\\/die-martel-burgund-welt\\\/#breadcrumb\"},\"inLanguage\":\"de-CH\",\"potentialAction\":[{\"@type\":\"ReadAction\",\"target\":[\"https:\\\/\\\/www.martel.ch\\\/cms\\\/weinwissen\\\/die-martel-burgund-welt\\\/\"]}]},{\"@type\":\"ImageObject\",\"inLanguage\":\"de-CH\",\"@id\":\"https:\\\/\\\/www.martel.ch\\\/cms\\\/weinwissen\\\/die-martel-burgund-welt\\\/#primaryimage\",\"url\":\"https:\\\/\\\/www.martel.ch\\\/cms\\\/wp-content\\\/uploads\\\/2023\\\/05\\\/2022_chalonnaise_region_1.jpg\",\"contentUrl\":\"https:\\\/\\\/www.martel.ch\\\/cms\\\/wp-content\\\/uploads\\\/2023\\\/05\\\/2022_chalonnaise_region_1.jpg\",\"width\":2000,\"height\":1333,\"caption\":\"Burgund 2021\"},{\"@type\":\"BreadcrumbList\",\"@id\":\"https:\\\/\\\/www.martel.ch\\\/cms\\\/weinwissen\\\/die-martel-burgund-welt\\\/#breadcrumb\",\"itemListElement\":[{\"@type\":\"ListItem\",\"position\":1,\"name\":\"Startseite\",\"item\":\"https:\\\/\\\/www.martel.ch\\\/cms\\\/\"},{\"@type\":\"ListItem\",\"position\":2,\"name\":\"Weinwissen\",\"item\":\"https:\\\/\\\/www.martel.ch\\\/cms\\\/weinwissen\\\/\"},{\"@type\":\"ListItem\",\"position\":3,\"name\":\"Die Martel Burgund-Welt\"}]},{\"@type\":\"WebSite\",\"@id\":\"https:\\\/\\\/www.martel.ch\\\/cms\\\/#website\",\"url\":\"https:\\\/\\\/www.martel.ch\\\/cms\\\/\",\"name\":\"Martel\",\"description\":\"F\u00fcr Weinbegeisterte und die, die es werden m\u00f6chten.\",\"publisher\":{\"@id\":\"https:\\\/\\\/www.martel.ch\\\/cms\\\/#organization\"},\"potentialAction\":[{\"@type\":\"SearchAction\",\"target\":{\"@type\":\"EntryPoint\",\"urlTemplate\":\"https:\\\/\\\/www.martel.ch\\\/cms\\\/?s={search_term_string}\"},\"query-input\":{\"@type\":\"PropertyValueSpecification\",\"valueRequired\":true,\"valueName\":\"search_term_string\"}}],\"inLanguage\":\"de-CH\"},{\"@type\":\"Organization\",\"@id\":\"https:\\\/\\\/www.martel.ch\\\/cms\\\/#organization\",\"name\":\"Martel AG St.Gallen\",\"url\":\"https:\\\/\\\/www.martel.ch\\\/cms\\\/\",\"logo\":{\"@type\":\"ImageObject\",\"inLanguage\":\"de-CH\",\"@id\":\"https:\\\/\\\/www.martel.ch\\\/cms\\\/#\\\/schema\\\/logo\\\/image\\\/\",\"url\":\"https:\\\/\\\/www.martel.ch\\\/cms\\\/wp-content\\\/uploads\\\/2019\\\/02\\\/martel-logo.png\",\"contentUrl\":\"https:\\\/\\\/www.martel.ch\\\/cms\\\/wp-content\\\/uploads\\\/2019\\\/02\\\/martel-logo.png\",\"width\":600,\"height\":600,\"caption\":\"Martel AG St.Gallen\"},\"image\":{\"@id\":\"https:\\\/\\\/www.martel.ch\\\/cms\\\/#\\\/schema\\\/logo\\\/image\\\/\"},\"sameAs\":[\"https:\\\/\\\/www.facebook.com\\\/pages\\\/Martel-AG-St-Gallen\\\/233396026691876\",\"https:\\\/\\\/x.com\\\/martel_weinwelt\",\"https:\\\/\\\/www.instagram.com\\\/martel_weinwelt\\\/\",\"https:\\\/\\\/www.linkedin.com\\\/company\\\/martel-ag-st-gallen\",\"https:\\\/\\\/www.pinterest.ch\\\/martel_weinwelt\"]}]}<\/script>\n<!-- \/ Yoast SEO plugin. -->","yoast_head_json":{"title":"Die Martel Burgund-Welt","description":"Im Burgund zuhause. In dieser aufregenden und manchmal etwas un\u00fcbersichtlichen Weinregion schaffen wir Orientierung.","robots":{"index":"index","follow":"follow","max-snippet":"max-snippet:-1","max-image-preview":"max-image-preview:large","max-video-preview":"max-video-preview:-1"},"canonical":"https:\/\/www.martel.ch\/cms\/weinwissen\/die-martel-burgund-welt\/","og_locale":"de_DE","og_type":"article","og_title":"Die Martel Burgund-Welt","og_description":"Im Burgund zuhause. In dieser aufregenden und manchmal etwas un\u00fcbersichtlichen Weinregion schaffen wir Orientierung.","og_url":"https:\/\/www.martel.ch\/cms\/weinwissen\/die-martel-burgund-welt\/","og_site_name":"Martel","article_publisher":"https:\/\/www.facebook.com\/pages\/Martel-AG-St-Gallen\/233396026691876","article_modified_time":"2026-04-29T11:36:17+00:00","og_image":[{"width":854,"height":569,"url":"https:\/\/www.martel.ch\/cms\/wp-content\/uploads\/2023\/05\/2022_chalonnaise_region_1-854x569.jpg","type":"image\/jpeg"}],"twitter_card":"summary_large_image","twitter_site":"@martel_weinwelt","twitter_misc":{"Written by":"Martel Marketing"},"schema":{"@context":"https:\/\/schema.org","@graph":[{"@type":"WebPage","@id":"https:\/\/www.martel.ch\/cms\/weinwissen\/die-martel-burgund-welt\/","url":"https:\/\/www.martel.ch\/cms\/weinwissen\/die-martel-burgund-welt\/","name":"Die Martel Burgund-Welt","isPartOf":{"@id":"https:\/\/www.martel.ch\/cms\/#website"},"primaryImageOfPage":{"@id":"https:\/\/www.martel.ch\/cms\/weinwissen\/die-martel-burgund-welt\/#primaryimage"},"image":{"@id":"https:\/\/www.martel.ch\/cms\/weinwissen\/die-martel-burgund-welt\/#primaryimage"},"thumbnailUrl":"https:\/\/www.martel.ch\/cms\/wp-content\/uploads\/2023\/05\/2022_chalonnaise_region_1.jpg","datePublished":"2025-03-24T11:30:00+00:00","dateModified":"2026-04-29T11:36:17+00:00","description":"Im Burgund zuhause. In dieser aufregenden und manchmal etwas un\u00fcbersichtlichen Weinregion schaffen wir Orientierung.","breadcrumb":{"@id":"https:\/\/www.martel.ch\/cms\/weinwissen\/die-martel-burgund-welt\/#breadcrumb"},"inLanguage":"de-CH","potentialAction":[{"@type":"ReadAction","target":["https:\/\/www.martel.ch\/cms\/weinwissen\/die-martel-burgund-welt\/"]}]},{"@type":"ImageObject","inLanguage":"de-CH","@id":"https:\/\/www.martel.ch\/cms\/weinwissen\/die-martel-burgund-welt\/#primaryimage","url":"https:\/\/www.martel.ch\/cms\/wp-content\/uploads\/2023\/05\/2022_chalonnaise_region_1.jpg","contentUrl":"https:\/\/www.martel.ch\/cms\/wp-content\/uploads\/2023\/05\/2022_chalonnaise_region_1.jpg","width":2000,"height":1333,"caption":"Burgund 2021"},{"@type":"BreadcrumbList","@id":"https:\/\/www.martel.ch\/cms\/weinwissen\/die-martel-burgund-welt\/#breadcrumb","itemListElement":[{"@type":"ListItem","position":1,"name":"Startseite","item":"https:\/\/www.martel.ch\/cms\/"},{"@type":"ListItem","position":2,"name":"Weinwissen","item":"https:\/\/www.martel.ch\/cms\/weinwissen\/"},{"@type":"ListItem","position":3,"name":"Die Martel Burgund-Welt"}]},{"@type":"WebSite","@id":"https:\/\/www.martel.ch\/cms\/#website","url":"https:\/\/www.martel.ch\/cms\/","name":"Martel","description":"F\u00fcr Weinbegeisterte und die, die es werden m\u00f6chten.","publisher":{"@id":"https:\/\/www.martel.ch\/cms\/#organization"},"potentialAction":[{"@type":"SearchAction","target":{"@type":"EntryPoint","urlTemplate":"https:\/\/www.martel.ch\/cms\/?s={search_term_string}"},"query-input":{"@type":"PropertyValueSpecification","valueRequired":true,"valueName":"search_term_string"}}],"inLanguage":"de-CH"},{"@type":"Organization","@id":"https:\/\/www.martel.ch\/cms\/#organization","name":"Martel AG St.Gallen","url":"https:\/\/www.martel.ch\/cms\/","logo":{"@type":"ImageObject","inLanguage":"de-CH","@id":"https:\/\/www.martel.ch\/cms\/#\/schema\/logo\/image\/","url":"https:\/\/www.martel.ch\/cms\/wp-content\/uploads\/2019\/02\/martel-logo.png","contentUrl":"https:\/\/www.martel.ch\/cms\/wp-content\/uploads\/2019\/02\/martel-logo.png","width":600,"height":600,"caption":"Martel AG St.Gallen"},"image":{"@id":"https:\/\/www.martel.ch\/cms\/#\/schema\/logo\/image\/"},"sameAs":["https:\/\/www.facebook.com\/pages\/Martel-AG-St-Gallen\/233396026691876","https:\/\/x.com\/martel_weinwelt","https:\/\/www.instagram.com\/martel_weinwelt\/","https:\/\/www.linkedin.com\/company\/martel-ag-st-gallen","https:\/\/www.pinterest.ch\/martel_weinwelt"]}]}},"_links":{"self":[{"href":"https:\/\/www.martel.ch\/cms\/wp-json\/wp\/v2\/pages\/27348","targetHints":{"allow":["GET"]}}],"collection":[{"href":"https:\/\/www.martel.ch\/cms\/wp-json\/wp\/v2\/pages"}],"about":[{"href":"https:\/\/www.martel.ch\/cms\/wp-json\/wp\/v2\/types\/page"}],"author":[{"embeddable":true,"href":"https:\/\/www.martel.ch\/cms\/wp-json\/wp\/v2\/users\/52"}],"replies":[{"embeddable":true,"href":"https:\/\/www.martel.ch\/cms\/wp-json\/wp\/v2\/comments?post=27348"}],"version-history":[{"count":10,"href":"https:\/\/www.martel.ch\/cms\/wp-json\/wp\/v2\/pages\/27348\/revisions"}],"predecessor-version":[{"id":33006,"href":"https:\/\/www.martel.ch\/cms\/wp-json\/wp\/v2\/pages\/27348\/revisions\/33006"}],"up":[{"embeddable":true,"href":"https:\/\/www.martel.ch\/cms\/wp-json\/wp\/v2\/pages\/6709"}],"wp:featuredmedia":[{"embeddable":true,"href":"https:\/\/www.martel.ch\/cms\/wp-json\/wp\/v2\/media\/18392"}],"wp:attachment":[{"href":"https:\/\/www.martel.ch\/cms\/wp-json\/wp\/v2\/media?parent=27348"}],"wp:term":[{"taxonomy":"category","embeddable":true,"href":"https:\/\/www.martel.ch\/cms\/wp-json\/wp\/v2\/categories?post=27348"},{"taxonomy":"author","embeddable":true,"href":"https:\/\/www.martel.ch\/cms\/wp-json\/wp\/v2\/coauthors?post=27348"}],"curies":[{"name":"wp","href":"https:\/\/api.w.org\/{rel}","templated":true}]}}