{"id":28356,"date":"2025-02-25T08:41:10","date_gmt":"2025-02-25T07:41:10","guid":{"rendered":"https:\/\/www.martel.ch\/cms\/?page_id=28356"},"modified":"2025-10-29T08:45:16","modified_gmt":"2025-10-29T07:45:16","slug":"fokus-degustation","status":"publish","type":"page","link":"https:\/\/www.martel.ch\/cms\/events\/weindegustationen\/fokus-degustation\/","title":{"rendered":"Fokus-Degustation"},"content":{"rendered":"","protected":false},"excerpt":{"rendered":"","protected":false},"author":1,"featured_media":28345,"parent":21571,"menu_order":0,"comment_status":"closed","ping_status":"closed","template":"","meta":{"_acf_changed":false,"inline_featured_image":false,"footnotes":""},"categories":[],"coauthors":[497],"class_list":["post-28356","page","type-page","status-publish","has-post-thumbnail","hentry"],"acf":{"inhaltselemente":[{"acf_fc_layout":"header","header_titel":"Fokus-Degustation","header_typ":"1","header_fake":false,"header_subtitle":"","header_alignment":"left"},{"acf_fc_layout":"einspalter_text","einspalter_text_titel":"Das Konzept","einspalter_text_titel_typ":"2","einspalter_text_titel_fake":false,"einspalter_text_subtitle":"","einspalter_text_content":"Mit uns Weinprofis gemeinsam in spezielle Weinthemen eintauchen. In den Martel-Weinbegegnungsorten in Z\u00fcrich und St.Gallen stellen wir regelm\u00e4ssig eine Weinregion, eine Rebsorte oder ein Weintyp in den Mittelpunkt einer Degustation. Wir \u00f6ffnen jeweils mehr als 40 Flaschen Wein aus unserem Sortiment, die an zwei Tagen zwischen 13 und 20 Uhr in unseren Weinshops frei probiert werden k\u00f6nnen \u2013 darunter auch Gereiftes.\r\n\r\nZudem gibt es die M\u00f6glichkeit, sich von einem Martel Weinberater pers\u00f6nlich durchs Programm f\u00fchren zu lassen (Dauer: ca. 1 Stunde, kostenlos, Buchungen via Eventkalender). Alle Teilnehmenden k\u00f6nnen an beiden Tagen jeweils gegen 18.30 Uhr bei einem kurzen Referat mehr \u00fcber das jeweilige Degustationsthema erfahren.\r\n\r\nZum Auftakt dieser Degustationsreihe starten wir mit dem Thema Italien und dem Thema Spanien. Vorbeikommen und in lockerer Atmosph\u00e4re beste Weine degustieren \u2013 wie man es von Martel kennt. Wir offerieren aufs Thema abgestimmte H\u00e4ppchen eines Spitzenkochs.\r\n\r\nDer Eintritt zu den Martel Fokus-Degustationen betr\u00e4gt CHF 50. Darin enthalten ist ein Gutschein von CHF 20 ab einem Einkauf von CHF 300.","einspalter_bgcolor":false,"einspalter_layout_lines_top_bottom":false,"einspalter_collapse":false},{"acf_fc_layout":"einspalter_text","einspalter_text_titel":"Degustationsthemen ","einspalter_text_titel_typ":"2","einspalter_text_titel_fake":false,"einspalter_text_subtitle":"","einspalter_text_content":"Die Fokus-Themen 2025 waren Italien und Spanien. Die Themen und Termine f\u00fcr 2026 folgen in K\u00fcrze.","einspalter_bgcolor":false,"einspalter_layout_lines_top_bottom":false,"einspalter_collapse":false},{"acf_fc_layout":"image_image_text","image_image_text_titel_left":"","image_image_text_titel_typ_left":"2","image_image_text_titel_fake_left":false,"image_image_text_link_left":"","image_image_text_link_left_area":false,"image_image_text_bild_left":"","image_image_text_content_left":"<a class=\"btn btn-arrow\" href=\"https:\/\/www.martel.ch\/cms\/events\/weinkurse\/\">Weinkurse<\/a>","image_image_text_video_left":"","image_image_text_teaser_left":{"image_image_text_teaser_left_titel":"","image_image_text_teaser_left_titel_typ":"2","image_image_text_teaser_left_titel_fake":false,"image_image_text_teaser_left_link":""},"image_image_text_icon_left":"","image_image_text_icon_bg_left":"martel-rot","image_image_text_titel_right":"","image_image_text_titel_typ_right":"2","image_image_text_titel_fake_right":false,"image_image_text_link_right":"","image_image_text_link_right_area":false,"image_image_text_bild_right":"","image_image_text_content_right":"<a class=\"btn btn-arrow\" href=\"https:\/\/www.martel.ch\/cms\/events\/weindegustationen\/\">Alle Weindegustationen<\/a>","image_image_text_video_right":"","image_image_text_teaser_right":{"image_image_text_teaser_right_titel":"","image_image_text_teaser_right_titel_typ":"2","image_image_text_teaser_right_titel_fake":false,"image_image_text_teaser_right_link":""},"image_image_text_icon_right":"","image_image_text_icon_bg_right":"martel-rot","image_image_text_offset":false,"image_image_text_bgcolor":false}]},"yoast_head":"<!-- This site is optimized with the Yoast SEO plugin v27.4 - https:\/\/yoast.com\/product\/yoast-seo-wordpress\/ -->\n<title>Fokus-Degustation | Degustation<\/title>\n<meta name=\"description\" content=\"An unsere Fokus-Degustation kommen und in ungezwungener, lockerer, famili\u00e4rer Atmosph\u00e4re degustieren \u2013 wie man es von Martel kennt.\" \/>\n<meta name=\"robots\" content=\"index, follow, max-snippet:-1, max-image-preview:large, max-video-preview:-1\" \/>\n<link rel=\"canonical\" href=\"https:\/\/www.martel.ch\/cms\/events\/weindegustationen\/fokus-degustation\/\" \/>\n<meta property=\"og:locale\" content=\"de_DE\" \/>\n<meta property=\"og:type\" content=\"article\" \/>\n<meta property=\"og:title\" content=\"Fokus-Degustation | Degustation\" \/>\n<meta property=\"og:description\" content=\"An unsere Fokus-Degustation kommen und in ungezwungener, lockerer, famili\u00e4rer Atmosph\u00e4re degustieren \u2013 wie man es von Martel kennt.\" \/>\n<meta property=\"og:url\" content=\"https:\/\/www.martel.ch\/cms\/events\/weindegustationen\/fokus-degustation\/\" \/>\n<meta property=\"og:site_name\" content=\"Martel\" \/>\n<meta property=\"article:publisher\" content=\"https:\/\/www.facebook.com\/pages\/Martel-AG-St-Gallen\/233396026691876\" \/>\n<meta property=\"article:modified_time\" content=\"2025-10-29T07:45:16+00:00\" \/>\n<meta property=\"og:image\" content=\"https:\/\/www.martel.ch\/cms\/wp-content\/uploads\/2025\/02\/martel-neues-degustationsformat-1.jpg\" \/>\n\t<meta property=\"og:image:width\" content=\"2000\" \/>\n\t<meta property=\"og:image:height\" content=\"1333\" \/>\n\t<meta property=\"og:image:type\" content=\"image\/jpeg\" \/>\n<meta name=\"twitter:card\" content=\"summary_large_image\" \/>\n<meta name=\"twitter:site\" content=\"@martel_weinwelt\" \/>\n<meta name=\"twitter:label1\" content=\"Written by\" \/>\n\t<meta name=\"twitter:data1\" content=\"Martel Weinwelt\" \/>\n<script type=\"application\/ld+json\" class=\"yoast-schema-graph\">{\"@context\":\"https:\\\/\\\/schema.org\",\"@graph\":[{\"@type\":\"WebPage\",\"@id\":\"https:\\\/\\\/www.martel.ch\\\/cms\\\/events\\\/weindegustationen\\\/fokus-degustation\\\/\",\"url\":\"https:\\\/\\\/www.martel.ch\\\/cms\\\/events\\\/weindegustationen\\\/fokus-degustation\\\/\",\"name\":\"Fokus-Degustation | Degustation\",\"isPartOf\":{\"@id\":\"https:\\\/\\\/www.martel.ch\\\/cms\\\/#website\"},\"primaryImageOfPage\":{\"@id\":\"https:\\\/\\\/www.martel.ch\\\/cms\\\/events\\\/weindegustationen\\\/fokus-degustation\\\/#primaryimage\"},\"image\":{\"@id\":\"https:\\\/\\\/www.martel.ch\\\/cms\\\/events\\\/weindegustationen\\\/fokus-degustation\\\/#primaryimage\"},\"thumbnailUrl\":\"https:\\\/\\\/www.martel.ch\\\/cms\\\/wp-content\\\/uploads\\\/2025\\\/02\\\/martel-neues-degustationsformat-1.jpg\",\"datePublished\":\"2025-02-25T07:41:10+00:00\",\"dateModified\":\"2025-10-29T07:45:16+00:00\",\"description\":\"An unsere Fokus-Degustation kommen und in ungezwungener, lockerer, famili\u00e4rer Atmosph\u00e4re degustieren \u2013 wie man es von Martel kennt.\",\"breadcrumb\":{\"@id\":\"https:\\\/\\\/www.martel.ch\\\/cms\\\/events\\\/weindegustationen\\\/fokus-degustation\\\/#breadcrumb\"},\"inLanguage\":\"de-CH\",\"potentialAction\":[{\"@type\":\"ReadAction\",\"target\":[\"https:\\\/\\\/www.martel.ch\\\/cms\\\/events\\\/weindegustationen\\\/fokus-degustation\\\/\"]}]},{\"@type\":\"ImageObject\",\"inLanguage\":\"de-CH\",\"@id\":\"https:\\\/\\\/www.martel.ch\\\/cms\\\/events\\\/weindegustationen\\\/fokus-degustation\\\/#primaryimage\",\"url\":\"https:\\\/\\\/www.martel.ch\\\/cms\\\/wp-content\\\/uploads\\\/2025\\\/02\\\/martel-neues-degustationsformat-1.jpg\",\"contentUrl\":\"https:\\\/\\\/www.martel.ch\\\/cms\\\/wp-content\\\/uploads\\\/2025\\\/02\\\/martel-neues-degustationsformat-1.jpg\",\"width\":2000,\"height\":1333,\"caption\":\"Fokus Degustationen\"},{\"@type\":\"BreadcrumbList\",\"@id\":\"https:\\\/\\\/www.martel.ch\\\/cms\\\/events\\\/weindegustationen\\\/fokus-degustation\\\/#breadcrumb\",\"itemListElement\":[{\"@type\":\"ListItem\",\"position\":1,\"name\":\"Startseite\",\"item\":\"https:\\\/\\\/www.martel.ch\\\/cms\\\/\"},{\"@type\":\"ListItem\",\"position\":2,\"name\":\"Events\",\"item\":\"https:\\\/\\\/www.martel.ch\\\/cms\\\/events\\\/\"},{\"@type\":\"ListItem\",\"position\":3,\"name\":\"Weindegustationen\",\"item\":\"https:\\\/\\\/www.martel.ch\\\/cms\\\/events\\\/weindegustationen\\\/\"},{\"@type\":\"ListItem\",\"position\":4,\"name\":\"Fokus-Degustation\"}]},{\"@type\":\"WebSite\",\"@id\":\"https:\\\/\\\/www.martel.ch\\\/cms\\\/#website\",\"url\":\"https:\\\/\\\/www.martel.ch\\\/cms\\\/\",\"name\":\"Martel\",\"description\":\"F\u00fcr Weinbegeisterte und die, die es werden m\u00f6chten.\",\"publisher\":{\"@id\":\"https:\\\/\\\/www.martel.ch\\\/cms\\\/#organization\"},\"potentialAction\":[{\"@type\":\"SearchAction\",\"target\":{\"@type\":\"EntryPoint\",\"urlTemplate\":\"https:\\\/\\\/www.martel.ch\\\/cms\\\/?s={search_term_string}\"},\"query-input\":{\"@type\":\"PropertyValueSpecification\",\"valueRequired\":true,\"valueName\":\"search_term_string\"}}],\"inLanguage\":\"de-CH\"},{\"@type\":\"Organization\",\"@id\":\"https:\\\/\\\/www.martel.ch\\\/cms\\\/#organization\",\"name\":\"Martel AG St.Gallen\",\"url\":\"https:\\\/\\\/www.martel.ch\\\/cms\\\/\",\"logo\":{\"@type\":\"ImageObject\",\"inLanguage\":\"de-CH\",\"@id\":\"https:\\\/\\\/www.martel.ch\\\/cms\\\/#\\\/schema\\\/logo\\\/image\\\/\",\"url\":\"https:\\\/\\\/www.martel.ch\\\/cms\\\/wp-content\\\/uploads\\\/2019\\\/02\\\/martel-logo.png\",\"contentUrl\":\"https:\\\/\\\/www.martel.ch\\\/cms\\\/wp-content\\\/uploads\\\/2019\\\/02\\\/martel-logo.png\",\"width\":600,\"height\":600,\"caption\":\"Martel AG St.Gallen\"},\"image\":{\"@id\":\"https:\\\/\\\/www.martel.ch\\\/cms\\\/#\\\/schema\\\/logo\\\/image\\\/\"},\"sameAs\":[\"https:\\\/\\\/www.facebook.com\\\/pages\\\/Martel-AG-St-Gallen\\\/233396026691876\",\"https:\\\/\\\/x.com\\\/martel_weinwelt\",\"https:\\\/\\\/www.instagram.com\\\/martel_weinwelt\\\/\",\"https:\\\/\\\/www.linkedin.com\\\/company\\\/martel-ag-st-gallen\",\"https:\\\/\\\/www.pinterest.ch\\\/martel_weinwelt\"]}]}<\/script>\n<!-- \/ Yoast SEO plugin. -->","yoast_head_json":{"title":"Fokus-Degustation | Degustation","description":"An unsere Fokus-Degustation kommen und in ungezwungener, lockerer, famili\u00e4rer Atmosph\u00e4re degustieren \u2013 wie man es von Martel kennt.","robots":{"index":"index","follow":"follow","max-snippet":"max-snippet:-1","max-image-preview":"max-image-preview:large","max-video-preview":"max-video-preview:-1"},"canonical":"https:\/\/www.martel.ch\/cms\/events\/weindegustationen\/fokus-degustation\/","og_locale":"de_DE","og_type":"article","og_title":"Fokus-Degustation | Degustation","og_description":"An unsere Fokus-Degustation kommen und in ungezwungener, lockerer, famili\u00e4rer Atmosph\u00e4re degustieren \u2013 wie man es von Martel kennt.","og_url":"https:\/\/www.martel.ch\/cms\/events\/weindegustationen\/fokus-degustation\/","og_site_name":"Martel","article_publisher":"https:\/\/www.facebook.com\/pages\/Martel-AG-St-Gallen\/233396026691876","article_modified_time":"2025-10-29T07:45:16+00:00","og_image":[{"width":2000,"height":1333,"url":"https:\/\/www.martel.ch\/cms\/wp-content\/uploads\/2025\/02\/martel-neues-degustationsformat-1.jpg","type":"image\/jpeg"}],"twitter_card":"summary_large_image","twitter_site":"@martel_weinwelt","twitter_misc":{"Written by":"Martel Weinwelt"},"schema":{"@context":"https:\/\/schema.org","@graph":[{"@type":"WebPage","@id":"https:\/\/www.martel.ch\/cms\/events\/weindegustationen\/fokus-degustation\/","url":"https:\/\/www.martel.ch\/cms\/events\/weindegustationen\/fokus-degustation\/","name":"Fokus-Degustation | Degustation","isPartOf":{"@id":"https:\/\/www.martel.ch\/cms\/#website"},"primaryImageOfPage":{"@id":"https:\/\/www.martel.ch\/cms\/events\/weindegustationen\/fokus-degustation\/#primaryimage"},"image":{"@id":"https:\/\/www.martel.ch\/cms\/events\/weindegustationen\/fokus-degustation\/#primaryimage"},"thumbnailUrl":"https:\/\/www.martel.ch\/cms\/wp-content\/uploads\/2025\/02\/martel-neues-degustationsformat-1.jpg","datePublished":"2025-02-25T07:41:10+00:00","dateModified":"2025-10-29T07:45:16+00:00","description":"An unsere Fokus-Degustation kommen und in ungezwungener, lockerer, famili\u00e4rer Atmosph\u00e4re degustieren \u2013 wie man es von Martel kennt.","breadcrumb":{"@id":"https:\/\/www.martel.ch\/cms\/events\/weindegustationen\/fokus-degustation\/#breadcrumb"},"inLanguage":"de-CH","potentialAction":[{"@type":"ReadAction","target":["https:\/\/www.martel.ch\/cms\/events\/weindegustationen\/fokus-degustation\/"]}]},{"@type":"ImageObject","inLanguage":"de-CH","@id":"https:\/\/www.martel.ch\/cms\/events\/weindegustationen\/fokus-degustation\/#primaryimage","url":"https:\/\/www.martel.ch\/cms\/wp-content\/uploads\/2025\/02\/martel-neues-degustationsformat-1.jpg","contentUrl":"https:\/\/www.martel.ch\/cms\/wp-content\/uploads\/2025\/02\/martel-neues-degustationsformat-1.jpg","width":2000,"height":1333,"caption":"Fokus Degustationen"},{"@type":"BreadcrumbList","@id":"https:\/\/www.martel.ch\/cms\/events\/weindegustationen\/fokus-degustation\/#breadcrumb","itemListElement":[{"@type":"ListItem","position":1,"name":"Startseite","item":"https:\/\/www.martel.ch\/cms\/"},{"@type":"ListItem","position":2,"name":"Events","item":"https:\/\/www.martel.ch\/cms\/events\/"},{"@type":"ListItem","position":3,"name":"Weindegustationen","item":"https:\/\/www.martel.ch\/cms\/events\/weindegustationen\/"},{"@type":"ListItem","position":4,"name":"Fokus-Degustation"}]},{"@type":"WebSite","@id":"https:\/\/www.martel.ch\/cms\/#website","url":"https:\/\/www.martel.ch\/cms\/","name":"Martel","description":"F\u00fcr Weinbegeisterte und die, die es werden m\u00f6chten.","publisher":{"@id":"https:\/\/www.martel.ch\/cms\/#organization"},"potentialAction":[{"@type":"SearchAction","target":{"@type":"EntryPoint","urlTemplate":"https:\/\/www.martel.ch\/cms\/?s={search_term_string}"},"query-input":{"@type":"PropertyValueSpecification","valueRequired":true,"valueName":"search_term_string"}}],"inLanguage":"de-CH"},{"@type":"Organization","@id":"https:\/\/www.martel.ch\/cms\/#organization","name":"Martel AG St.Gallen","url":"https:\/\/www.martel.ch\/cms\/","logo":{"@type":"ImageObject","inLanguage":"de-CH","@id":"https:\/\/www.martel.ch\/cms\/#\/schema\/logo\/image\/","url":"https:\/\/www.martel.ch\/cms\/wp-content\/uploads\/2019\/02\/martel-logo.png","contentUrl":"https:\/\/www.martel.ch\/cms\/wp-content\/uploads\/2019\/02\/martel-logo.png","width":600,"height":600,"caption":"Martel AG St.Gallen"},"image":{"@id":"https:\/\/www.martel.ch\/cms\/#\/schema\/logo\/image\/"},"sameAs":["https:\/\/www.facebook.com\/pages\/Martel-AG-St-Gallen\/233396026691876","https:\/\/x.com\/martel_weinwelt","https:\/\/www.instagram.com\/martel_weinwelt\/","https:\/\/www.linkedin.com\/company\/martel-ag-st-gallen","https:\/\/www.pinterest.ch\/martel_weinwelt"]}]}},"_links":{"self":[{"href":"https:\/\/www.martel.ch\/cms\/wp-json\/wp\/v2\/pages\/28356","targetHints":{"allow":["GET"]}}],"collection":[{"href":"https:\/\/www.martel.ch\/cms\/wp-json\/wp\/v2\/pages"}],"about":[{"href":"https:\/\/www.martel.ch\/cms\/wp-json\/wp\/v2\/types\/page"}],"author":[{"embeddable":true,"href":"https:\/\/www.martel.ch\/cms\/wp-json\/wp\/v2\/users\/1"}],"replies":[{"embeddable":true,"href":"https:\/\/www.martel.ch\/cms\/wp-json\/wp\/v2\/comments?post=28356"}],"version-history":[{"count":9,"href":"https:\/\/www.martel.ch\/cms\/wp-json\/wp\/v2\/pages\/28356\/revisions"}],"predecessor-version":[{"id":31226,"href":"https:\/\/www.martel.ch\/cms\/wp-json\/wp\/v2\/pages\/28356\/revisions\/31226"}],"up":[{"embeddable":true,"href":"https:\/\/www.martel.ch\/cms\/wp-json\/wp\/v2\/pages\/21571"}],"wp:featuredmedia":[{"embeddable":true,"href":"https:\/\/www.martel.ch\/cms\/wp-json\/wp\/v2\/media\/28345"}],"wp:attachment":[{"href":"https:\/\/www.martel.ch\/cms\/wp-json\/wp\/v2\/media?parent=28356"}],"wp:term":[{"taxonomy":"category","embeddable":true,"href":"https:\/\/www.martel.ch\/cms\/wp-json\/wp\/v2\/categories?post=28356"},{"taxonomy":"author","embeddable":true,"href":"https:\/\/www.martel.ch\/cms\/wp-json\/wp\/v2\/coauthors?post=28356"}],"curies":[{"name":"wp","href":"https:\/\/api.w.org\/{rel}","templated":true}]}}