{"id":32909,"date":"2026-04-28T12:06:42","date_gmt":"2026-04-28T10:06:42","guid":{"rendered":"https:\/\/www.martel.ch\/cms\/?page_id=32909"},"modified":"2026-04-28T15:04:25","modified_gmt":"2026-04-28T13:04:25","slug":"bordeaux-jahrgangsbericht-2025","status":"publish","type":"page","link":"https:\/\/www.martel.ch\/cms\/weinwissen\/im-fokus-bordeaux\/bordeaux-jahrgangsbericht-2025\/","title":{"rendered":"Bordeaux Jahrgangsbericht 2025"},"content":{"rendered":"","protected":false},"excerpt":{"rendered":"","protected":false},"author":52,"featured_media":32919,"parent":17645,"menu_order":0,"comment_status":"closed","ping_status":"closed","template":"","meta":{"_acf_changed":false,"inline_featured_image":false,"footnotes":""},"categories":[],"coauthors":[539],"class_list":["post-32909","page","type-page","status-publish","has-post-thumbnail","hentry"],"acf":{"inhaltselemente":[{"acf_fc_layout":"einspalter_text","einspalter_text_titel":"Bordeaux Subskription 2025: Ein \u00fcberaus erfreulicher Jahrgang","einspalter_text_titel_typ":"1","einspalter_text_titel_fake":false,"einspalter_text_subtitle":"","einspalter_text_content":"<strong>Unser Einkaufsteam war eine Woche im Bordelais unterwegs, um sich ein genaues Bild vom neuen Jahrgang 2025 zu machen. Bordeaux-Experte und Martel-Einkaufsleiter Philippe Gallusser spricht im Interview \u00fcber seine Einsch\u00e4tzungen.<\/strong>","einspalter_bgcolor":false,"einspalter_layout_lines_top_bottom":false,"einspalter_collapse":false},{"acf_fc_layout":"image_image_text","image_image_text_titel_left":"","image_image_text_titel_typ_left":"2","image_image_text_titel_fake_left":false,"image_image_text_link_left":"","image_image_text_link_left_area":false,"image_image_text_bild_left":"","image_image_text_content_left":"<strong>Philippe, du hast eine Woche lang unz\u00e4hlige Bordeaux-Schl\u00f6sser besucht und einige hundert Weine verkostet. Wie f\u00e4llt dein Gesamtfazit zum Jahrgang 2025 aus?<\/strong>\r\n2025 ist ein heterogener Jahrgang. Bei den Rotweinen, die wir mit 4.5 von 5 Punkten bewerten, reicht die Bandbreite von durchschnittlich bis Weltklasse. Entscheidend ist die Selektion, sowohl im Rebberg als auch im Keller. Die besten Terroirs haben klare Vorteile. 2025 lohnt es sich beim Kauf, auf den Rat von Fachleuten zu h\u00f6ren. Es gibt grosse Unterschiede zwischen den Betrieben. Sauternes\/Barsac zeigen sich klar auf absolutem Topniveau! Die Weissweine sind meist sehr gut.\r\n\r\n<strong>Wie hat sich das Wetter im Jahresverlauf entwickelt?<\/strong>\r\nDer Winter war sehr nass, bis in den April hinein. Das hat die Wasserreserven gut aufgef\u00fcllt. Danach folgte eine lange, trockene und sehr warme beziehungsweise heisse Phase mit viel Sonneneinstrahlung bis Ende August. Das f\u00fchrte bei den Reben teilweise zu Trockenstress, vor allem auf leichteren B\u00f6den. Lehm und Kalkstein konnten das besser ausgleichen. Der Regen Ende August war entscheidend. Er hat vielen Trauben geholfen, wieder Volumen aufzubauen und die Zuckerwerte zu regulieren. Gleichzeitig hatten wir w\u00e4hrend der Sommermonate k\u00fchlere N\u00e4chte, was die Aromatik positiv beeinflusst hat. Die Lese begann sehr fr\u00fch. Weissweine wurden gr\u00f6sstenteils vor dem Regen Ende August gelesen, Merlot ab Anfang September, Cabernet Sauvignon ab Mitte September. Krankheiten waren kaum ein Thema, der Pflanzenschutzaufwand war gering. Die Ertr\u00e4ge sind insgesamt allerdings tief. Aus dem Jahr 2025 kommt in der Folge sp\u00fcrbar weniger Bordeaux auf den Markt.\r\n\r\n<strong>Die Bordeaux-Rotweine sind in diesem Jahr sehr schwierig zu beurteilen. Was macht den Rotweinjahrgang 2025 so komplex?<\/strong>\r\nDie Rotweine sind sehr unterschiedlich und nicht einfach zu fassen. Die Farbe ist intensiv. Aromatisch bewegen sich die Rotweine zwischen blaufruchtigen Noten, bei mehr Reife auch schwarzfruchtig, bei weniger eher rotfruchtig. Dazu kommen teilweise florale Nuancen, etwa Veilchen beim Merlot. Zentral ist die Tanninstruktur. Viele Weine haben eine hohe Gerbstoffkonzentration, teils fest und leicht trocknend. Das h\u00e4ngt mit den kleinen Beeren (durch Trockenheit) zusammen. Ein Gl\u00fccksfall, dass es im August nochmals regnete. In den Topbetrieben sind die Tannine reif, fein und sehr gut integriert. Die S\u00e4ure ist zum Gl\u00fcck eher hoch, aber deutlich besser eingebunden als im Vorjahr. Die besten Weine sind gleichzeitig dicht, konzentriert und doch elegant und ausgewogen. Generell zeigen die roten 2025er aus Bordeaux einen klaren Herkunftscharakter, das gef\u00e4llt uns von Martel.\r\n\r\n<strong>Welche Stilistik l\u00e4sst sich bei den roten Bordeaux 2025 insgesamt erkennen?<\/strong>\r\nIch sehe drei Hauptstile. Erstens elegante, herrlich ausgewogene, mittelgewichtige Weine mit viel Frische, moderatem Alkohol (Cheval Blanc liegt zum Beispiel bei 12.7%, Domaine de Chevalier gar bei 12.5%) und sehr gutem Trinkfluss und Salzigkeit. \u00dcberraschenderweise sensorisch doch recht konzentriert. Zweitens kraftvollere, reiffruchtige Weine mit \u00fcber 13% Alkohol, die trotzdem Balance (viel mehr als 2022!), Frische und eine sch\u00f6ne Salzigkeit zeigen. Zum Beispiel die Ch\u00e2teaux Margaux oder Tertre R\u00f4teboeuf. Drittens Weine mit gr\u00f6berer Struktur und weniger Harmonie. Solche Weine mit sperrigen Gerbstoffen und Ans\u00e4tzen von \u00dcberreife (W\u00e4rme, brandig) nehmen wir selbstredend nicht in unser Angebot auf. Wie gesagt: F\u00fcr den Jahrgang 2025 sind die Weinh\u00e4ndler gefragt.","image_image_text_video_left":"","image_image_text_teaser_left":{"image_image_text_teaser_left_titel":"","image_image_text_teaser_left_titel_typ":"2","image_image_text_teaser_left_titel_fake":false,"image_image_text_teaser_left_link":""},"image_image_text_icon_left":"","image_image_text_icon_bg_left":"martel-rot","image_image_text_titel_right":"","image_image_text_titel_typ_right":"2","image_image_text_titel_fake_right":false,"image_image_text_link_right":"","image_image_text_link_right_area":false,"image_image_text_bild_right":32919,"image_image_text_content_right":"<strong>Wie sch\u00e4tzt du das Reifepotenzial der 2025er-Bordeaux ein?<\/strong><strong>\r\n<\/strong>Viele Weine machen schon jung Freude. Gleichzeitig haben die besten ein sehr gutes Reifepotenzial. Sie verbinden Konzentration mit Struktur und Balance.\r\n\r\n<strong>F\u00fcr eine sehr positive \u00dcberraschung sorgten beim Jahrgang 2025 die s\u00fcssen Weine aus Sauternes und Barsac. Ein Jahrgang mit einer Top-Bewertung von Martel!<\/strong>\r\nJa, tats\u00e4chlich. Die Bordeaux-S\u00fcssweine pr\u00e4sentieren sich herausragend. Die Botrytis hat fr\u00fch, schnell und sehr sauber eingesetzt, auf gesunden Trauben. Die Weing\u00fcter mussten kaum selektionieren \u2013 eine ideale Ausgangslage f\u00fcr beste S\u00fcssweine. Die 2025er sind denn auch ausserordentlich klar, linear, konzentriert und zeigen oft eine intensive S\u00fcsse. Gleichzeitig \u00fcberzeugen sie mit einer tollen S\u00e4ure, reif und tragend, die f\u00fcr Balance sorgt. Es ist ein klassischer Jahrgang mit viel und sehr sauberer Botrytis. Rundum gelungene, sehr pr\u00e4szise Weine. Wir k\u00f6nnen uns echt freuen auf diese ungemein guten Sauternes und Barsacs 2025!\r\n\r\n<strong>Die trockenen Weissweine erhalten von Martel deutlicher weniger Punkte, was heisst das?<\/strong>\r\nDas heisst: Die Weissweine machen Freude und sind gut bis sehr gut. Stilistisch eher auf der reifen Seite, mit reiffruchtigen aber auch oft zitrischen Noten. Die S\u00e4ure ist pr\u00e4sent, aber rund und gut eingebunden, sofern nicht zu fr\u00fch gelesen wurde. Viele Weine sind konzentriert und kraftvoll. Das sind weniger klassische Ap\u00e9roweine, sondern eher Speisebegleiter. Die besten zeigen zus\u00e4tzlich eine animierende salzige Note, Weine mit Spannung und Tiefgang.\r\n\r\n<strong>Bereits bei der Lese letzten Herbst war klar, dass die Menge des Jahrgangs kleiner ausf\u00e4llt als \u00fcblich. Was heisst das nun konkret?<\/strong>\r\nLeider sind die Mengen tats\u00e4chlich insgesamt tief. Die Trockenheit hat das Beerengewicht deutlich reduziert, dazu kam eine strenge Selektion im Rebberg. Teils liegen die Ertr\u00e4ge nur knapp \u00fcber 20 Hektoliter pro Hektar. Das wird den Jahrgang entsprechend knapp machen, vor allem bei den besten Weinen.\r\n\r\n<strong>Das f\u00fchrt uns zur Frage: Wie wirkt sich das auf die Preise aus?\r\n<\/strong>Die Preise sind so kurz nach unseren ersten Degustationen noch unklar, dank der besseren Qualit\u00e4t als 2024 und den kleinen Mengen ist eine leichte Preissteigerung die wahrscheinlichste Variante. Einige Weing\u00fcter werden die Preise der Weine voraussichtlich nicht erh\u00f6hen, da sie in den letzten Jahren die Preise hochgehalten haben.","image_image_text_video_right":"","image_image_text_teaser_right":{"image_image_text_teaser_right_titel":"","image_image_text_teaser_right_titel_typ":"2","image_image_text_teaser_right_titel_fake":false,"image_image_text_teaser_right_link":""},"image_image_text_icon_right":"","image_image_text_icon_bg_right":"martel-rot","image_image_text_offset":false,"image_image_text_bgcolor":false},{"acf_fc_layout":"einspalter_text","einspalter_text_titel":"","einspalter_text_titel_typ":"2","einspalter_text_titel_fake":false,"einspalter_text_subtitle":"","einspalter_text_content":"<a class=\"btn btn-primary\" href=\"https:\/\/www.martel.ch\/bdx-subskription25\" target=\"_blank\" rel=\"noopener\">Zu den Weinen<\/a>","einspalter_bgcolor":false,"einspalter_layout_lines_top_bottom":false,"einspalter_collapse":false},{"acf_fc_layout":"einspalter_text","einspalter_text_titel":"Ch\u00e2teau Lafleur bleibt Ch\u00e2teau Lafleur ","einspalter_text_titel_typ":"2","einspalter_text_titel_fake":false,"einspalter_text_subtitle":"","einspalter_text_content":"Lafleur-Weine sind von einem anderen Stern. Dieses Familien-Weingut geh\u00f6rt zur absoluten Spitze in Bordeaux. Es geniesst einen besonderen Platz in unseren Herzen und im Martel-Sortiment. Beim k\u00fcrzlichen Besuch auf dem Ch\u00e2teau \u00fcberzeugten wir uns davon, weshalb es f\u00fcr Lafleur richtig und konsequent war, mit dem Jahrgang 2025 aus der Pomerol-Appellation auszusteigen. Die Regularien der Appellation h\u00e4tten es nicht erlaubt, einzelne Parzellen w\u00e4hrend der extremen Hitze gezielt mit unterirdisch zugef\u00fchrtem Wasser zum richtigen Zeitpunkt zu versorgen. Ohne diese Massnahme drohte das Beerengewicht unter die f\u00fcr Ch\u00e2teau Lafleur kritische Marke von 1 Gramm zu fallen. Damit w\u00e4re das Gleichgewicht zwischen Tannin und Saft nicht mehr gegeben gewesen und Lafleur h\u00e4tte den eigenen Qualit\u00e4tsanspruch verfehlt.\r\n\r\nDurch den Ausstieg konnten nun gesunde Trauben ohne Reifeblockade und mit viel Balance gelesen werden: saftig, pr\u00e4zise, mit reifen Tanninen und klarer Frische. Der Stil bleibt unverkennbar Lafleur.\r\n\r\nF\u00fcr die Lafleur-Weine des Jahrgangs 2025 folgt ein separates Angebot. Melden Sie bitte <a href=\"https:\/\/www.martel.ch\/cms\/weinwissen\/im-fokus-bordeaux\/chateau-lafleur-2025-anmeldung-zum-angebot\/\">hier<\/a> Ihr Interesse an.","einspalter_bgcolor":false,"einspalter_layout_lines_top_bottom":true,"einspalter_collapse":false},{"acf_fc_layout":"einspalter_text","einspalter_text_titel":"Martel-Bewertung des Bordeaux-Jahrgangs 2025","einspalter_text_titel_typ":"2","einspalter_text_titel_fake":false,"einspalter_text_subtitle":"","einspalter_text_content":"Rotweine: 4.5 Punkte (sehr gut bis herausragend)\r\nWeissweine: 3.5 Punkte (gut bis sehr gut)\r\nS\u00fcssweine: 5.0 Punkte (herausragend)","einspalter_bgcolor":false,"einspalter_layout_lines_top_bottom":false,"einspalter_collapse":false},{"acf_fc_layout":"header","header_titel":"Martel-Empfehlungen","header_typ":"2","header_fake":false,"header_subtitle":"","header_alignment":"left"},{"acf_fc_layout":"image_image_text","image_image_text_titel_left":"","image_image_text_titel_typ_left":"2","image_image_text_titel_fake_left":false,"image_image_text_link_left":"","image_image_text_link_left_area":false,"image_image_text_bild_left":"","image_image_text_content_left":"<strong>Ohne Appellation<\/strong>\r\n<ul>\r\n \t<li>TOP: Ch\u00e2teau Lafleur<\/li>\r\n \t<li>Les Perri\u00e8res<\/li>\r\n \t<li>Les Pens\u00e9es<\/li>\r\n<\/ul>\r\n<strong>Saint-Est\u00e8phe<\/strong>\r\n<ul>\r\n \t<li>TOP: Ch\u00e2teau Montrose<\/li>\r\n \t<li>Cos d\u2019Estournel<\/li>\r\n<\/ul>\r\n<strong>Pauillac<\/strong>\r\n<ul>\r\n \t<li>TOP: Ch\u00e2teau Mouton Rothschild<\/li>\r\n \t<li>TOP: Ch\u00e2teau Pichon Longueville Comtesse de Lalande<\/li>\r\n \t<li>Ch\u00e2teau Lafite Rothschild<\/li>\r\n \t<li>Ch\u00e2teau Pichon Baron<\/li>\r\n \t<li>Ch\u00e2teau Pontet-Canet<\/li>\r\n \t<li>Ch\u00e2teau Lynch-Bages<\/li>\r\n \t<li>Ch\u00e2teau Haut-Bages Lib\u00e9ral<\/li>\r\n<\/ul>\r\n<strong>Saint-Julien<\/strong>\r\n<ul>\r\n \t<li>TOP: Ch\u00e2teau L\u00e9oville Las Cases<\/li>\r\n \t<li>TOP: Ch\u00e2teau L\u00e9oville Barton<\/li>\r\n \t<li>Ch\u00e2teau L\u00e9oville-Poyferr\u00e9<\/li>\r\n \t<li>Ch\u00e2teau Ducru-Beaucaillou<\/li>\r\n \t<li>Ch\u00e2teau Beychevelle<\/li>\r\n \t<li>Ch\u00e2teau Gruaud Larose<\/li>\r\n<\/ul>\r\n<strong>Margaux<\/strong>\r\n<ul>\r\n \t<li>TOP: Ch\u00e2teau Margaux<\/li>\r\n \t<li>TOP: Ch\u00e2teau Brane-Cantenac<\/li>\r\n \t<li>NEU: Ch\u00e2teau Rauzan-Gassies<\/li>\r\n \t<li>Ch\u00e2teau Palmer<\/li>\r\n \t<li>Ch\u00e2teau Rauzan-S\u00e9gla<\/li>\r\n \t<li>Ch\u00e2teau Malescot Saint-Exup\u00e9ry<\/li>\r\n \t<li>Ch\u00e2teau Ferri\u00e8re<\/li>\r\n<\/ul>\r\n<strong>M\u00e9doc<\/strong>\r\n<ul>\r\n \t<li>Ch\u00e2teau Sociando-Mallet<\/li>\r\n<\/ul>\r\n<strong>Pessac-L\u00e9ognan<\/strong>\r\n<ul>\r\n \t<li>TOP: Ch\u00e2teau Les Carmes Haut-Brion<\/li>\r\n \t<li>TOP: Ch\u00e2teau Haut-Bailly<\/li>\r\n \t<li>Ch\u00e2teau Haut-Brion<\/li>\r\n \t<li>Ch\u00e2teau La Mission Haut-Brion<\/li>\r\n \t<li>Domaine de Chevalier<\/li>\r\n \t<li>Ch\u00e2teau Smith Haut Lafitte<\/li>\r\n<\/ul>\r\n&nbsp;\r\n\r\n\u00dcbrigens: Die <a href=\"http:\/\/www.martel.ch\/shop\/jahrgangstabelle\">Jahrgangstabelle<\/a> der Weinhandlung Martel ist eine zuverl\u00e4ssige Quelle f\u00fcr die Einordnung von Jahrg\u00e4ngen.","image_image_text_video_left":"","image_image_text_teaser_left":{"image_image_text_teaser_left_titel":"","image_image_text_teaser_left_titel_typ":"2","image_image_text_teaser_left_titel_fake":false,"image_image_text_teaser_left_link":""},"image_image_text_icon_left":"","image_image_text_icon_bg_left":"martel-rot","image_image_text_titel_right":"","image_image_text_titel_typ_right":"2","image_image_text_titel_fake_right":false,"image_image_text_link_right":"","image_image_text_link_right_area":false,"image_image_text_bild_right":"","image_image_text_content_right":"<strong>Pomerol<\/strong>\r\n<ul>\r\n \t<li>TOP: Ch\u00e2teau La Conseillante<\/li>\r\n \t<li>Ch\u00e2teau Vieux Ch\u00e2teau Certan<\/li>\r\n \t<li>Ch\u00e2teau Petit-Village<\/li>\r\n \t<li>Ch\u00e2teau Clinet<\/li>\r\n<\/ul>\r\n<strong>Lalande de Pomerol<\/strong>\r\n<ul>\r\n \t<li>TOP: Le Bourg, Ch\u00e2teau de Chambrun<\/li>\r\n \t<li>Ch\u00e2teau de Chambrun<\/li>\r\n<\/ul>\r\n<strong>Saint-\u00c9milion<\/strong>\r\n<ul>\r\n \t<li>TOP: Ch\u00e2teau Cheval Blanc<\/li>\r\n \t<li>TOP: Ch\u00e2teau Figeac<\/li>\r\n \t<li>TOP: Ch\u00e2teau Beaus\u00e9jour B\u00e9cot<\/li>\r\n \t<li>TOP: Ch\u00e2teau Troplong-Mondot<\/li>\r\n \t<li>Ch\u00e2teau Ausone<\/li>\r\n \t<li>NEU: Ch\u00e2teau La Voute<\/li>\r\n \t<li>Ch\u00e2teau Canon-La Gaffeli\u00e8re<\/li>\r\n \t<li>Ch\u00e2teau Tertre Roteboeuf<\/li>\r\n \t<li>Domaine des Cambes, Bordeaux (Ch. Tertre Roteboeuf)<\/li>\r\n \t<li>Roc de Cambes, C\u00f4tes de Bourg (Ch. Tertre Roteboeuf)<\/li>\r\n<\/ul>\r\n<strong>Bordeaux Blanc (Weissweine)<\/strong>\r\n<ul>\r\n \t<li>TOP: Ch\u00e2teau Haut-Brion Blanc, Pessac-L\u00e9ognan<\/li>\r\n \t<li>Domaine de Chevalier Blanc, Pessac-L\u00e9ognan<\/li>\r\n \t<li>Ch\u00e2teau Smith Haut Lafitte Blanc, Pessac-L\u00e9ognan<\/li>\r\n \t<li>Ch\u00e2teau Malartic-Lagravi\u00e8re Blanc, Pessac-L\u00e9ognan<\/li>\r\n \t<li>Ch\u00e2teau de Fieuzal Blanc, Pessac-L\u00e9ognan<\/li>\r\n \t<li>Ch\u00e2teau Brane-Cantenac Blanc, Bordeaux AC<\/li>\r\n \t<li>NEU: Ch\u00e2teau Doisy Da\u00ebne Sauvignon Blanc Sec, Bordeaux AC<\/li>\r\n<\/ul>\r\n<strong>Sauternes (S\u00fcssweine)<\/strong>\r\n<ul>\r\n \t<li>TOP: Ch\u00e2teau Doisy Da\u00ebne<\/li>\r\n \t<li>TOP: L\u2019Extravagant de Doisy Da\u00ebne<\/li>\r\n \t<li>Ch\u00e2teau Coutet<\/li>\r\n \t<li>Ch\u00e2teau Guiraud<\/li>\r\n \t<li>Ch\u00e2teau Doisy-V\u00e9drines<\/li>\r\n<\/ul>\r\n<strong>Best-Buys<\/strong>\r\n<ul>\r\n \t<li>TOP: Ch\u00e2teau Lespault-Martillac Blanc, Pessac-L\u00e9ognan<\/li>\r\n \t<li>Ch\u00e2teau Lespault-Martillac Rouge, Pessac-L\u00e9ognan<\/li>\r\n \t<li>La Dame de Montrose, Saint-Est\u00e8phe<\/li>\r\n \t<li>Ch\u00e2teau Ph\u00e9lan S\u00e9gur, Saint-Est\u00e8phe<\/li>\r\n \t<li>R\u00e9serve de la Comtesse, Pauillac<\/li>\r\n \t<li>Ch\u00e2teau Cantemerle, Haut-M\u00e9doc<\/li>\r\n \t<li>Ch\u00e2teau Dutruch Grand Poujeaux, Moulis<\/li>\r\n \t<li>Ch\u00e2teau Beauregard, Pomerol<\/li>\r\n \t<li>Ch\u00e2teau Moncets, Lalande de Pomerol<\/li>\r\n \t<li>Domaine de l\u2019A, Castillon C\u00f4tes de Bordeaux<\/li>\r\n<\/ul>\r\n&nbsp;","image_image_text_video_right":"","image_image_text_teaser_right":{"image_image_text_teaser_right_titel":"","image_image_text_teaser_right_titel_typ":"2","image_image_text_teaser_right_titel_fake":false,"image_image_text_teaser_right_link":""},"image_image_text_icon_right":"","image_image_text_icon_bg_right":"martel-rot","image_image_text_offset":false,"image_image_text_bgcolor":false},{"acf_fc_layout":"image_image_text","image_image_text_titel_left":"","image_image_text_titel_typ_left":"2","image_image_text_titel_fake_left":false,"image_image_text_link_left":{"title":"Bordeaux Subskription 2025","url":"https:\/\/www.martel.ch\/bdx-subskription25","target":""},"image_image_text_link_left_area":false,"image_image_text_bild_left":"","image_image_text_content_left":"","image_image_text_video_left":"","image_image_text_teaser_left":{"image_image_text_teaser_left_titel":"","image_image_text_teaser_left_titel_typ":"2","image_image_text_teaser_left_titel_fake":false,"image_image_text_teaser_left_link":""},"image_image_text_icon_left":"","image_image_text_icon_bg_left":"martel-rot","image_image_text_titel_right":"","image_image_text_titel_typ_right":"2","image_image_text_titel_fake_right":false,"image_image_text_link_right":{"title":"Martel Bordeaux-Welt","url":"https:\/\/www.martel.ch\/cms\/weinwissen\/die-martel-bordeaux-welt-3\/","target":""},"image_image_text_link_right_area":false,"image_image_text_bild_right":"","image_image_text_content_right":"","image_image_text_video_right":"","image_image_text_teaser_right":{"image_image_text_teaser_right_titel":"","image_image_text_teaser_right_titel_typ":"2","image_image_text_teaser_right_titel_fake":false,"image_image_text_teaser_right_link":""},"image_image_text_icon_right":"","image_image_text_icon_bg_right":"martel-rot","image_image_text_offset":false,"image_image_text_bgcolor":false}]},"yoast_head":"<!-- This site is optimized with the Yoast SEO plugin v27.4 - https:\/\/yoast.com\/product\/yoast-seo-wordpress\/ -->\n<title>Bordeaux Jahrgangsbericht 2025<\/title>\n<meta name=\"description\" content=\"Bordeaux Jahrgangsbericht 2025 - Auch dieses Fr\u00fchjahr waren wir in Bordeaux unterwegs. Hier unsere Einsch\u00e4tzung zum Bordeaux Jahrgang 2025.\" \/>\n<meta name=\"robots\" content=\"index, follow, max-snippet:-1, max-image-preview:large, max-video-preview:-1\" \/>\n<link rel=\"canonical\" href=\"https:\/\/www.martel.ch\/cms\/weinwissen\/im-fokus-bordeaux\/bordeaux-jahrgangsbericht-2025\/\" \/>\n<meta property=\"og:locale\" content=\"de_DE\" \/>\n<meta property=\"og:type\" content=\"article\" \/>\n<meta property=\"og:title\" content=\"Bordeaux Jahrgangsbericht 2025\" \/>\n<meta property=\"og:description\" content=\"Bordeaux Jahrgangsbericht 2025 - Auch dieses Fr\u00fchjahr waren wir in Bordeaux unterwegs. Hier unsere Einsch\u00e4tzung zum Bordeaux Jahrgang 2025.\" \/>\n<meta property=\"og:url\" content=\"https:\/\/www.martel.ch\/cms\/weinwissen\/im-fokus-bordeaux\/bordeaux-jahrgangsbericht-2025\/\" \/>\n<meta property=\"og:site_name\" content=\"Martel\" \/>\n<meta property=\"article:publisher\" content=\"https:\/\/www.facebook.com\/pages\/Martel-AG-St-Gallen\/233396026691876\" \/>\n<meta property=\"article:modified_time\" content=\"2026-04-28T13:04:25+00:00\" \/>\n<meta property=\"og:image\" content=\"https:\/\/www.martel.ch\/cms\/wp-content\/uploads\/2026\/04\/martel-web-philippe-gallusser.jpg\" \/>\n\t<meta property=\"og:image:width\" content=\"2000\" \/>\n\t<meta property=\"og:image:height\" content=\"1333\" \/>\n\t<meta property=\"og:image:type\" content=\"image\/jpeg\" \/>\n<meta name=\"twitter:card\" content=\"summary_large_image\" \/>\n<meta name=\"twitter:site\" content=\"@martel_weinwelt\" \/>\n<meta name=\"twitter:label1\" content=\"Written by\" \/>\n\t<meta name=\"twitter:data1\" content=\"Martel Marketing\" \/>\n<script type=\"application\/ld+json\" class=\"yoast-schema-graph\">{\"@context\":\"https:\\\/\\\/schema.org\",\"@graph\":[{\"@type\":\"WebPage\",\"@id\":\"https:\\\/\\\/www.martel.ch\\\/cms\\\/weinwissen\\\/im-fokus-bordeaux\\\/bordeaux-jahrgangsbericht-2025\\\/\",\"url\":\"https:\\\/\\\/www.martel.ch\\\/cms\\\/weinwissen\\\/im-fokus-bordeaux\\\/bordeaux-jahrgangsbericht-2025\\\/\",\"name\":\"Bordeaux Jahrgangsbericht 2025\",\"isPartOf\":{\"@id\":\"https:\\\/\\\/www.martel.ch\\\/cms\\\/#website\"},\"primaryImageOfPage\":{\"@id\":\"https:\\\/\\\/www.martel.ch\\\/cms\\\/weinwissen\\\/im-fokus-bordeaux\\\/bordeaux-jahrgangsbericht-2025\\\/#primaryimage\"},\"image\":{\"@id\":\"https:\\\/\\\/www.martel.ch\\\/cms\\\/weinwissen\\\/im-fokus-bordeaux\\\/bordeaux-jahrgangsbericht-2025\\\/#primaryimage\"},\"thumbnailUrl\":\"https:\\\/\\\/www.martel.ch\\\/cms\\\/wp-content\\\/uploads\\\/2026\\\/04\\\/martel-web-philippe-gallusser.jpg\",\"datePublished\":\"2026-04-28T10:06:42+00:00\",\"dateModified\":\"2026-04-28T13:04:25+00:00\",\"description\":\"Bordeaux Jahrgangsbericht 2025 - Auch dieses Fr\u00fchjahr waren wir in Bordeaux unterwegs. Hier unsere Einsch\u00e4tzung zum Bordeaux Jahrgang 2025.\",\"breadcrumb\":{\"@id\":\"https:\\\/\\\/www.martel.ch\\\/cms\\\/weinwissen\\\/im-fokus-bordeaux\\\/bordeaux-jahrgangsbericht-2025\\\/#breadcrumb\"},\"inLanguage\":\"de-CH\",\"potentialAction\":[{\"@type\":\"ReadAction\",\"target\":[\"https:\\\/\\\/www.martel.ch\\\/cms\\\/weinwissen\\\/im-fokus-bordeaux\\\/bordeaux-jahrgangsbericht-2025\\\/\"]}]},{\"@type\":\"ImageObject\",\"inLanguage\":\"de-CH\",\"@id\":\"https:\\\/\\\/www.martel.ch\\\/cms\\\/weinwissen\\\/im-fokus-bordeaux\\\/bordeaux-jahrgangsbericht-2025\\\/#primaryimage\",\"url\":\"https:\\\/\\\/www.martel.ch\\\/cms\\\/wp-content\\\/uploads\\\/2026\\\/04\\\/martel-web-philippe-gallusser.jpg\",\"contentUrl\":\"https:\\\/\\\/www.martel.ch\\\/cms\\\/wp-content\\\/uploads\\\/2026\\\/04\\\/martel-web-philippe-gallusser.jpg\",\"width\":2000,\"height\":1333,\"caption\":\"Philippe Gallusser Bordeaux\"},{\"@type\":\"BreadcrumbList\",\"@id\":\"https:\\\/\\\/www.martel.ch\\\/cms\\\/weinwissen\\\/im-fokus-bordeaux\\\/bordeaux-jahrgangsbericht-2025\\\/#breadcrumb\",\"itemListElement\":[{\"@type\":\"ListItem\",\"position\":1,\"name\":\"Startseite\",\"item\":\"https:\\\/\\\/www.martel.ch\\\/cms\\\/\"},{\"@type\":\"ListItem\",\"position\":2,\"name\":\"Weinwissen\",\"item\":\"https:\\\/\\\/www.martel.ch\\\/cms\\\/weinwissen\\\/\"},{\"@type\":\"ListItem\",\"position\":3,\"name\":\"Die Martel Bordeaux-Welt\",\"item\":\"https:\\\/\\\/www.martel.ch\\\/cms\\\/?page_id=17645\"},{\"@type\":\"ListItem\",\"position\":4,\"name\":\"Bordeaux Jahrgangsbericht 2025\"}]},{\"@type\":\"WebSite\",\"@id\":\"https:\\\/\\\/www.martel.ch\\\/cms\\\/#website\",\"url\":\"https:\\\/\\\/www.martel.ch\\\/cms\\\/\",\"name\":\"Martel\",\"description\":\"F\u00fcr Weinbegeisterte und die, die es werden m\u00f6chten.\",\"publisher\":{\"@id\":\"https:\\\/\\\/www.martel.ch\\\/cms\\\/#organization\"},\"potentialAction\":[{\"@type\":\"SearchAction\",\"target\":{\"@type\":\"EntryPoint\",\"urlTemplate\":\"https:\\\/\\\/www.martel.ch\\\/cms\\\/?s={search_term_string}\"},\"query-input\":{\"@type\":\"PropertyValueSpecification\",\"valueRequired\":true,\"valueName\":\"search_term_string\"}}],\"inLanguage\":\"de-CH\"},{\"@type\":\"Organization\",\"@id\":\"https:\\\/\\\/www.martel.ch\\\/cms\\\/#organization\",\"name\":\"Martel AG St.Gallen\",\"url\":\"https:\\\/\\\/www.martel.ch\\\/cms\\\/\",\"logo\":{\"@type\":\"ImageObject\",\"inLanguage\":\"de-CH\",\"@id\":\"https:\\\/\\\/www.martel.ch\\\/cms\\\/#\\\/schema\\\/logo\\\/image\\\/\",\"url\":\"https:\\\/\\\/www.martel.ch\\\/cms\\\/wp-content\\\/uploads\\\/2019\\\/02\\\/martel-logo.png\",\"contentUrl\":\"https:\\\/\\\/www.martel.ch\\\/cms\\\/wp-content\\\/uploads\\\/2019\\\/02\\\/martel-logo.png\",\"width\":600,\"height\":600,\"caption\":\"Martel AG St.Gallen\"},\"image\":{\"@id\":\"https:\\\/\\\/www.martel.ch\\\/cms\\\/#\\\/schema\\\/logo\\\/image\\\/\"},\"sameAs\":[\"https:\\\/\\\/www.facebook.com\\\/pages\\\/Martel-AG-St-Gallen\\\/233396026691876\",\"https:\\\/\\\/x.com\\\/martel_weinwelt\",\"https:\\\/\\\/www.instagram.com\\\/martel_weinwelt\\\/\",\"https:\\\/\\\/www.linkedin.com\\\/company\\\/martel-ag-st-gallen\",\"https:\\\/\\\/www.pinterest.ch\\\/martel_weinwelt\"]}]}<\/script>\n<!-- \/ Yoast SEO plugin. -->","yoast_head_json":{"title":"Bordeaux Jahrgangsbericht 2025","description":"Bordeaux Jahrgangsbericht 2025 - Auch dieses Fr\u00fchjahr waren wir in Bordeaux unterwegs. Hier unsere Einsch\u00e4tzung zum Bordeaux Jahrgang 2025.","robots":{"index":"index","follow":"follow","max-snippet":"max-snippet:-1","max-image-preview":"max-image-preview:large","max-video-preview":"max-video-preview:-1"},"canonical":"https:\/\/www.martel.ch\/cms\/weinwissen\/im-fokus-bordeaux\/bordeaux-jahrgangsbericht-2025\/","og_locale":"de_DE","og_type":"article","og_title":"Bordeaux Jahrgangsbericht 2025","og_description":"Bordeaux Jahrgangsbericht 2025 - Auch dieses Fr\u00fchjahr waren wir in Bordeaux unterwegs. Hier unsere Einsch\u00e4tzung zum Bordeaux Jahrgang 2025.","og_url":"https:\/\/www.martel.ch\/cms\/weinwissen\/im-fokus-bordeaux\/bordeaux-jahrgangsbericht-2025\/","og_site_name":"Martel","article_publisher":"https:\/\/www.facebook.com\/pages\/Martel-AG-St-Gallen\/233396026691876","article_modified_time":"2026-04-28T13:04:25+00:00","og_image":[{"width":2000,"height":1333,"url":"https:\/\/www.martel.ch\/cms\/wp-content\/uploads\/2026\/04\/martel-web-philippe-gallusser.jpg","type":"image\/jpeg"}],"twitter_card":"summary_large_image","twitter_site":"@martel_weinwelt","twitter_misc":{"Written by":"Martel Marketing"},"schema":{"@context":"https:\/\/schema.org","@graph":[{"@type":"WebPage","@id":"https:\/\/www.martel.ch\/cms\/weinwissen\/im-fokus-bordeaux\/bordeaux-jahrgangsbericht-2025\/","url":"https:\/\/www.martel.ch\/cms\/weinwissen\/im-fokus-bordeaux\/bordeaux-jahrgangsbericht-2025\/","name":"Bordeaux Jahrgangsbericht 2025","isPartOf":{"@id":"https:\/\/www.martel.ch\/cms\/#website"},"primaryImageOfPage":{"@id":"https:\/\/www.martel.ch\/cms\/weinwissen\/im-fokus-bordeaux\/bordeaux-jahrgangsbericht-2025\/#primaryimage"},"image":{"@id":"https:\/\/www.martel.ch\/cms\/weinwissen\/im-fokus-bordeaux\/bordeaux-jahrgangsbericht-2025\/#primaryimage"},"thumbnailUrl":"https:\/\/www.martel.ch\/cms\/wp-content\/uploads\/2026\/04\/martel-web-philippe-gallusser.jpg","datePublished":"2026-04-28T10:06:42+00:00","dateModified":"2026-04-28T13:04:25+00:00","description":"Bordeaux Jahrgangsbericht 2025 - Auch dieses Fr\u00fchjahr waren wir in Bordeaux unterwegs. Hier unsere Einsch\u00e4tzung zum Bordeaux Jahrgang 2025.","breadcrumb":{"@id":"https:\/\/www.martel.ch\/cms\/weinwissen\/im-fokus-bordeaux\/bordeaux-jahrgangsbericht-2025\/#breadcrumb"},"inLanguage":"de-CH","potentialAction":[{"@type":"ReadAction","target":["https:\/\/www.martel.ch\/cms\/weinwissen\/im-fokus-bordeaux\/bordeaux-jahrgangsbericht-2025\/"]}]},{"@type":"ImageObject","inLanguage":"de-CH","@id":"https:\/\/www.martel.ch\/cms\/weinwissen\/im-fokus-bordeaux\/bordeaux-jahrgangsbericht-2025\/#primaryimage","url":"https:\/\/www.martel.ch\/cms\/wp-content\/uploads\/2026\/04\/martel-web-philippe-gallusser.jpg","contentUrl":"https:\/\/www.martel.ch\/cms\/wp-content\/uploads\/2026\/04\/martel-web-philippe-gallusser.jpg","width":2000,"height":1333,"caption":"Philippe Gallusser Bordeaux"},{"@type":"BreadcrumbList","@id":"https:\/\/www.martel.ch\/cms\/weinwissen\/im-fokus-bordeaux\/bordeaux-jahrgangsbericht-2025\/#breadcrumb","itemListElement":[{"@type":"ListItem","position":1,"name":"Startseite","item":"https:\/\/www.martel.ch\/cms\/"},{"@type":"ListItem","position":2,"name":"Weinwissen","item":"https:\/\/www.martel.ch\/cms\/weinwissen\/"},{"@type":"ListItem","position":3,"name":"Die Martel Bordeaux-Welt","item":"https:\/\/www.martel.ch\/cms\/?page_id=17645"},{"@type":"ListItem","position":4,"name":"Bordeaux Jahrgangsbericht 2025"}]},{"@type":"WebSite","@id":"https:\/\/www.martel.ch\/cms\/#website","url":"https:\/\/www.martel.ch\/cms\/","name":"Martel","description":"F\u00fcr Weinbegeisterte und die, die es werden m\u00f6chten.","publisher":{"@id":"https:\/\/www.martel.ch\/cms\/#organization"},"potentialAction":[{"@type":"SearchAction","target":{"@type":"EntryPoint","urlTemplate":"https:\/\/www.martel.ch\/cms\/?s={search_term_string}"},"query-input":{"@type":"PropertyValueSpecification","valueRequired":true,"valueName":"search_term_string"}}],"inLanguage":"de-CH"},{"@type":"Organization","@id":"https:\/\/www.martel.ch\/cms\/#organization","name":"Martel AG St.Gallen","url":"https:\/\/www.martel.ch\/cms\/","logo":{"@type":"ImageObject","inLanguage":"de-CH","@id":"https:\/\/www.martel.ch\/cms\/#\/schema\/logo\/image\/","url":"https:\/\/www.martel.ch\/cms\/wp-content\/uploads\/2019\/02\/martel-logo.png","contentUrl":"https:\/\/www.martel.ch\/cms\/wp-content\/uploads\/2019\/02\/martel-logo.png","width":600,"height":600,"caption":"Martel AG St.Gallen"},"image":{"@id":"https:\/\/www.martel.ch\/cms\/#\/schema\/logo\/image\/"},"sameAs":["https:\/\/www.facebook.com\/pages\/Martel-AG-St-Gallen\/233396026691876","https:\/\/x.com\/martel_weinwelt","https:\/\/www.instagram.com\/martel_weinwelt\/","https:\/\/www.linkedin.com\/company\/martel-ag-st-gallen","https:\/\/www.pinterest.ch\/martel_weinwelt"]}]}},"_links":{"self":[{"href":"https:\/\/www.martel.ch\/cms\/wp-json\/wp\/v2\/pages\/32909","targetHints":{"allow":["GET"]}}],"collection":[{"href":"https:\/\/www.martel.ch\/cms\/wp-json\/wp\/v2\/pages"}],"about":[{"href":"https:\/\/www.martel.ch\/cms\/wp-json\/wp\/v2\/types\/page"}],"author":[{"embeddable":true,"href":"https:\/\/www.martel.ch\/cms\/wp-json\/wp\/v2\/users\/52"}],"replies":[{"embeddable":true,"href":"https:\/\/www.martel.ch\/cms\/wp-json\/wp\/v2\/comments?post=32909"}],"version-history":[{"count":9,"href":"https:\/\/www.martel.ch\/cms\/wp-json\/wp\/v2\/pages\/32909\/revisions"}],"predecessor-version":[{"id":32985,"href":"https:\/\/www.martel.ch\/cms\/wp-json\/wp\/v2\/pages\/32909\/revisions\/32985"}],"up":[{"embeddable":true,"href":"https:\/\/www.martel.ch\/cms\/wp-json\/wp\/v2\/pages\/17645"}],"wp:featuredmedia":[{"embeddable":true,"href":"https:\/\/www.martel.ch\/cms\/wp-json\/wp\/v2\/media\/32919"}],"wp:attachment":[{"href":"https:\/\/www.martel.ch\/cms\/wp-json\/wp\/v2\/media?parent=32909"}],"wp:term":[{"taxonomy":"category","embeddable":true,"href":"https:\/\/www.martel.ch\/cms\/wp-json\/wp\/v2\/categories?post=32909"},{"taxonomy":"author","embeddable":true,"href":"https:\/\/www.martel.ch\/cms\/wp-json\/wp\/v2\/coauthors?post=32909"}],"curies":[{"name":"wp","href":"https:\/\/api.w.org\/{rel}","templated":true}]}}