{"id":32937,"date":"2026-04-28T12:33:34","date_gmt":"2026-04-28T10:33:34","guid":{"rendered":"https:\/\/www.martel.ch\/cms\/?page_id=32937"},"modified":"2026-04-28T14:23:46","modified_gmt":"2026-04-28T12:23:46","slug":"chateau-lafleur-2025-anmeldung-zum-angebot","status":"publish","type":"page","link":"https:\/\/www.martel.ch\/cms\/weinwissen\/im-fokus-bordeaux\/chateau-lafleur-2025-anmeldung-zum-angebot\/","title":{"rendered":"Ch\u00e2teau Lafleur 2025 Anmeldung zum Angebot"},"content":{"rendered":"","protected":false},"excerpt":{"rendered":"","protected":false},"author":52,"featured_media":0,"parent":17645,"menu_order":0,"comment_status":"closed","ping_status":"closed","template":"","meta":{"_acf_changed":false,"inline_featured_image":false,"footnotes":""},"categories":[],"coauthors":[497],"class_list":["post-32937","page","type-page","status-publish","hentry"],"acf":{"inhaltselemente":[{"acf_fc_layout":"einspalter_text","einspalter_text_titel":"Anmeldung zum Angebot 2025","einspalter_text_titel_typ":"1","einspalter_text_titel_fake":false,"einspalter_text_subtitle":"","einspalter_text_content":"","einspalter_bgcolor":false,"einspalter_layout_lines_top_bottom":false,"einspalter_collapse":false},{"acf_fc_layout":"image_text","image_text_titel":"Ch\u00e2teau Lafleur","image_text_titel_typ":"2","image_text_titel_fake":false,"image_text_link":"","image_text_link_area":false,"image_text_content":"Die unvergleichlichen Spitzenweine von Ch\u00e2teau Lafleur geniessen einen besonderen Platz in unseren Herzen und im Martel-Sortiment. Mit dem Jahrgang 2025 stieg Lafleur aus der Pomerol-Appellation aus, was wir unterst\u00fctzen.\r\n\r\nDenn: Die Regularien der Appellation h\u00e4tten es nicht erlaubt, einzelne Parzellen w\u00e4hrend der extremen Hitze gezielt mit unterirdisch zugef\u00fchrtem Wasser zum richtigen Zeitpunkt zu versorgen. Damit h\u00e4tte Ch\u00e2teau Lafleur seinen eigenen Qualit\u00e4tsanspruch nicht erreicht. F\u00fcr die Lafleur-Weine des Jahrgangs 2025 folgt ein separates Angebot.","image_text_bild":32920,"image_text_video":"","image_text_position_bild":"left","image_text_bgcolor":false},{"acf_fc_layout":"produkteslider","produkteslider_titel":"Wenn Sie Ihr Interesse f\u00fcr einen der Lafleur-Weine hinterlegen, erhalten Sie unser Gesamtangebot","produkteslider_link":"","produkteslider_producer_id":"","produkteslider_product_ids":"lfl17xx,lfl27xx,lfl37xx,lfl47xx,lfl57xx,lfl67xx"}]},"yoast_head":"<!-- This site is optimized with the Yoast SEO plugin v27.4 - https:\/\/yoast.com\/product\/yoast-seo-wordpress\/ -->\n<title>Ch\u00e2teau Lafleur 2025 Anmeldung zum Angebot | Martel Weine<\/title>\n<meta name=\"description\" content=\"Ch\u00e2teau Lafleur 2025 Anmeldung zum Angebot - F\u00fcr die Lafleur-Weine des Jahrgangs 2025 folgt ein separates Angebot.\" \/>\n<meta name=\"robots\" content=\"index, follow, max-snippet:-1, max-image-preview:large, max-video-preview:-1\" \/>\n<link rel=\"canonical\" href=\"https:\/\/www.martel.ch\/cms\/weinwissen\/im-fokus-bordeaux\/chateau-lafleur-2025-anmeldung-zum-angebot\/\" \/>\n<meta property=\"og:locale\" content=\"de_DE\" \/>\n<meta property=\"og:type\" content=\"article\" \/>\n<meta property=\"og:title\" content=\"Ch\u00e2teau Lafleur 2025 Anmeldung zum Angebot | Martel Weine\" \/>\n<meta property=\"og:description\" content=\"Ch\u00e2teau Lafleur 2025 Anmeldung zum Angebot - F\u00fcr die Lafleur-Weine des Jahrgangs 2025 folgt ein separates Angebot.\" \/>\n<meta property=\"og:url\" content=\"https:\/\/www.martel.ch\/cms\/weinwissen\/im-fokus-bordeaux\/chateau-lafleur-2025-anmeldung-zum-angebot\/\" \/>\n<meta property=\"og:site_name\" content=\"Martel\" \/>\n<meta property=\"article:publisher\" content=\"https:\/\/www.facebook.com\/pages\/Martel-AG-St-Gallen\/233396026691876\" \/>\n<meta property=\"article:modified_time\" content=\"2026-04-28T12:23:46+00:00\" \/>\n<meta property=\"og:image\" content=\"https:\/\/www.martel.ch\/cms\/wp-content\/uploads\/2019\/02\/martel-facebook-1200x630.png\" \/>\n\t<meta property=\"og:image:width\" content=\"1200\" \/>\n\t<meta property=\"og:image:height\" content=\"630\" \/>\n\t<meta property=\"og:image:type\" content=\"image\/png\" \/>\n<meta name=\"twitter:card\" content=\"summary_large_image\" \/>\n<meta name=\"twitter:site\" content=\"@martel_weinwelt\" \/>\n<meta name=\"twitter:label1\" content=\"Written by\" \/>\n\t<meta name=\"twitter:data1\" content=\"Martel Weinwelt\" \/>\n<script type=\"application\/ld+json\" class=\"yoast-schema-graph\">{\"@context\":\"https:\\\/\\\/schema.org\",\"@graph\":[{\"@type\":\"WebPage\",\"@id\":\"https:\\\/\\\/www.martel.ch\\\/cms\\\/weinwissen\\\/im-fokus-bordeaux\\\/chateau-lafleur-2025-anmeldung-zum-angebot\\\/\",\"url\":\"https:\\\/\\\/www.martel.ch\\\/cms\\\/weinwissen\\\/im-fokus-bordeaux\\\/chateau-lafleur-2025-anmeldung-zum-angebot\\\/\",\"name\":\"Ch\u00e2teau Lafleur 2025 Anmeldung zum Angebot | Martel Weine\",\"isPartOf\":{\"@id\":\"https:\\\/\\\/www.martel.ch\\\/cms\\\/#website\"},\"datePublished\":\"2026-04-28T10:33:34+00:00\",\"dateModified\":\"2026-04-28T12:23:46+00:00\",\"description\":\"Ch\u00e2teau Lafleur 2025 Anmeldung zum Angebot - F\u00fcr die Lafleur-Weine des Jahrgangs 2025 folgt ein separates Angebot.\",\"breadcrumb\":{\"@id\":\"https:\\\/\\\/www.martel.ch\\\/cms\\\/weinwissen\\\/im-fokus-bordeaux\\\/chateau-lafleur-2025-anmeldung-zum-angebot\\\/#breadcrumb\"},\"inLanguage\":\"de-CH\",\"potentialAction\":[{\"@type\":\"ReadAction\",\"target\":[\"https:\\\/\\\/www.martel.ch\\\/cms\\\/weinwissen\\\/im-fokus-bordeaux\\\/chateau-lafleur-2025-anmeldung-zum-angebot\\\/\"]}]},{\"@type\":\"BreadcrumbList\",\"@id\":\"https:\\\/\\\/www.martel.ch\\\/cms\\\/weinwissen\\\/im-fokus-bordeaux\\\/chateau-lafleur-2025-anmeldung-zum-angebot\\\/#breadcrumb\",\"itemListElement\":[{\"@type\":\"ListItem\",\"position\":1,\"name\":\"Startseite\",\"item\":\"https:\\\/\\\/www.martel.ch\\\/cms\\\/\"},{\"@type\":\"ListItem\",\"position\":2,\"name\":\"Weinwissen\",\"item\":\"https:\\\/\\\/www.martel.ch\\\/cms\\\/weinwissen\\\/\"},{\"@type\":\"ListItem\",\"position\":3,\"name\":\"Die Martel Bordeaux-Welt\",\"item\":\"https:\\\/\\\/www.martel.ch\\\/cms\\\/?page_id=17645\"},{\"@type\":\"ListItem\",\"position\":4,\"name\":\"Ch\u00e2teau Lafleur 2025 Anmeldung zum Angebot\"}]},{\"@type\":\"WebSite\",\"@id\":\"https:\\\/\\\/www.martel.ch\\\/cms\\\/#website\",\"url\":\"https:\\\/\\\/www.martel.ch\\\/cms\\\/\",\"name\":\"Martel\",\"description\":\"F\u00fcr Weinbegeisterte und die, die es werden m\u00f6chten.\",\"publisher\":{\"@id\":\"https:\\\/\\\/www.martel.ch\\\/cms\\\/#organization\"},\"potentialAction\":[{\"@type\":\"SearchAction\",\"target\":{\"@type\":\"EntryPoint\",\"urlTemplate\":\"https:\\\/\\\/www.martel.ch\\\/cms\\\/?s={search_term_string}\"},\"query-input\":{\"@type\":\"PropertyValueSpecification\",\"valueRequired\":true,\"valueName\":\"search_term_string\"}}],\"inLanguage\":\"de-CH\"},{\"@type\":\"Organization\",\"@id\":\"https:\\\/\\\/www.martel.ch\\\/cms\\\/#organization\",\"name\":\"Martel AG St.Gallen\",\"url\":\"https:\\\/\\\/www.martel.ch\\\/cms\\\/\",\"logo\":{\"@type\":\"ImageObject\",\"inLanguage\":\"de-CH\",\"@id\":\"https:\\\/\\\/www.martel.ch\\\/cms\\\/#\\\/schema\\\/logo\\\/image\\\/\",\"url\":\"https:\\\/\\\/www.martel.ch\\\/cms\\\/wp-content\\\/uploads\\\/2019\\\/02\\\/martel-logo.png\",\"contentUrl\":\"https:\\\/\\\/www.martel.ch\\\/cms\\\/wp-content\\\/uploads\\\/2019\\\/02\\\/martel-logo.png\",\"width\":600,\"height\":600,\"caption\":\"Martel AG St.Gallen\"},\"image\":{\"@id\":\"https:\\\/\\\/www.martel.ch\\\/cms\\\/#\\\/schema\\\/logo\\\/image\\\/\"},\"sameAs\":[\"https:\\\/\\\/www.facebook.com\\\/pages\\\/Martel-AG-St-Gallen\\\/233396026691876\",\"https:\\\/\\\/x.com\\\/martel_weinwelt\",\"https:\\\/\\\/www.instagram.com\\\/martel_weinwelt\\\/\",\"https:\\\/\\\/www.linkedin.com\\\/company\\\/martel-ag-st-gallen\",\"https:\\\/\\\/www.pinterest.ch\\\/martel_weinwelt\"]}]}<\/script>\n<!-- \/ Yoast SEO plugin. -->","yoast_head_json":{"title":"Ch\u00e2teau Lafleur 2025 Anmeldung zum Angebot | Martel Weine","description":"Ch\u00e2teau Lafleur 2025 Anmeldung zum Angebot - F\u00fcr die Lafleur-Weine des Jahrgangs 2025 folgt ein separates Angebot.","robots":{"index":"index","follow":"follow","max-snippet":"max-snippet:-1","max-image-preview":"max-image-preview:large","max-video-preview":"max-video-preview:-1"},"canonical":"https:\/\/www.martel.ch\/cms\/weinwissen\/im-fokus-bordeaux\/chateau-lafleur-2025-anmeldung-zum-angebot\/","og_locale":"de_DE","og_type":"article","og_title":"Ch\u00e2teau Lafleur 2025 Anmeldung zum Angebot | Martel Weine","og_description":"Ch\u00e2teau Lafleur 2025 Anmeldung zum Angebot - F\u00fcr die Lafleur-Weine des Jahrgangs 2025 folgt ein separates Angebot.","og_url":"https:\/\/www.martel.ch\/cms\/weinwissen\/im-fokus-bordeaux\/chateau-lafleur-2025-anmeldung-zum-angebot\/","og_site_name":"Martel","article_publisher":"https:\/\/www.facebook.com\/pages\/Martel-AG-St-Gallen\/233396026691876","article_modified_time":"2026-04-28T12:23:46+00:00","og_image":[{"width":1200,"height":630,"url":"https:\/\/www.martel.ch\/cms\/wp-content\/uploads\/2019\/02\/martel-facebook-1200x630.png","type":"image\/png"}],"twitter_card":"summary_large_image","twitter_site":"@martel_weinwelt","twitter_misc":{"Written by":"Martel Weinwelt"},"schema":{"@context":"https:\/\/schema.org","@graph":[{"@type":"WebPage","@id":"https:\/\/www.martel.ch\/cms\/weinwissen\/im-fokus-bordeaux\/chateau-lafleur-2025-anmeldung-zum-angebot\/","url":"https:\/\/www.martel.ch\/cms\/weinwissen\/im-fokus-bordeaux\/chateau-lafleur-2025-anmeldung-zum-angebot\/","name":"Ch\u00e2teau Lafleur 2025 Anmeldung zum Angebot | Martel Weine","isPartOf":{"@id":"https:\/\/www.martel.ch\/cms\/#website"},"datePublished":"2026-04-28T10:33:34+00:00","dateModified":"2026-04-28T12:23:46+00:00","description":"Ch\u00e2teau Lafleur 2025 Anmeldung zum Angebot - F\u00fcr die Lafleur-Weine des Jahrgangs 2025 folgt ein separates Angebot.","breadcrumb":{"@id":"https:\/\/www.martel.ch\/cms\/weinwissen\/im-fokus-bordeaux\/chateau-lafleur-2025-anmeldung-zum-angebot\/#breadcrumb"},"inLanguage":"de-CH","potentialAction":[{"@type":"ReadAction","target":["https:\/\/www.martel.ch\/cms\/weinwissen\/im-fokus-bordeaux\/chateau-lafleur-2025-anmeldung-zum-angebot\/"]}]},{"@type":"BreadcrumbList","@id":"https:\/\/www.martel.ch\/cms\/weinwissen\/im-fokus-bordeaux\/chateau-lafleur-2025-anmeldung-zum-angebot\/#breadcrumb","itemListElement":[{"@type":"ListItem","position":1,"name":"Startseite","item":"https:\/\/www.martel.ch\/cms\/"},{"@type":"ListItem","position":2,"name":"Weinwissen","item":"https:\/\/www.martel.ch\/cms\/weinwissen\/"},{"@type":"ListItem","position":3,"name":"Die Martel Bordeaux-Welt","item":"https:\/\/www.martel.ch\/cms\/?page_id=17645"},{"@type":"ListItem","position":4,"name":"Ch\u00e2teau Lafleur 2025 Anmeldung zum Angebot"}]},{"@type":"WebSite","@id":"https:\/\/www.martel.ch\/cms\/#website","url":"https:\/\/www.martel.ch\/cms\/","name":"Martel","description":"F\u00fcr Weinbegeisterte und die, die es werden m\u00f6chten.","publisher":{"@id":"https:\/\/www.martel.ch\/cms\/#organization"},"potentialAction":[{"@type":"SearchAction","target":{"@type":"EntryPoint","urlTemplate":"https:\/\/www.martel.ch\/cms\/?s={search_term_string}"},"query-input":{"@type":"PropertyValueSpecification","valueRequired":true,"valueName":"search_term_string"}}],"inLanguage":"de-CH"},{"@type":"Organization","@id":"https:\/\/www.martel.ch\/cms\/#organization","name":"Martel AG St.Gallen","url":"https:\/\/www.martel.ch\/cms\/","logo":{"@type":"ImageObject","inLanguage":"de-CH","@id":"https:\/\/www.martel.ch\/cms\/#\/schema\/logo\/image\/","url":"https:\/\/www.martel.ch\/cms\/wp-content\/uploads\/2019\/02\/martel-logo.png","contentUrl":"https:\/\/www.martel.ch\/cms\/wp-content\/uploads\/2019\/02\/martel-logo.png","width":600,"height":600,"caption":"Martel AG St.Gallen"},"image":{"@id":"https:\/\/www.martel.ch\/cms\/#\/schema\/logo\/image\/"},"sameAs":["https:\/\/www.facebook.com\/pages\/Martel-AG-St-Gallen\/233396026691876","https:\/\/x.com\/martel_weinwelt","https:\/\/www.instagram.com\/martel_weinwelt\/","https:\/\/www.linkedin.com\/company\/martel-ag-st-gallen","https:\/\/www.pinterest.ch\/martel_weinwelt"]}]}},"_links":{"self":[{"href":"https:\/\/www.martel.ch\/cms\/wp-json\/wp\/v2\/pages\/32937","targetHints":{"allow":["GET"]}}],"collection":[{"href":"https:\/\/www.martel.ch\/cms\/wp-json\/wp\/v2\/pages"}],"about":[{"href":"https:\/\/www.martel.ch\/cms\/wp-json\/wp\/v2\/types\/page"}],"author":[{"embeddable":true,"href":"https:\/\/www.martel.ch\/cms\/wp-json\/wp\/v2\/users\/52"}],"replies":[{"embeddable":true,"href":"https:\/\/www.martel.ch\/cms\/wp-json\/wp\/v2\/comments?post=32937"}],"version-history":[{"count":10,"href":"https:\/\/www.martel.ch\/cms\/wp-json\/wp\/v2\/pages\/32937\/revisions"}],"predecessor-version":[{"id":32966,"href":"https:\/\/www.martel.ch\/cms\/wp-json\/wp\/v2\/pages\/32937\/revisions\/32966"}],"up":[{"embeddable":true,"href":"https:\/\/www.martel.ch\/cms\/wp-json\/wp\/v2\/pages\/17645"}],"wp:attachment":[{"href":"https:\/\/www.martel.ch\/cms\/wp-json\/wp\/v2\/media?parent=32937"}],"wp:term":[{"taxonomy":"category","embeddable":true,"href":"https:\/\/www.martel.ch\/cms\/wp-json\/wp\/v2\/categories?post=32937"},{"taxonomy":"author","embeddable":true,"href":"https:\/\/www.martel.ch\/cms\/wp-json\/wp\/v2\/coauthors?post=32937"}],"curies":[{"name":"wp","href":"https:\/\/api.w.org\/{rel}","templated":true}]}}